{"id":9973,"date":"2024-04-02T15:55:45","date_gmt":"2024-04-02T18:55:45","guid":{"rendered":"https:\/\/www.alcateiatrekking.com.br\/?post_type=product&#038;p=9973"},"modified":"2025-01-10T13:41:32","modified_gmt":"2025-01-10T16:41:32","slug":"cachoeira-farofa-de-cima","status":"publish","type":"product","link":"https:\/\/www.alcateiatrekking.com.br\/roteiro\/cachoeira-farofa-de-cima\/","title":{"rendered":"Cachoeira Farofa de Cima"},"content":{"rendered":"<p><strong>Serra do Cip\u00f3<\/strong><\/p>\n<p>Iremos iniciar a trilha na Portaria do Retiro e depois atravessar o Rio Bocaina.<br \/>\nLogo depois iniciaremos o trecho mais puxado, que \u00e9 uma subida com trechos mais suaves e outros mais acentuados, cerca de 3,6km de subida.<\/p>\n<p>Trilha exige um bom condicionamento f\u00edsico pela dist\u00e2ncia a ser percorrida e pelo aclive acentuado da ida. Tem um ponto de \u00e1gua logo antes da subida e depois somente na cachoeira.<\/p>\n<p>Lembre-se que estaremos em grupo e que voc\u00ea dever\u00e1 estar em boa condi\u00e7\u00e3o, como ter dormido bem na noite anterior, e que seus sentidos estejam prontos para vivenciar tal atividade.<br \/>\nVoc\u00ea \u00e9 respons\u00e1vel pela sua seguran\u00e7a!<\/p>\n<p><strong>No caminho da ida e da volta faremos uma parada na padaria\/lanchonete da Serra do Cip\u00f3 e banheiros.<\/strong><\/p>\n<p>Trilha de ida: aprox. 3 horas<br \/>\nExposi\u00e7\u00e3o ao sol durante todo o caminho.<\/p>\n","protected":false},"excerpt":{"rendered":"<p>Serra do Cip\u00f3 Iremos iniciar a trilha na Portaria do Retiro e depois atravessar o Rio Bocaina. Logo depois iniciaremos o trecho mais puxado, que \u00e9 uma subida com trechos mais suaves e outros mais acentuados, cerca de 3,6km de subida. Trilha exige um bom condicionamento f\u00edsico pela dist\u00e2ncia a ser percorrida e pelo aclive [&hellip;]<\/p>\n","protected":false},"featured_media":9974,"template":"","meta":{"_acf_changed":false,"inline_featured_image":false,"_exactmetrics_skip_tracking":false,"_exactmetrics_sitenote_active":false,"_exactmetrics_sitenote_note":"","_exactmetrics_sitenote_category":0},"product_brand":[],"product_cat":[48,72,61,64,69],"product_tag":[],"class_list":{"0":"post-9973","1":"product","2":"type-product","3":"status-publish","4":"has-post-thumbnail","6":"product_cat-agenda-completa","7":"product_cat-bate-volta","8":"product_cat-desafio","9":"product_cat-nivel-moderado","10":"product_cat-tipo-de-roteiro","12":"first","13":"outofstock","14":"virtual","15":"taxable","16":"purchasable","17":"product-type-simple"},"acf":[],"yoast_head":"<!-- This site is optimized with the Yoast SEO plugin v27.4 - https:\/\/yoast.com\/product\/yoast-seo-wordpress\/ -->\n<title>Cachoeira Farofa de Cima &#187; Alcateia Trekking<\/title>\n<meta name=\"description\" content=\"Serra do Cip\u00f3 Iremos iniciar a trilha na Portaria do Retiro e depois atravessar o Rio Bocaina. Logo depois iniciaremos o trecho mais puxado, que \u00e9 uma\" \/>\n<meta name=\"robots\" content=\"index, follow, max-snippet:-1, max-image-preview:large, max-video-preview:-1\" \/>\n<link rel=\"canonical\" href=\"https:\/\/www.alcateiatrekking.com.br\/roteiro\/cachoeira-farofa-de-cima\/\" \/>\n<meta property=\"og:locale\" content=\"pt_BR\" \/>\n<meta property=\"og:type\" content=\"article\" \/>\n<meta property=\"og:title\" content=\"Cachoeira Farofa de Cima &#187; Alcateia Trekking\" \/>\n<meta property=\"og:description\" content=\"Serra do Cip\u00f3 Iremos iniciar a trilha na Portaria do Retiro e depois atravessar o Rio Bocaina. Logo depois iniciaremos o trecho mais puxado, que \u00e9 uma\" \/>\n<meta property=\"og:url\" content=\"https:\/\/www.alcateiatrekking.com.br\/roteiro\/cachoeira-farofa-de-cima\/\" \/>\n<meta property=\"og:site_name\" content=\"Alcateia Trekking\" \/>\n<meta property=\"article:modified_time\" content=\"2025-01-10T16:41:32+00:00\" \/>\n<meta property=\"og:image\" content=\"https:\/\/www.alcateiatrekking.com.br\/wp-content\/uploads\/2024\/04\/FArofa-de-Cima.png\" \/>\n\t<meta property=\"og:image:width\" content=\"349\" \/>\n\t<meta property=\"og:image:height\" content=\"627\" \/>\n\t<meta property=\"og:image:type\" content=\"image\/png\" \/>\n<meta name=\"twitter:card\" content=\"summary_large_image\" \/>\n<meta name=\"twitter:label1\" content=\"Est. tempo de leitura\" \/>\n\t<meta name=\"twitter:data1\" content=\"1 minuto\" \/>\n<script type=\"application\/ld+json\" class=\"yoast-schema-graph\">{\"@context\":\"https:\\\/\\\/schema.org\",\"@graph\":[{\"@type\":[\"WebPage\",\"ItemPage\"],\"@id\":\"https:\\\/\\\/www.alcateiatrekking.com.br\\\/roteiro\\\/cachoeira-farofa-de-cima\\\/\",\"url\":\"https:\\\/\\\/www.alcateiatrekking.com.br\\\/roteiro\\\/cachoeira-farofa-de-cima\\\/\",\"name\":\"Cachoeira Farofa de Cima &#187; Alcateia Trekking\",\"isPartOf\":{\"@id\":\"https:\\\/\\\/www.alcateiatrekking.com.br\\\/#website\"},\"primaryImageOfPage\":{\"@id\":\"https:\\\/\\\/www.alcateiatrekking.com.br\\\/roteiro\\\/cachoeira-farofa-de-cima\\\/#primaryimage\"},\"image\":{\"@id\":\"https:\\\/\\\/www.alcateiatrekking.com.br\\\/roteiro\\\/cachoeira-farofa-de-cima\\\/#primaryimage\"},\"thumbnailUrl\":\"https:\\\/\\\/www.alcateiatrekking.com.br\\\/wp-content\\\/uploads\\\/2024\\\/04\\\/FArofa-de-Cima-334x600.png\",\"datePublished\":\"2024-04-02T18:55:45+00:00\",\"dateModified\":\"2025-01-10T16:41:32+00:00\",\"description\":\"Serra do Cip\u00f3 Iremos iniciar a trilha na Portaria do Retiro e depois atravessar o Rio Bocaina. Logo depois iniciaremos o trecho mais puxado, que \u00e9 uma\",\"breadcrumb\":{\"@id\":\"https:\\\/\\\/www.alcateiatrekking.com.br\\\/roteiro\\\/cachoeira-farofa-de-cima\\\/#breadcrumb\"},\"inLanguage\":\"pt-BR\",\"potentialAction\":[{\"@type\":\"ReadAction\",\"target\":[\"https:\\\/\\\/www.alcateiatrekking.com.br\\\/roteiro\\\/cachoeira-farofa-de-cima\\\/\"]}]},{\"@type\":\"ImageObject\",\"inLanguage\":\"pt-BR\",\"@id\":\"https:\\\/\\\/www.alcateiatrekking.com.br\\\/roteiro\\\/cachoeira-farofa-de-cima\\\/#primaryimage\",\"url\":\"https:\\\/\\\/www.alcateiatrekking.com.br\\\/wp-content\\\/uploads\\\/2024\\\/04\\\/FArofa-de-Cima-334x600.png\",\"contentUrl\":\"https:\\\/\\\/www.alcateiatrekking.com.br\\\/wp-content\\\/uploads\\\/2024\\\/04\\\/FArofa-de-Cima-334x600.png\",\"width\":349,\"height\":627},{\"@type\":\"BreadcrumbList\",\"@id\":\"https:\\\/\\\/www.alcateiatrekking.com.br\\\/roteiro\\\/cachoeira-farofa-de-cima\\\/#breadcrumb\",\"itemListElement\":[{\"@type\":\"ListItem\",\"position\":1,\"name\":\"In\u00edcio\",\"item\":\"https:\\\/\\\/www.alcateiatrekking.com.br\\\/\"},{\"@type\":\"ListItem\",\"position\":2,\"name\":\"Roteiros\",\"item\":\"https:\\\/\\\/www.alcateiatrekking.com.br\\\/roteiros\\\/\"},{\"@type\":\"ListItem\",\"position\":3,\"name\":\"Cachoeira Farofa de Cima\"}]},{\"@type\":\"WebSite\",\"@id\":\"https:\\\/\\\/www.alcateiatrekking.com.br\\\/#website\",\"url\":\"https:\\\/\\\/www.alcateiatrekking.com.br\\\/\",\"name\":\"Alcateia Trekking\",\"description\":\"Ecoturismo, Trilhas , Cachoeiras em BH \\\/ Minas Gerais\",\"publisher\":{\"@id\":\"https:\\\/\\\/www.alcateiatrekking.com.br\\\/#organization\"},\"alternateName\":\"Alcateia Trekking \\\/ Belo Horizonte\",\"potentialAction\":[{\"@type\":\"SearchAction\",\"target\":{\"@type\":\"EntryPoint\",\"urlTemplate\":\"https:\\\/\\\/www.alcateiatrekking.com.br\\\/?s={search_term_string}\"},\"query-input\":{\"@type\":\"PropertyValueSpecification\",\"valueRequired\":true,\"valueName\":\"search_term_string\"}}],\"inLanguage\":\"pt-BR\"},{\"@type\":\"Organization\",\"@id\":\"https:\\\/\\\/www.alcateiatrekking.com.br\\\/#organization\",\"name\":\"Alcateia Trekking\",\"url\":\"https:\\\/\\\/www.alcateiatrekking.com.br\\\/\",\"logo\":{\"@type\":\"ImageObject\",\"inLanguage\":\"pt-BR\",\"@id\":\"https:\\\/\\\/www.alcateiatrekking.com.br\\\/#\\\/schema\\\/logo\\\/image\\\/\",\"url\":\"https:\\\/\\\/www.alcateiatrekking.com.br\\\/wp-content\\\/uploads\\\/2023\\\/11\\\/logo-alcateia-trekking.svg\",\"contentUrl\":\"https:\\\/\\\/www.alcateiatrekking.com.br\\\/wp-content\\\/uploads\\\/2023\\\/11\\\/logo-alcateia-trekking.svg\",\"width\":623,\"height\":504,\"caption\":\"Alcateia Trekking\"},\"image\":{\"@id\":\"https:\\\/\\\/www.alcateiatrekking.com.br\\\/#\\\/schema\\\/logo\\\/image\\\/\"},\"sameAs\":[\"https:\\\/\\\/www.instagram.com\\\/alcateia_trekking\\\/\"]}]}<\/script>\n<!-- \/ Yoast SEO plugin. -->","yoast_head_json":{"title":"Cachoeira Farofa de Cima &#187; Alcateia Trekking","description":"Serra do Cip\u00f3 Iremos iniciar a trilha na Portaria do Retiro e depois atravessar o Rio Bocaina. Logo depois iniciaremos o trecho mais puxado, que \u00e9 uma","robots":{"index":"index","follow":"follow","max-snippet":"max-snippet:-1","max-image-preview":"max-image-preview:large","max-video-preview":"max-video-preview:-1"},"canonical":"https:\/\/www.alcateiatrekking.com.br\/roteiro\/cachoeira-farofa-de-cima\/","og_locale":"pt_BR","og_type":"article","og_title":"Cachoeira Farofa de Cima &#187; Alcateia Trekking","og_description":"Serra do Cip\u00f3 Iremos iniciar a trilha na Portaria do Retiro e depois atravessar o Rio Bocaina. Logo depois iniciaremos o trecho mais puxado, que \u00e9 uma","og_url":"https:\/\/www.alcateiatrekking.com.br\/roteiro\/cachoeira-farofa-de-cima\/","og_site_name":"Alcateia Trekking","article_modified_time":"2025-01-10T16:41:32+00:00","og_image":[{"width":349,"height":627,"url":"https:\/\/www.alcateiatrekking.com.br\/wp-content\/uploads\/2024\/04\/FArofa-de-Cima.png","type":"image\/png"}],"twitter_card":"summary_large_image","twitter_misc":{"Est. tempo de leitura":"1 minuto"},"schema":{"@context":"https:\/\/schema.org","@graph":[{"@type":["WebPage","ItemPage"],"@id":"https:\/\/www.alcateiatrekking.com.br\/roteiro\/cachoeira-farofa-de-cima\/","url":"https:\/\/www.alcateiatrekking.com.br\/roteiro\/cachoeira-farofa-de-cima\/","name":"Cachoeira Farofa de Cima &#187; Alcateia Trekking","isPartOf":{"@id":"https:\/\/www.alcateiatrekking.com.br\/#website"},"primaryImageOfPage":{"@id":"https:\/\/www.alcateiatrekking.com.br\/roteiro\/cachoeira-farofa-de-cima\/#primaryimage"},"image":{"@id":"https:\/\/www.alcateiatrekking.com.br\/roteiro\/cachoeira-farofa-de-cima\/#primaryimage"},"thumbnailUrl":"https:\/\/www.alcateiatrekking.com.br\/wp-content\/uploads\/2024\/04\/FArofa-de-Cima-334x600.png","datePublished":"2024-04-02T18:55:45+00:00","dateModified":"2025-01-10T16:41:32+00:00","description":"Serra do Cip\u00f3 Iremos iniciar a trilha na Portaria do Retiro e depois atravessar o Rio Bocaina. Logo depois iniciaremos o trecho mais puxado, que \u00e9 uma","breadcrumb":{"@id":"https:\/\/www.alcateiatrekking.com.br\/roteiro\/cachoeira-farofa-de-cima\/#breadcrumb"},"inLanguage":"pt-BR","potentialAction":[{"@type":"ReadAction","target":["https:\/\/www.alcateiatrekking.com.br\/roteiro\/cachoeira-farofa-de-cima\/"]}]},{"@type":"ImageObject","inLanguage":"pt-BR","@id":"https:\/\/www.alcateiatrekking.com.br\/roteiro\/cachoeira-farofa-de-cima\/#primaryimage","url":"https:\/\/www.alcateiatrekking.com.br\/wp-content\/uploads\/2024\/04\/FArofa-de-Cima-334x600.png","contentUrl":"https:\/\/www.alcateiatrekking.com.br\/wp-content\/uploads\/2024\/04\/FArofa-de-Cima-334x600.png","width":349,"height":627},{"@type":"BreadcrumbList","@id":"https:\/\/www.alcateiatrekking.com.br\/roteiro\/cachoeira-farofa-de-cima\/#breadcrumb","itemListElement":[{"@type":"ListItem","position":1,"name":"In\u00edcio","item":"https:\/\/www.alcateiatrekking.com.br\/"},{"@type":"ListItem","position":2,"name":"Roteiros","item":"https:\/\/www.alcateiatrekking.com.br\/roteiros\/"},{"@type":"ListItem","position":3,"name":"Cachoeira Farofa de Cima"}]},{"@type":"WebSite","@id":"https:\/\/www.alcateiatrekking.com.br\/#website","url":"https:\/\/www.alcateiatrekking.com.br\/","name":"Alcateia Trekking","description":"Ecoturismo, Trilhas , Cachoeiras em BH \/ Minas Gerais","publisher":{"@id":"https:\/\/www.alcateiatrekking.com.br\/#organization"},"alternateName":"Alcateia Trekking \/ Belo Horizonte","potentialAction":[{"@type":"SearchAction","target":{"@type":"EntryPoint","urlTemplate":"https:\/\/www.alcateiatrekking.com.br\/?s={search_term_string}"},"query-input":{"@type":"PropertyValueSpecification","valueRequired":true,"valueName":"search_term_string"}}],"inLanguage":"pt-BR"},{"@type":"Organization","@id":"https:\/\/www.alcateiatrekking.com.br\/#organization","name":"Alcateia Trekking","url":"https:\/\/www.alcateiatrekking.com.br\/","logo":{"@type":"ImageObject","inLanguage":"pt-BR","@id":"https:\/\/www.alcateiatrekking.com.br\/#\/schema\/logo\/image\/","url":"https:\/\/www.alcateiatrekking.com.br\/wp-content\/uploads\/2023\/11\/logo-alcateia-trekking.svg","contentUrl":"https:\/\/www.alcateiatrekking.com.br\/wp-content\/uploads\/2023\/11\/logo-alcateia-trekking.svg","width":623,"height":504,"caption":"Alcateia Trekking"},"image":{"@id":"https:\/\/www.alcateiatrekking.com.br\/#\/schema\/logo\/image\/"},"sameAs":["https:\/\/www.instagram.com\/alcateia_trekking\/"]}]}},"_links":{"self":[{"href":"https:\/\/www.alcateiatrekking.com.br\/wp-projeto-api\/wp\/v2\/product\/9973","targetHints":{"allow":["GET"]}}],"collection":[{"href":"https:\/\/www.alcateiatrekking.com.br\/wp-projeto-api\/wp\/v2\/product"}],"about":[{"href":"https:\/\/www.alcateiatrekking.com.br\/wp-projeto-api\/wp\/v2\/types\/product"}],"wp:featuredmedia":[{"embeddable":true,"href":"https:\/\/www.alcateiatrekking.com.br\/wp-projeto-api\/wp\/v2\/media\/9974"}],"wp:attachment":[{"href":"https:\/\/www.alcateiatrekking.com.br\/wp-projeto-api\/wp\/v2\/media?parent=9973"}],"wp:term":[{"taxonomy":"product_brand","embeddable":true,"href":"https:\/\/www.alcateiatrekking.com.br\/wp-projeto-api\/wp\/v2\/product_brand?post=9973"},{"taxonomy":"product_cat","embeddable":true,"href":"https:\/\/www.alcateiatrekking.com.br\/wp-projeto-api\/wp\/v2\/product_cat?post=9973"},{"taxonomy":"product_tag","embeddable":true,"href":"https:\/\/www.alcateiatrekking.com.br\/wp-projeto-api\/wp\/v2\/product_tag?post=9973"}],"curies":[{"name":"wp","href":"https:\/\/api.w.org\/{rel}","templated":true}]}}