{"id":9913,"date":"2024-09-07T11:45:24","date_gmt":"2024-09-07T14:45:24","guid":{"rendered":"https:\/\/www.alcateiatrekking.com.br\/?post_type=product&#038;p=9913"},"modified":"2026-02-12T16:01:22","modified_gmt":"2026-02-12T19:01:22","slug":"cachoeira-3-barras-e-cachoeira-da-fabrica","status":"publish","type":"product","link":"https:\/\/www.alcateiatrekking.com.br\/roteiro\/cachoeira-3-barras-e-cachoeira-da-fabrica\/","title":{"rendered":"Cachoeira Tr\u00eas Barras e Cachoeira da F\u00e1brica"},"content":{"rendered":"<p><strong>Percurso:<br \/>\n<\/strong> Iremos na cachoeira Tr\u00eas Barras primeiro. Praticamente sem trilha, caminhamos 50 metros e j\u00e1 estamos na parte alta ou baixa.<\/p>\n<p>O percurso para Cachoeira da F\u00e1brica tem declive leves e a trilha \u00e9 curta. Iremos atravessar um riacho em um trecho, m\u00e1ximo at\u00e9 a canela dependendo da altura de cada participante. Cachoeira da F\u00e1brica n\u00e3o tem po\u00e7o fundo, mas tem uma queda maravilhosa para entrarmos debaixo<\/p>\n<p>Lembre-se que estaremos em grupo e que voc\u00ea dever\u00e1 estar em boa condi\u00e7\u00e3o, durma bem na noite anterior e evite ingerir bebida alco\u00f3lica.<\/p>\n<p><strong>No caminho da ida e da volta faremos uma parada na padaria para caf\u00e9 e banheiros na Serra do Cip\u00f3.<\/strong><\/p>\n","protected":false},"excerpt":{"rendered":"<p>Percurso: Iremos na cachoeira Tr\u00eas Barras primeiro. Praticamente sem trilha, caminhamos 50 metros e j\u00e1 estamos na parte alta ou baixa. O percurso para Cachoeira da F\u00e1brica tem declive leves e a trilha \u00e9 curta. Iremos atravessar um riacho em um trecho, m\u00e1ximo at\u00e9 a canela dependendo da altura de cada participante. Cachoeira da F\u00e1brica [&hellip;]<\/p>\n","protected":false},"featured_media":11827,"template":"","meta":{"_acf_changed":false,"inline_featured_image":false,"_exactmetrics_skip_tracking":false,"_exactmetrics_sitenote_active":false,"_exactmetrics_sitenote_note":"","_exactmetrics_sitenote_category":0},"product_brand":[],"product_cat":[48,72,61,65,64,69],"product_tag":[],"class_list":{"0":"post-9913","1":"product","2":"type-product","3":"status-publish","4":"has-post-thumbnail","6":"product_cat-agenda-completa","7":"product_cat-bate-volta","8":"product_cat-desafio","9":"product_cat-nivel-facil","10":"product_cat-nivel-moderado","11":"product_cat-tipo-de-roteiro","13":"first","14":"outofstock","15":"virtual","16":"taxable","17":"purchasable","18":"product-type-simple"},"acf":[],"yoast_head":"<!-- This site is optimized with the Yoast SEO plugin v27.4 - https:\/\/yoast.com\/product\/yoast-seo-wordpress\/ -->\n<title>Cachoeira Tr\u00eas Barras e Cachoeira da F\u00e1brica &#187; Alcateia Trekking<\/title>\n<meta name=\"description\" content=\"Percurso: Iremos na cachoeira Tr\u00eas Barras primeiro. Praticamente sem trilha, caminhamos 50 metros e j\u00e1 estamos na parte alta ou baixa. O percurso para\" \/>\n<meta name=\"robots\" content=\"index, follow, max-snippet:-1, max-image-preview:large, max-video-preview:-1\" \/>\n<link rel=\"canonical\" href=\"https:\/\/www.alcateiatrekking.com.br\/roteiro\/cachoeira-3-barras-e-cachoeira-da-fabrica\/\" \/>\n<meta property=\"og:locale\" content=\"pt_BR\" \/>\n<meta property=\"og:type\" content=\"article\" \/>\n<meta property=\"og:title\" content=\"Cachoeira Tr\u00eas Barras e Cachoeira da F\u00e1brica &#187; Alcateia Trekking\" \/>\n<meta property=\"og:description\" content=\"Percurso: Iremos na cachoeira Tr\u00eas Barras primeiro. Praticamente sem trilha, caminhamos 50 metros e j\u00e1 estamos na parte alta ou baixa. O percurso para\" \/>\n<meta property=\"og:url\" content=\"https:\/\/www.alcateiatrekking.com.br\/roteiro\/cachoeira-3-barras-e-cachoeira-da-fabrica\/\" \/>\n<meta property=\"og:site_name\" content=\"Alcateia Trekking\" \/>\n<meta property=\"article:modified_time\" content=\"2026-02-12T19:01:22+00:00\" \/>\n<meta property=\"og:image\" content=\"https:\/\/www.alcateiatrekking.com.br\/wp-content\/uploads\/2024\/09\/IMG_1390-1-scaled.webp\" \/>\n\t<meta property=\"og:image:width\" content=\"1920\" \/>\n\t<meta property=\"og:image:height\" content=\"2560\" \/>\n\t<meta property=\"og:image:type\" content=\"image\/webp\" \/>\n<meta name=\"twitter:card\" content=\"summary_large_image\" \/>\n<meta name=\"twitter:label1\" content=\"Est. tempo de leitura\" \/>\n\t<meta name=\"twitter:data1\" content=\"1 minuto\" \/>\n<script type=\"application\/ld+json\" class=\"yoast-schema-graph\">{\"@context\":\"https:\\\/\\\/schema.org\",\"@graph\":[{\"@type\":[\"WebPage\",\"ItemPage\"],\"@id\":\"https:\\\/\\\/www.alcateiatrekking.com.br\\\/roteiro\\\/cachoeira-3-barras-e-cachoeira-da-fabrica\\\/\",\"url\":\"https:\\\/\\\/www.alcateiatrekking.com.br\\\/roteiro\\\/cachoeira-3-barras-e-cachoeira-da-fabrica\\\/\",\"name\":\"Cachoeira Tr\u00eas Barras e Cachoeira da F\u00e1brica &#187; Alcateia Trekking\",\"isPartOf\":{\"@id\":\"https:\\\/\\\/www.alcateiatrekking.com.br\\\/#website\"},\"primaryImageOfPage\":{\"@id\":\"https:\\\/\\\/www.alcateiatrekking.com.br\\\/roteiro\\\/cachoeira-3-barras-e-cachoeira-da-fabrica\\\/#primaryimage\"},\"image\":{\"@id\":\"https:\\\/\\\/www.alcateiatrekking.com.br\\\/roteiro\\\/cachoeira-3-barras-e-cachoeira-da-fabrica\\\/#primaryimage\"},\"thumbnailUrl\":\"https:\\\/\\\/www.alcateiatrekking.com.br\\\/wp-content\\\/uploads\\\/2024\\\/09\\\/IMG_1390-1-scaled.webp\",\"datePublished\":\"2024-09-07T14:45:24+00:00\",\"dateModified\":\"2026-02-12T19:01:22+00:00\",\"description\":\"Percurso: Iremos na cachoeira Tr\u00eas Barras primeiro. Praticamente sem trilha, caminhamos 50 metros e j\u00e1 estamos na parte alta ou baixa. O percurso para\",\"breadcrumb\":{\"@id\":\"https:\\\/\\\/www.alcateiatrekking.com.br\\\/roteiro\\\/cachoeira-3-barras-e-cachoeira-da-fabrica\\\/#breadcrumb\"},\"inLanguage\":\"pt-BR\",\"potentialAction\":[{\"@type\":\"ReadAction\",\"target\":[\"https:\\\/\\\/www.alcateiatrekking.com.br\\\/roteiro\\\/cachoeira-3-barras-e-cachoeira-da-fabrica\\\/\"]}]},{\"@type\":\"ImageObject\",\"inLanguage\":\"pt-BR\",\"@id\":\"https:\\\/\\\/www.alcateiatrekking.com.br\\\/roteiro\\\/cachoeira-3-barras-e-cachoeira-da-fabrica\\\/#primaryimage\",\"url\":\"https:\\\/\\\/www.alcateiatrekking.com.br\\\/wp-content\\\/uploads\\\/2024\\\/09\\\/IMG_1390-1-scaled.webp\",\"contentUrl\":\"https:\\\/\\\/www.alcateiatrekking.com.br\\\/wp-content\\\/uploads\\\/2024\\\/09\\\/IMG_1390-1-scaled.webp\",\"width\":1920,\"height\":2560},{\"@type\":\"BreadcrumbList\",\"@id\":\"https:\\\/\\\/www.alcateiatrekking.com.br\\\/roteiro\\\/cachoeira-3-barras-e-cachoeira-da-fabrica\\\/#breadcrumb\",\"itemListElement\":[{\"@type\":\"ListItem\",\"position\":1,\"name\":\"In\u00edcio\",\"item\":\"https:\\\/\\\/www.alcateiatrekking.com.br\\\/\"},{\"@type\":\"ListItem\",\"position\":2,\"name\":\"Roteiros\",\"item\":\"https:\\\/\\\/www.alcateiatrekking.com.br\\\/roteiros\\\/\"},{\"@type\":\"ListItem\",\"position\":3,\"name\":\"Cachoeira Tr\u00eas Barras e Cachoeira da F\u00e1brica\"}]},{\"@type\":\"WebSite\",\"@id\":\"https:\\\/\\\/www.alcateiatrekking.com.br\\\/#website\",\"url\":\"https:\\\/\\\/www.alcateiatrekking.com.br\\\/\",\"name\":\"Alcateia Trekking\",\"description\":\"Ecoturismo, Trilhas , Cachoeiras em BH \\\/ Minas Gerais\",\"publisher\":{\"@id\":\"https:\\\/\\\/www.alcateiatrekking.com.br\\\/#organization\"},\"alternateName\":\"Alcateia Trekking \\\/ Belo Horizonte\",\"potentialAction\":[{\"@type\":\"SearchAction\",\"target\":{\"@type\":\"EntryPoint\",\"urlTemplate\":\"https:\\\/\\\/www.alcateiatrekking.com.br\\\/?s={search_term_string}\"},\"query-input\":{\"@type\":\"PropertyValueSpecification\",\"valueRequired\":true,\"valueName\":\"search_term_string\"}}],\"inLanguage\":\"pt-BR\"},{\"@type\":\"Organization\",\"@id\":\"https:\\\/\\\/www.alcateiatrekking.com.br\\\/#organization\",\"name\":\"Alcateia Trekking\",\"url\":\"https:\\\/\\\/www.alcateiatrekking.com.br\\\/\",\"logo\":{\"@type\":\"ImageObject\",\"inLanguage\":\"pt-BR\",\"@id\":\"https:\\\/\\\/www.alcateiatrekking.com.br\\\/#\\\/schema\\\/logo\\\/image\\\/\",\"url\":\"https:\\\/\\\/www.alcateiatrekking.com.br\\\/wp-content\\\/uploads\\\/2023\\\/11\\\/logo-alcateia-trekking.svg\",\"contentUrl\":\"https:\\\/\\\/www.alcateiatrekking.com.br\\\/wp-content\\\/uploads\\\/2023\\\/11\\\/logo-alcateia-trekking.svg\",\"width\":623,\"height\":504,\"caption\":\"Alcateia Trekking\"},\"image\":{\"@id\":\"https:\\\/\\\/www.alcateiatrekking.com.br\\\/#\\\/schema\\\/logo\\\/image\\\/\"},\"sameAs\":[\"https:\\\/\\\/www.instagram.com\\\/alcateia_trekking\\\/\"]}]}<\/script>\n<!-- \/ Yoast SEO plugin. -->","yoast_head_json":{"title":"Cachoeira Tr\u00eas Barras e Cachoeira da F\u00e1brica &#187; Alcateia Trekking","description":"Percurso: Iremos na cachoeira Tr\u00eas Barras primeiro. Praticamente sem trilha, caminhamos 50 metros e j\u00e1 estamos na parte alta ou baixa. O percurso para","robots":{"index":"index","follow":"follow","max-snippet":"max-snippet:-1","max-image-preview":"max-image-preview:large","max-video-preview":"max-video-preview:-1"},"canonical":"https:\/\/www.alcateiatrekking.com.br\/roteiro\/cachoeira-3-barras-e-cachoeira-da-fabrica\/","og_locale":"pt_BR","og_type":"article","og_title":"Cachoeira Tr\u00eas Barras e Cachoeira da F\u00e1brica &#187; Alcateia Trekking","og_description":"Percurso: Iremos na cachoeira Tr\u00eas Barras primeiro. Praticamente sem trilha, caminhamos 50 metros e j\u00e1 estamos na parte alta ou baixa. O percurso para","og_url":"https:\/\/www.alcateiatrekking.com.br\/roteiro\/cachoeira-3-barras-e-cachoeira-da-fabrica\/","og_site_name":"Alcateia Trekking","article_modified_time":"2026-02-12T19:01:22+00:00","og_image":[{"width":1920,"height":2560,"url":"https:\/\/www.alcateiatrekking.com.br\/wp-content\/uploads\/2024\/09\/IMG_1390-1-scaled.webp","type":"image\/webp"}],"twitter_card":"summary_large_image","twitter_misc":{"Est. tempo de leitura":"1 minuto"},"schema":{"@context":"https:\/\/schema.org","@graph":[{"@type":["WebPage","ItemPage"],"@id":"https:\/\/www.alcateiatrekking.com.br\/roteiro\/cachoeira-3-barras-e-cachoeira-da-fabrica\/","url":"https:\/\/www.alcateiatrekking.com.br\/roteiro\/cachoeira-3-barras-e-cachoeira-da-fabrica\/","name":"Cachoeira Tr\u00eas Barras e Cachoeira da F\u00e1brica &#187; Alcateia Trekking","isPartOf":{"@id":"https:\/\/www.alcateiatrekking.com.br\/#website"},"primaryImageOfPage":{"@id":"https:\/\/www.alcateiatrekking.com.br\/roteiro\/cachoeira-3-barras-e-cachoeira-da-fabrica\/#primaryimage"},"image":{"@id":"https:\/\/www.alcateiatrekking.com.br\/roteiro\/cachoeira-3-barras-e-cachoeira-da-fabrica\/#primaryimage"},"thumbnailUrl":"https:\/\/www.alcateiatrekking.com.br\/wp-content\/uploads\/2024\/09\/IMG_1390-1-scaled.webp","datePublished":"2024-09-07T14:45:24+00:00","dateModified":"2026-02-12T19:01:22+00:00","description":"Percurso: Iremos na cachoeira Tr\u00eas Barras primeiro. Praticamente sem trilha, caminhamos 50 metros e j\u00e1 estamos na parte alta ou baixa. O percurso para","breadcrumb":{"@id":"https:\/\/www.alcateiatrekking.com.br\/roteiro\/cachoeira-3-barras-e-cachoeira-da-fabrica\/#breadcrumb"},"inLanguage":"pt-BR","potentialAction":[{"@type":"ReadAction","target":["https:\/\/www.alcateiatrekking.com.br\/roteiro\/cachoeira-3-barras-e-cachoeira-da-fabrica\/"]}]},{"@type":"ImageObject","inLanguage":"pt-BR","@id":"https:\/\/www.alcateiatrekking.com.br\/roteiro\/cachoeira-3-barras-e-cachoeira-da-fabrica\/#primaryimage","url":"https:\/\/www.alcateiatrekking.com.br\/wp-content\/uploads\/2024\/09\/IMG_1390-1-scaled.webp","contentUrl":"https:\/\/www.alcateiatrekking.com.br\/wp-content\/uploads\/2024\/09\/IMG_1390-1-scaled.webp","width":1920,"height":2560},{"@type":"BreadcrumbList","@id":"https:\/\/www.alcateiatrekking.com.br\/roteiro\/cachoeira-3-barras-e-cachoeira-da-fabrica\/#breadcrumb","itemListElement":[{"@type":"ListItem","position":1,"name":"In\u00edcio","item":"https:\/\/www.alcateiatrekking.com.br\/"},{"@type":"ListItem","position":2,"name":"Roteiros","item":"https:\/\/www.alcateiatrekking.com.br\/roteiros\/"},{"@type":"ListItem","position":3,"name":"Cachoeira Tr\u00eas Barras e Cachoeira da F\u00e1brica"}]},{"@type":"WebSite","@id":"https:\/\/www.alcateiatrekking.com.br\/#website","url":"https:\/\/www.alcateiatrekking.com.br\/","name":"Alcateia Trekking","description":"Ecoturismo, Trilhas , Cachoeiras em BH \/ Minas Gerais","publisher":{"@id":"https:\/\/www.alcateiatrekking.com.br\/#organization"},"alternateName":"Alcateia Trekking \/ Belo Horizonte","potentialAction":[{"@type":"SearchAction","target":{"@type":"EntryPoint","urlTemplate":"https:\/\/www.alcateiatrekking.com.br\/?s={search_term_string}"},"query-input":{"@type":"PropertyValueSpecification","valueRequired":true,"valueName":"search_term_string"}}],"inLanguage":"pt-BR"},{"@type":"Organization","@id":"https:\/\/www.alcateiatrekking.com.br\/#organization","name":"Alcateia Trekking","url":"https:\/\/www.alcateiatrekking.com.br\/","logo":{"@type":"ImageObject","inLanguage":"pt-BR","@id":"https:\/\/www.alcateiatrekking.com.br\/#\/schema\/logo\/image\/","url":"https:\/\/www.alcateiatrekking.com.br\/wp-content\/uploads\/2023\/11\/logo-alcateia-trekking.svg","contentUrl":"https:\/\/www.alcateiatrekking.com.br\/wp-content\/uploads\/2023\/11\/logo-alcateia-trekking.svg","width":623,"height":504,"caption":"Alcateia Trekking"},"image":{"@id":"https:\/\/www.alcateiatrekking.com.br\/#\/schema\/logo\/image\/"},"sameAs":["https:\/\/www.instagram.com\/alcateia_trekking\/"]}]}},"_links":{"self":[{"href":"https:\/\/www.alcateiatrekking.com.br\/wp-projeto-api\/wp\/v2\/product\/9913","targetHints":{"allow":["GET"]}}],"collection":[{"href":"https:\/\/www.alcateiatrekking.com.br\/wp-projeto-api\/wp\/v2\/product"}],"about":[{"href":"https:\/\/www.alcateiatrekking.com.br\/wp-projeto-api\/wp\/v2\/types\/product"}],"wp:featuredmedia":[{"embeddable":true,"href":"https:\/\/www.alcateiatrekking.com.br\/wp-projeto-api\/wp\/v2\/media\/11827"}],"wp:attachment":[{"href":"https:\/\/www.alcateiatrekking.com.br\/wp-projeto-api\/wp\/v2\/media?parent=9913"}],"wp:term":[{"taxonomy":"product_brand","embeddable":true,"href":"https:\/\/www.alcateiatrekking.com.br\/wp-projeto-api\/wp\/v2\/product_brand?post=9913"},{"taxonomy":"product_cat","embeddable":true,"href":"https:\/\/www.alcateiatrekking.com.br\/wp-projeto-api\/wp\/v2\/product_cat?post=9913"},{"taxonomy":"product_tag","embeddable":true,"href":"https:\/\/www.alcateiatrekking.com.br\/wp-projeto-api\/wp\/v2\/product_tag?post=9913"}],"curies":[{"name":"wp","href":"https:\/\/api.w.org\/{rel}","templated":true}]}}