{"id":9594,"date":"2024-02-27T11:22:55","date_gmt":"2024-02-27T14:22:55","guid":{"rendered":"https:\/\/www.alcateiatrekking.com.br\/?post_type=product&#038;p=9594"},"modified":"2026-04-03T16:04:58","modified_gmt":"2026-04-03T19:04:58","slug":"trilha-complexo-da-elvira","status":"publish","type":"product","link":"https:\/\/www.alcateiatrekking.com.br\/roteiro\/trilha-complexo-da-elvira\/","title":{"rendered":"Complexo da Elvira, Serra dos Alves"},"content":{"rendered":"<p>F\u00e1cil &#8211; para trilheiros experientes<br \/>\nModerados &#8211; iniciantes<br \/>\nDif\u00edcil &#8211; sedent\u00e1rios<\/p>\n<p>\ud83e\udd7eTrilha de ida: aprox 2 horas.<br \/>\n\u26f0Trilha com subidas e descidas.<\/p>\n<p>Complexo da Elvira \u00e9 formado pelo Ribeir\u00e3o do mato e \u00e9 uma trilha de dificuldade entre moderada e alta, em virtude das descidas e subidas \u00edngremes, alguns trechos de escalaminhada e caminhada pelo leito do c\u00f3rrego. A subida possui alguns pontos de escalaminhada, onde \u00e9 preciso se apoiar em troncos, ra\u00edzes, etc. No entanto, a subida \u00e9 bem demarcada.<\/p>\n<p><strong data-start=\"674\" data-end=\"701\">Informa\u00e7\u00f5es Importantes<\/strong><\/p>\n<ul data-start=\"704\" data-end=\"1001\">\n<li data-start=\"704\" data-end=\"781\">Na ida e na volta, fazemos uma parada na estrada para lanches e banheiro.<\/li>\n<li data-start=\"782\" data-end=\"912\">Este \u00e9 um roteiro coletivo, ent\u00e3o lembre-se de estar bem fisicamente para garantir que todos tenham uma experi\u00eancia agrad\u00e1vel.<\/li>\n<li data-start=\"913\" data-end=\"1001\">Evite ingerir bebidas alco\u00f3licas no dia anterior para aproveitar ao m\u00e1ximo a trilha.<strong>Desafios<br \/>\n<\/strong>Trilha tem um trecho de escalaminhada, subidas \u00edngremes e exposi\u00e7\u00e3o a altura, n\u00e3o indicado para pessoas sedent\u00e1rias.<\/li>\n<\/ul>\n","protected":false},"excerpt":{"rendered":"<p>F\u00e1cil &#8211; para trilheiros experientes Moderados &#8211; iniciantes Dif\u00edcil &#8211; sedent\u00e1rios \ud83e\udd7eTrilha de ida: aprox 2 horas. \u26f0Trilha com subidas e descidas. Complexo da Elvira \u00e9 formado pelo Ribeir\u00e3o do mato e \u00e9 uma trilha de dificuldade entre moderada e alta, em virtude das descidas e subidas \u00edngremes, alguns trechos de escalaminhada e caminhada pelo [&hellip;]<\/p>\n","protected":false},"featured_media":9602,"template":"","meta":{"_acf_changed":false,"inline_featured_image":false,"_exactmetrics_skip_tracking":false,"_exactmetrics_sitenote_active":false,"_exactmetrics_sitenote_note":"","_exactmetrics_sitenote_category":0},"product_brand":[],"product_cat":[48,72,61,63,64,69],"product_tag":[],"class_list":{"0":"post-9594","1":"product","2":"type-product","3":"status-publish","4":"has-post-thumbnail","6":"product_cat-agenda-completa","7":"product_cat-bate-volta","8":"product_cat-desafio","9":"product_cat-nivel-dificil","10":"product_cat-nivel-moderado","11":"product_cat-tipo-de-roteiro","12":"pa_desafio-nivel-dificil","13":"pa_desafio-nivel-moderado","15":"first","16":"outofstock","17":"virtual","18":"taxable","19":"purchasable","20":"product-type-simple"},"acf":[],"yoast_head":"<!-- This site is optimized with the Yoast SEO plugin v27.4 - https:\/\/yoast.com\/product\/yoast-seo-wordpress\/ -->\n<title>Complexo da Elvira, Serra dos Alves &#187; Alcateia Trekking<\/title>\n<meta name=\"description\" content=\"F\u00e1cil - para trilheiros experientes Moderados - iniciantes Dif\u00edcil - sedent\u00e1rios \ud83e\udd7eTrilha de ida: aprox 2 horas. \u26f0Trilha com subidas e descidas. Complexo\" \/>\n<meta name=\"robots\" content=\"index, follow, max-snippet:-1, max-image-preview:large, max-video-preview:-1\" \/>\n<link rel=\"canonical\" href=\"https:\/\/www.alcateiatrekking.com.br\/roteiro\/trilha-complexo-da-elvira\/\" \/>\n<meta property=\"og:locale\" content=\"pt_BR\" \/>\n<meta property=\"og:type\" content=\"article\" \/>\n<meta property=\"og:title\" content=\"Complexo da Elvira, Serra dos Alves &#187; Alcateia Trekking\" \/>\n<meta property=\"og:description\" content=\"F\u00e1cil - para trilheiros experientes Moderados - iniciantes Dif\u00edcil - sedent\u00e1rios \ud83e\udd7eTrilha de ida: aprox 2 horas. \u26f0Trilha com subidas e descidas. Complexo\" \/>\n<meta property=\"og:url\" content=\"https:\/\/www.alcateiatrekking.com.br\/roteiro\/trilha-complexo-da-elvira\/\" \/>\n<meta property=\"og:site_name\" content=\"Alcateia Trekking\" \/>\n<meta property=\"article:modified_time\" content=\"2026-04-03T19:04:58+00:00\" \/>\n<meta property=\"og:image\" content=\"https:\/\/www.alcateiatrekking.com.br\/wp-content\/uploads\/2024\/02\/IMG_0493.webp\" \/>\n\t<meta property=\"og:image:width\" content=\"685\" \/>\n\t<meta property=\"og:image:height\" content=\"913\" \/>\n\t<meta property=\"og:image:type\" content=\"image\/webp\" \/>\n<meta name=\"twitter:card\" content=\"summary_large_image\" \/>\n<meta name=\"twitter:label1\" content=\"Est. tempo de leitura\" \/>\n\t<meta name=\"twitter:data1\" content=\"1 minuto\" \/>\n<script type=\"application\/ld+json\" class=\"yoast-schema-graph\">{\"@context\":\"https:\\\/\\\/schema.org\",\"@graph\":[{\"@type\":[\"WebPage\",\"ItemPage\"],\"@id\":\"https:\\\/\\\/www.alcateiatrekking.com.br\\\/roteiro\\\/trilha-complexo-da-elvira\\\/\",\"url\":\"https:\\\/\\\/www.alcateiatrekking.com.br\\\/roteiro\\\/trilha-complexo-da-elvira\\\/\",\"name\":\"Complexo da Elvira, Serra dos Alves &#187; Alcateia Trekking\",\"isPartOf\":{\"@id\":\"https:\\\/\\\/www.alcateiatrekking.com.br\\\/#website\"},\"primaryImageOfPage\":{\"@id\":\"https:\\\/\\\/www.alcateiatrekking.com.br\\\/roteiro\\\/trilha-complexo-da-elvira\\\/#primaryimage\"},\"image\":{\"@id\":\"https:\\\/\\\/www.alcateiatrekking.com.br\\\/roteiro\\\/trilha-complexo-da-elvira\\\/#primaryimage\"},\"thumbnailUrl\":\"https:\\\/\\\/www.alcateiatrekking.com.br\\\/wp-content\\\/uploads\\\/2024\\\/02\\\/IMG_0493.webp\",\"datePublished\":\"2024-02-27T14:22:55+00:00\",\"dateModified\":\"2026-04-03T19:04:58+00:00\",\"description\":\"F\u00e1cil - para trilheiros experientes Moderados - iniciantes Dif\u00edcil - sedent\u00e1rios \ud83e\udd7eTrilha de ida: aprox 2 horas. \u26f0Trilha com subidas e descidas. Complexo\",\"breadcrumb\":{\"@id\":\"https:\\\/\\\/www.alcateiatrekking.com.br\\\/roteiro\\\/trilha-complexo-da-elvira\\\/#breadcrumb\"},\"inLanguage\":\"pt-BR\",\"potentialAction\":[{\"@type\":\"ReadAction\",\"target\":[\"https:\\\/\\\/www.alcateiatrekking.com.br\\\/roteiro\\\/trilha-complexo-da-elvira\\\/\"]}]},{\"@type\":\"ImageObject\",\"inLanguage\":\"pt-BR\",\"@id\":\"https:\\\/\\\/www.alcateiatrekking.com.br\\\/roteiro\\\/trilha-complexo-da-elvira\\\/#primaryimage\",\"url\":\"https:\\\/\\\/www.alcateiatrekking.com.br\\\/wp-content\\\/uploads\\\/2024\\\/02\\\/IMG_0493.webp\",\"contentUrl\":\"https:\\\/\\\/www.alcateiatrekking.com.br\\\/wp-content\\\/uploads\\\/2024\\\/02\\\/IMG_0493.webp\",\"width\":685,\"height\":913},{\"@type\":\"BreadcrumbList\",\"@id\":\"https:\\\/\\\/www.alcateiatrekking.com.br\\\/roteiro\\\/trilha-complexo-da-elvira\\\/#breadcrumb\",\"itemListElement\":[{\"@type\":\"ListItem\",\"position\":1,\"name\":\"In\u00edcio\",\"item\":\"https:\\\/\\\/www.alcateiatrekking.com.br\\\/\"},{\"@type\":\"ListItem\",\"position\":2,\"name\":\"Roteiros\",\"item\":\"https:\\\/\\\/www.alcateiatrekking.com.br\\\/roteiros\\\/\"},{\"@type\":\"ListItem\",\"position\":3,\"name\":\"Complexo da Elvira, Serra dos Alves\"}]},{\"@type\":\"WebSite\",\"@id\":\"https:\\\/\\\/www.alcateiatrekking.com.br\\\/#website\",\"url\":\"https:\\\/\\\/www.alcateiatrekking.com.br\\\/\",\"name\":\"Alcateia Trekking\",\"description\":\"Ecoturismo, Trilhas , Cachoeiras em BH \\\/ Minas Gerais\",\"publisher\":{\"@id\":\"https:\\\/\\\/www.alcateiatrekking.com.br\\\/#organization\"},\"alternateName\":\"Alcateia Trekking \\\/ Belo Horizonte\",\"potentialAction\":[{\"@type\":\"SearchAction\",\"target\":{\"@type\":\"EntryPoint\",\"urlTemplate\":\"https:\\\/\\\/www.alcateiatrekking.com.br\\\/?s={search_term_string}\"},\"query-input\":{\"@type\":\"PropertyValueSpecification\",\"valueRequired\":true,\"valueName\":\"search_term_string\"}}],\"inLanguage\":\"pt-BR\"},{\"@type\":\"Organization\",\"@id\":\"https:\\\/\\\/www.alcateiatrekking.com.br\\\/#organization\",\"name\":\"Alcateia Trekking\",\"url\":\"https:\\\/\\\/www.alcateiatrekking.com.br\\\/\",\"logo\":{\"@type\":\"ImageObject\",\"inLanguage\":\"pt-BR\",\"@id\":\"https:\\\/\\\/www.alcateiatrekking.com.br\\\/#\\\/schema\\\/logo\\\/image\\\/\",\"url\":\"https:\\\/\\\/www.alcateiatrekking.com.br\\\/wp-content\\\/uploads\\\/2023\\\/11\\\/logo-alcateia-trekking.svg\",\"contentUrl\":\"https:\\\/\\\/www.alcateiatrekking.com.br\\\/wp-content\\\/uploads\\\/2023\\\/11\\\/logo-alcateia-trekking.svg\",\"width\":623,\"height\":504,\"caption\":\"Alcateia Trekking\"},\"image\":{\"@id\":\"https:\\\/\\\/www.alcateiatrekking.com.br\\\/#\\\/schema\\\/logo\\\/image\\\/\"},\"sameAs\":[\"https:\\\/\\\/www.instagram.com\\\/alcateia_trekking\\\/\"]}]}<\/script>\n<!-- \/ Yoast SEO plugin. -->","yoast_head_json":{"title":"Complexo da Elvira, Serra dos Alves &#187; Alcateia Trekking","description":"F\u00e1cil - para trilheiros experientes Moderados - iniciantes Dif\u00edcil - sedent\u00e1rios \ud83e\udd7eTrilha de ida: aprox 2 horas. \u26f0Trilha com subidas e descidas. Complexo","robots":{"index":"index","follow":"follow","max-snippet":"max-snippet:-1","max-image-preview":"max-image-preview:large","max-video-preview":"max-video-preview:-1"},"canonical":"https:\/\/www.alcateiatrekking.com.br\/roteiro\/trilha-complexo-da-elvira\/","og_locale":"pt_BR","og_type":"article","og_title":"Complexo da Elvira, Serra dos Alves &#187; Alcateia Trekking","og_description":"F\u00e1cil - para trilheiros experientes Moderados - iniciantes Dif\u00edcil - sedent\u00e1rios \ud83e\udd7eTrilha de ida: aprox 2 horas. \u26f0Trilha com subidas e descidas. Complexo","og_url":"https:\/\/www.alcateiatrekking.com.br\/roteiro\/trilha-complexo-da-elvira\/","og_site_name":"Alcateia Trekking","article_modified_time":"2026-04-03T19:04:58+00:00","og_image":[{"width":685,"height":913,"url":"https:\/\/www.alcateiatrekking.com.br\/wp-content\/uploads\/2024\/02\/IMG_0493.webp","type":"image\/webp"}],"twitter_card":"summary_large_image","twitter_misc":{"Est. tempo de leitura":"1 minuto"},"schema":{"@context":"https:\/\/schema.org","@graph":[{"@type":["WebPage","ItemPage"],"@id":"https:\/\/www.alcateiatrekking.com.br\/roteiro\/trilha-complexo-da-elvira\/","url":"https:\/\/www.alcateiatrekking.com.br\/roteiro\/trilha-complexo-da-elvira\/","name":"Complexo da Elvira, Serra dos Alves &#187; Alcateia Trekking","isPartOf":{"@id":"https:\/\/www.alcateiatrekking.com.br\/#website"},"primaryImageOfPage":{"@id":"https:\/\/www.alcateiatrekking.com.br\/roteiro\/trilha-complexo-da-elvira\/#primaryimage"},"image":{"@id":"https:\/\/www.alcateiatrekking.com.br\/roteiro\/trilha-complexo-da-elvira\/#primaryimage"},"thumbnailUrl":"https:\/\/www.alcateiatrekking.com.br\/wp-content\/uploads\/2024\/02\/IMG_0493.webp","datePublished":"2024-02-27T14:22:55+00:00","dateModified":"2026-04-03T19:04:58+00:00","description":"F\u00e1cil - para trilheiros experientes Moderados - iniciantes Dif\u00edcil - sedent\u00e1rios \ud83e\udd7eTrilha de ida: aprox 2 horas. \u26f0Trilha com subidas e descidas. Complexo","breadcrumb":{"@id":"https:\/\/www.alcateiatrekking.com.br\/roteiro\/trilha-complexo-da-elvira\/#breadcrumb"},"inLanguage":"pt-BR","potentialAction":[{"@type":"ReadAction","target":["https:\/\/www.alcateiatrekking.com.br\/roteiro\/trilha-complexo-da-elvira\/"]}]},{"@type":"ImageObject","inLanguage":"pt-BR","@id":"https:\/\/www.alcateiatrekking.com.br\/roteiro\/trilha-complexo-da-elvira\/#primaryimage","url":"https:\/\/www.alcateiatrekking.com.br\/wp-content\/uploads\/2024\/02\/IMG_0493.webp","contentUrl":"https:\/\/www.alcateiatrekking.com.br\/wp-content\/uploads\/2024\/02\/IMG_0493.webp","width":685,"height":913},{"@type":"BreadcrumbList","@id":"https:\/\/www.alcateiatrekking.com.br\/roteiro\/trilha-complexo-da-elvira\/#breadcrumb","itemListElement":[{"@type":"ListItem","position":1,"name":"In\u00edcio","item":"https:\/\/www.alcateiatrekking.com.br\/"},{"@type":"ListItem","position":2,"name":"Roteiros","item":"https:\/\/www.alcateiatrekking.com.br\/roteiros\/"},{"@type":"ListItem","position":3,"name":"Complexo da Elvira, Serra dos Alves"}]},{"@type":"WebSite","@id":"https:\/\/www.alcateiatrekking.com.br\/#website","url":"https:\/\/www.alcateiatrekking.com.br\/","name":"Alcateia Trekking","description":"Ecoturismo, Trilhas , Cachoeiras em BH \/ Minas Gerais","publisher":{"@id":"https:\/\/www.alcateiatrekking.com.br\/#organization"},"alternateName":"Alcateia Trekking \/ Belo Horizonte","potentialAction":[{"@type":"SearchAction","target":{"@type":"EntryPoint","urlTemplate":"https:\/\/www.alcateiatrekking.com.br\/?s={search_term_string}"},"query-input":{"@type":"PropertyValueSpecification","valueRequired":true,"valueName":"search_term_string"}}],"inLanguage":"pt-BR"},{"@type":"Organization","@id":"https:\/\/www.alcateiatrekking.com.br\/#organization","name":"Alcateia Trekking","url":"https:\/\/www.alcateiatrekking.com.br\/","logo":{"@type":"ImageObject","inLanguage":"pt-BR","@id":"https:\/\/www.alcateiatrekking.com.br\/#\/schema\/logo\/image\/","url":"https:\/\/www.alcateiatrekking.com.br\/wp-content\/uploads\/2023\/11\/logo-alcateia-trekking.svg","contentUrl":"https:\/\/www.alcateiatrekking.com.br\/wp-content\/uploads\/2023\/11\/logo-alcateia-trekking.svg","width":623,"height":504,"caption":"Alcateia Trekking"},"image":{"@id":"https:\/\/www.alcateiatrekking.com.br\/#\/schema\/logo\/image\/"},"sameAs":["https:\/\/www.instagram.com\/alcateia_trekking\/"]}]}},"_links":{"self":[{"href":"https:\/\/www.alcateiatrekking.com.br\/wp-projeto-api\/wp\/v2\/product\/9594","targetHints":{"allow":["GET"]}}],"collection":[{"href":"https:\/\/www.alcateiatrekking.com.br\/wp-projeto-api\/wp\/v2\/product"}],"about":[{"href":"https:\/\/www.alcateiatrekking.com.br\/wp-projeto-api\/wp\/v2\/types\/product"}],"wp:featuredmedia":[{"embeddable":true,"href":"https:\/\/www.alcateiatrekking.com.br\/wp-projeto-api\/wp\/v2\/media\/9602"}],"wp:attachment":[{"href":"https:\/\/www.alcateiatrekking.com.br\/wp-projeto-api\/wp\/v2\/media?parent=9594"}],"wp:term":[{"taxonomy":"product_brand","embeddable":true,"href":"https:\/\/www.alcateiatrekking.com.br\/wp-projeto-api\/wp\/v2\/product_brand?post=9594"},{"taxonomy":"product_cat","embeddable":true,"href":"https:\/\/www.alcateiatrekking.com.br\/wp-projeto-api\/wp\/v2\/product_cat?post=9594"},{"taxonomy":"product_tag","embeddable":true,"href":"https:\/\/www.alcateiatrekking.com.br\/wp-projeto-api\/wp\/v2\/product_tag?post=9594"}],"curies":[{"name":"wp","href":"https:\/\/api.w.org\/{rel}","templated":true}]}}