{"id":13094,"date":"2026-04-22T11:44:41","date_gmt":"2026-04-22T14:44:41","guid":{"rendered":"https:\/\/www.alcateiatrekking.com.br\/?post_type=product&#038;p=13094"},"modified":"2026-04-28T10:43:03","modified_gmt":"2026-04-28T13:43:03","slug":"festa-do-vinho-catas-altas","status":"publish","type":"product","link":"https:\/\/www.alcateiatrekking.com.br\/roteiro\/festa-do-vinho-catas-altas\/","title":{"rendered":"Festa do Vinho, Catas Altas"},"content":{"rendered":"<p><strong>Vem com a Alcateia viver uma experi\u00eancia inesquec\u00edvel na tradicional Festa do Vinho!<br \/>\n<\/strong>Dia 16 de maio, te levamos para um evento cultural com cheiro de mato, gosto de vinho e boas m\u00fasicas.<\/p>\n<p><strong>Prepare-se para:<br \/>\n<\/strong>Conhecer o Bicame de Pedra<br \/>\nGastronomia local venda de variedades de vinhos da regi\u00e3o Apresenta\u00e7\u00f5es culturais e regionais.<br \/>\nGaranta seu lugar nessa celebra\u00e7\u00e3o que re\u00fane tradi\u00e7\u00e3o, alegria e os melhores sabores da serra!<br \/>\nVagas limitadas. Transporte saindo de BH com toda seguran\u00e7a e conforto que voc\u00ea j\u00e1 conhece.<\/p>\n<p><strong>Vamos brindar juntos essa\u00a0viv\u00eancia\u00a0\u00fanica?<\/strong><\/p>\n","protected":false},"excerpt":{"rendered":"<p>Vem com a Alcateia viver uma experi\u00eancia inesquec\u00edvel na tradicional Festa do Vinho! Dia 16 de maio, te levamos para um evento cultural com cheiro de mato, gosto de vinho e boas m\u00fasicas. Prepare-se para: Conhecer o Bicame de Pedra Gastronomia local venda de variedades de vinhos da regi\u00e3o Apresenta\u00e7\u00f5es culturais e regionais. Garanta seu [&hellip;]<\/p>\n","protected":false},"featured_media":13025,"template":"","meta":{"_acf_changed":false,"inline_featured_image":false,"_exactmetrics_skip_tracking":false,"_exactmetrics_sitenote_active":false,"_exactmetrics_sitenote_note":"","_exactmetrics_sitenote_category":0},"product_brand":[],"product_cat":[48,72,61,56,65,69],"product_tag":[],"class_list":{"0":"post-13094","1":"product","2":"type-product","3":"status-publish","4":"has-post-thumbnail","6":"product_cat-agenda-completa","7":"product_cat-bate-volta","8":"product_cat-desafio","9":"product_cat-maio","10":"product_cat-nivel-facil","11":"product_cat-tipo-de-roteiro","13":"first","14":"instock","15":"virtual","16":"taxable","17":"purchasable","18":"product-type-simple"},"acf":[],"yoast_head":"<!-- This site is optimized with the Yoast SEO plugin v27.4 - https:\/\/yoast.com\/product\/yoast-seo-wordpress\/ -->\n<title>Festa do Vinho, Catas Altas &#187; Alcateia Trekking<\/title>\n<meta name=\"description\" content=\"Vem com a Alcateia viver uma experi\u00eancia inesquec\u00edvel na tradicional Festa do Vinho! Dia 16 de maio, te levamos para um evento cultural com cheiro de\" \/>\n<meta name=\"robots\" content=\"index, follow, max-snippet:-1, max-image-preview:large, max-video-preview:-1\" \/>\n<link rel=\"canonical\" href=\"https:\/\/www.alcateiatrekking.com.br\/roteiro\/festa-do-vinho-catas-altas\/\" \/>\n<meta property=\"og:locale\" content=\"pt_BR\" \/>\n<meta property=\"og:type\" content=\"article\" \/>\n<meta property=\"og:title\" content=\"Festa do Vinho, Catas Altas &#187; Alcateia Trekking\" \/>\n<meta property=\"og:description\" content=\"Vem com a Alcateia viver uma experi\u00eancia inesquec\u00edvel na tradicional Festa do Vinho! Dia 16 de maio, te levamos para um evento cultural com cheiro de\" \/>\n<meta property=\"og:url\" content=\"https:\/\/www.alcateiatrekking.com.br\/roteiro\/festa-do-vinho-catas-altas\/\" \/>\n<meta property=\"og:site_name\" content=\"Alcateia Trekking\" \/>\n<meta property=\"article:modified_time\" content=\"2026-04-28T13:43:03+00:00\" \/>\n<meta property=\"og:image\" content=\"https:\/\/www.alcateiatrekking.com.br\/wp-content\/uploads\/2025\/05\/Imagem-blog_2623f262-58ee-487d-8c6e-d938e668ff21_600x600-1.webp\" \/>\n\t<meta property=\"og:image:width\" content=\"600\" \/>\n\t<meta property=\"og:image:height\" content=\"450\" \/>\n\t<meta property=\"og:image:type\" content=\"image\/webp\" \/>\n<meta name=\"twitter:card\" content=\"summary_large_image\" \/>\n<meta name=\"twitter:label1\" content=\"Est. tempo de leitura\" \/>\n\t<meta name=\"twitter:data1\" content=\"1 minuto\" \/>\n<script type=\"application\/ld+json\" class=\"yoast-schema-graph\">{\"@context\":\"https:\\\/\\\/schema.org\",\"@graph\":[{\"@type\":[\"WebPage\",\"ItemPage\"],\"@id\":\"https:\\\/\\\/www.alcateiatrekking.com.br\\\/roteiro\\\/festa-do-vinho-catas-altas\\\/\",\"url\":\"https:\\\/\\\/www.alcateiatrekking.com.br\\\/roteiro\\\/festa-do-vinho-catas-altas\\\/\",\"name\":\"Festa do Vinho, Catas Altas &#187; Alcateia Trekking\",\"isPartOf\":{\"@id\":\"https:\\\/\\\/www.alcateiatrekking.com.br\\\/#website\"},\"primaryImageOfPage\":{\"@id\":\"https:\\\/\\\/www.alcateiatrekking.com.br\\\/roteiro\\\/festa-do-vinho-catas-altas\\\/#primaryimage\"},\"image\":{\"@id\":\"https:\\\/\\\/www.alcateiatrekking.com.br\\\/roteiro\\\/festa-do-vinho-catas-altas\\\/#primaryimage\"},\"thumbnailUrl\":\"https:\\\/\\\/www.alcateiatrekking.com.br\\\/wp-content\\\/uploads\\\/2025\\\/05\\\/Imagem-blog_2623f262-58ee-487d-8c6e-d938e668ff21_600x600-1.webp\",\"datePublished\":\"2026-04-22T14:44:41+00:00\",\"dateModified\":\"2026-04-28T13:43:03+00:00\",\"description\":\"Vem com a Alcateia viver uma experi\u00eancia inesquec\u00edvel na tradicional Festa do Vinho! Dia 16 de maio, te levamos para um evento cultural com cheiro de\",\"breadcrumb\":{\"@id\":\"https:\\\/\\\/www.alcateiatrekking.com.br\\\/roteiro\\\/festa-do-vinho-catas-altas\\\/#breadcrumb\"},\"inLanguage\":\"pt-BR\",\"potentialAction\":[{\"@type\":\"ReadAction\",\"target\":[\"https:\\\/\\\/www.alcateiatrekking.com.br\\\/roteiro\\\/festa-do-vinho-catas-altas\\\/\"]}]},{\"@type\":\"ImageObject\",\"inLanguage\":\"pt-BR\",\"@id\":\"https:\\\/\\\/www.alcateiatrekking.com.br\\\/roteiro\\\/festa-do-vinho-catas-altas\\\/#primaryimage\",\"url\":\"https:\\\/\\\/www.alcateiatrekking.com.br\\\/wp-content\\\/uploads\\\/2025\\\/05\\\/Imagem-blog_2623f262-58ee-487d-8c6e-d938e668ff21_600x600-1.webp\",\"contentUrl\":\"https:\\\/\\\/www.alcateiatrekking.com.br\\\/wp-content\\\/uploads\\\/2025\\\/05\\\/Imagem-blog_2623f262-58ee-487d-8c6e-d938e668ff21_600x600-1.webp\",\"width\":600,\"height\":450},{\"@type\":\"BreadcrumbList\",\"@id\":\"https:\\\/\\\/www.alcateiatrekking.com.br\\\/roteiro\\\/festa-do-vinho-catas-altas\\\/#breadcrumb\",\"itemListElement\":[{\"@type\":\"ListItem\",\"position\":1,\"name\":\"In\u00edcio\",\"item\":\"https:\\\/\\\/www.alcateiatrekking.com.br\\\/\"},{\"@type\":\"ListItem\",\"position\":2,\"name\":\"Roteiros\",\"item\":\"https:\\\/\\\/www.alcateiatrekking.com.br\\\/roteiros\\\/\"},{\"@type\":\"ListItem\",\"position\":3,\"name\":\"Festa do Vinho, Catas Altas\"}]},{\"@type\":\"WebSite\",\"@id\":\"https:\\\/\\\/www.alcateiatrekking.com.br\\\/#website\",\"url\":\"https:\\\/\\\/www.alcateiatrekking.com.br\\\/\",\"name\":\"Alcateia Trekking\",\"description\":\"Ecoturismo, Trilhas , Cachoeiras em BH \\\/ Minas Gerais\",\"publisher\":{\"@id\":\"https:\\\/\\\/www.alcateiatrekking.com.br\\\/#organization\"},\"alternateName\":\"Alcateia Trekking \\\/ Belo Horizonte\",\"potentialAction\":[{\"@type\":\"SearchAction\",\"target\":{\"@type\":\"EntryPoint\",\"urlTemplate\":\"https:\\\/\\\/www.alcateiatrekking.com.br\\\/?s={search_term_string}\"},\"query-input\":{\"@type\":\"PropertyValueSpecification\",\"valueRequired\":true,\"valueName\":\"search_term_string\"}}],\"inLanguage\":\"pt-BR\"},{\"@type\":\"Organization\",\"@id\":\"https:\\\/\\\/www.alcateiatrekking.com.br\\\/#organization\",\"name\":\"Alcateia Trekking\",\"url\":\"https:\\\/\\\/www.alcateiatrekking.com.br\\\/\",\"logo\":{\"@type\":\"ImageObject\",\"inLanguage\":\"pt-BR\",\"@id\":\"https:\\\/\\\/www.alcateiatrekking.com.br\\\/#\\\/schema\\\/logo\\\/image\\\/\",\"url\":\"https:\\\/\\\/www.alcateiatrekking.com.br\\\/wp-content\\\/uploads\\\/2023\\\/11\\\/logo-alcateia-trekking.svg\",\"contentUrl\":\"https:\\\/\\\/www.alcateiatrekking.com.br\\\/wp-content\\\/uploads\\\/2023\\\/11\\\/logo-alcateia-trekking.svg\",\"width\":623,\"height\":504,\"caption\":\"Alcateia Trekking\"},\"image\":{\"@id\":\"https:\\\/\\\/www.alcateiatrekking.com.br\\\/#\\\/schema\\\/logo\\\/image\\\/\"},\"sameAs\":[\"https:\\\/\\\/www.instagram.com\\\/alcateia_trekking\\\/\"]}]}<\/script>\n<!-- \/ Yoast SEO plugin. -->","yoast_head_json":{"title":"Festa do Vinho, Catas Altas &#187; Alcateia Trekking","description":"Vem com a Alcateia viver uma experi\u00eancia inesquec\u00edvel na tradicional Festa do Vinho! Dia 16 de maio, te levamos para um evento cultural com cheiro de","robots":{"index":"index","follow":"follow","max-snippet":"max-snippet:-1","max-image-preview":"max-image-preview:large","max-video-preview":"max-video-preview:-1"},"canonical":"https:\/\/www.alcateiatrekking.com.br\/roteiro\/festa-do-vinho-catas-altas\/","og_locale":"pt_BR","og_type":"article","og_title":"Festa do Vinho, Catas Altas &#187; Alcateia Trekking","og_description":"Vem com a Alcateia viver uma experi\u00eancia inesquec\u00edvel na tradicional Festa do Vinho! Dia 16 de maio, te levamos para um evento cultural com cheiro de","og_url":"https:\/\/www.alcateiatrekking.com.br\/roteiro\/festa-do-vinho-catas-altas\/","og_site_name":"Alcateia Trekking","article_modified_time":"2026-04-28T13:43:03+00:00","og_image":[{"width":600,"height":450,"url":"https:\/\/www.alcateiatrekking.com.br\/wp-content\/uploads\/2025\/05\/Imagem-blog_2623f262-58ee-487d-8c6e-d938e668ff21_600x600-1.webp","type":"image\/webp"}],"twitter_card":"summary_large_image","twitter_misc":{"Est. tempo de leitura":"1 minuto"},"schema":{"@context":"https:\/\/schema.org","@graph":[{"@type":["WebPage","ItemPage"],"@id":"https:\/\/www.alcateiatrekking.com.br\/roteiro\/festa-do-vinho-catas-altas\/","url":"https:\/\/www.alcateiatrekking.com.br\/roteiro\/festa-do-vinho-catas-altas\/","name":"Festa do Vinho, Catas Altas &#187; Alcateia Trekking","isPartOf":{"@id":"https:\/\/www.alcateiatrekking.com.br\/#website"},"primaryImageOfPage":{"@id":"https:\/\/www.alcateiatrekking.com.br\/roteiro\/festa-do-vinho-catas-altas\/#primaryimage"},"image":{"@id":"https:\/\/www.alcateiatrekking.com.br\/roteiro\/festa-do-vinho-catas-altas\/#primaryimage"},"thumbnailUrl":"https:\/\/www.alcateiatrekking.com.br\/wp-content\/uploads\/2025\/05\/Imagem-blog_2623f262-58ee-487d-8c6e-d938e668ff21_600x600-1.webp","datePublished":"2026-04-22T14:44:41+00:00","dateModified":"2026-04-28T13:43:03+00:00","description":"Vem com a Alcateia viver uma experi\u00eancia inesquec\u00edvel na tradicional Festa do Vinho! Dia 16 de maio, te levamos para um evento cultural com cheiro de","breadcrumb":{"@id":"https:\/\/www.alcateiatrekking.com.br\/roteiro\/festa-do-vinho-catas-altas\/#breadcrumb"},"inLanguage":"pt-BR","potentialAction":[{"@type":"ReadAction","target":["https:\/\/www.alcateiatrekking.com.br\/roteiro\/festa-do-vinho-catas-altas\/"]}]},{"@type":"ImageObject","inLanguage":"pt-BR","@id":"https:\/\/www.alcateiatrekking.com.br\/roteiro\/festa-do-vinho-catas-altas\/#primaryimage","url":"https:\/\/www.alcateiatrekking.com.br\/wp-content\/uploads\/2025\/05\/Imagem-blog_2623f262-58ee-487d-8c6e-d938e668ff21_600x600-1.webp","contentUrl":"https:\/\/www.alcateiatrekking.com.br\/wp-content\/uploads\/2025\/05\/Imagem-blog_2623f262-58ee-487d-8c6e-d938e668ff21_600x600-1.webp","width":600,"height":450},{"@type":"BreadcrumbList","@id":"https:\/\/www.alcateiatrekking.com.br\/roteiro\/festa-do-vinho-catas-altas\/#breadcrumb","itemListElement":[{"@type":"ListItem","position":1,"name":"In\u00edcio","item":"https:\/\/www.alcateiatrekking.com.br\/"},{"@type":"ListItem","position":2,"name":"Roteiros","item":"https:\/\/www.alcateiatrekking.com.br\/roteiros\/"},{"@type":"ListItem","position":3,"name":"Festa do Vinho, Catas Altas"}]},{"@type":"WebSite","@id":"https:\/\/www.alcateiatrekking.com.br\/#website","url":"https:\/\/www.alcateiatrekking.com.br\/","name":"Alcateia Trekking","description":"Ecoturismo, Trilhas , Cachoeiras em BH \/ Minas Gerais","publisher":{"@id":"https:\/\/www.alcateiatrekking.com.br\/#organization"},"alternateName":"Alcateia Trekking \/ Belo Horizonte","potentialAction":[{"@type":"SearchAction","target":{"@type":"EntryPoint","urlTemplate":"https:\/\/www.alcateiatrekking.com.br\/?s={search_term_string}"},"query-input":{"@type":"PropertyValueSpecification","valueRequired":true,"valueName":"search_term_string"}}],"inLanguage":"pt-BR"},{"@type":"Organization","@id":"https:\/\/www.alcateiatrekking.com.br\/#organization","name":"Alcateia Trekking","url":"https:\/\/www.alcateiatrekking.com.br\/","logo":{"@type":"ImageObject","inLanguage":"pt-BR","@id":"https:\/\/www.alcateiatrekking.com.br\/#\/schema\/logo\/image\/","url":"https:\/\/www.alcateiatrekking.com.br\/wp-content\/uploads\/2023\/11\/logo-alcateia-trekking.svg","contentUrl":"https:\/\/www.alcateiatrekking.com.br\/wp-content\/uploads\/2023\/11\/logo-alcateia-trekking.svg","width":623,"height":504,"caption":"Alcateia Trekking"},"image":{"@id":"https:\/\/www.alcateiatrekking.com.br\/#\/schema\/logo\/image\/"},"sameAs":["https:\/\/www.instagram.com\/alcateia_trekking\/"]}]}},"_links":{"self":[{"href":"https:\/\/www.alcateiatrekking.com.br\/wp-projeto-api\/wp\/v2\/product\/13094","targetHints":{"allow":["GET"]}}],"collection":[{"href":"https:\/\/www.alcateiatrekking.com.br\/wp-projeto-api\/wp\/v2\/product"}],"about":[{"href":"https:\/\/www.alcateiatrekking.com.br\/wp-projeto-api\/wp\/v2\/types\/product"}],"wp:featuredmedia":[{"embeddable":true,"href":"https:\/\/www.alcateiatrekking.com.br\/wp-projeto-api\/wp\/v2\/media\/13025"}],"wp:attachment":[{"href":"https:\/\/www.alcateiatrekking.com.br\/wp-projeto-api\/wp\/v2\/media?parent=13094"}],"wp:term":[{"taxonomy":"product_brand","embeddable":true,"href":"https:\/\/www.alcateiatrekking.com.br\/wp-projeto-api\/wp\/v2\/product_brand?post=13094"},{"taxonomy":"product_cat","embeddable":true,"href":"https:\/\/www.alcateiatrekking.com.br\/wp-projeto-api\/wp\/v2\/product_cat?post=13094"},{"taxonomy":"product_tag","embeddable":true,"href":"https:\/\/www.alcateiatrekking.com.br\/wp-projeto-api\/wp\/v2\/product_tag?post=13094"}],"curies":[{"name":"wp","href":"https:\/\/api.w.org\/{rel}","templated":true}]}}