{"id":11466,"date":"2025-06-18T08:55:19","date_gmt":"2025-06-18T11:55:19","guid":{"rendered":"https:\/\/www.alcateiatrekking.com.br\/?post_type=product&#038;p=11466"},"modified":"2025-11-14T12:51:04","modified_gmt":"2025-11-14T15:51:04","slug":"travessia-ouropreto-x-sao-bartolomeu","status":"publish","type":"product","link":"https:\/\/www.alcateiatrekking.com.br\/roteiro\/travessia-ouropreto-x-sao-bartolomeu\/","title":{"rendered":"Travessia Ouro Preto x S\u00e3o Bartolomeu"},"content":{"rendered":"<div class=\"\">\n<article class=\"w-full scroll-mb-[var(--thread-trailing-height,150px)] text-token-text-primary focus-visible:outline-2 focus-visible:outline-offset-[-4px]\" dir=\"auto\" data-testid=\"conversation-turn-19\" data-scroll-anchor=\"true\">\n<div class=\"group\/conversation-turn relative flex w-full min-w-0 flex-col agent-turn\">\n<div class=\"flex-col gap-1 md:gap-3\">\n<div class=\"flex max-w-full flex-col flex-grow\">\n<div class=\"min-h-8 text-message flex w-full flex-col items-end gap-2 whitespace-normal break-words text-start [.text-message+&amp;]:mt-5\" dir=\"auto\" data-message-author-role=\"assistant\" data-message-id=\"5cb3aec3-467c-40ac-a2d1-a3fc8f52883a\" data-message-model-slug=\"gpt-4o\">\n<div class=\"flex w-full flex-col gap-1 empty:hidden first:pt-[3px]\">\n<div class=\"markdown prose w-full break-words dark:prose-invert dark\">\n<p data-start=\"94\" data-end=\"180\"><strong data-start=\"94\" data-end=\"180\">Travessia Ouro Preto \u2192 S\u00e3o Bartolomeu | Hist\u00f3ria, Natureza e Cultura em um s\u00f3 dia!<br \/>\n<\/strong>Uma travessia que \u00e9 a cara de Minas: hist\u00f3ria, paisagens de tirar o f\u00f4lego e aquele clima de interior no final da caminhada.<\/p>\n<p data-start=\"308\" data-end=\"626\">O trajeto liga Ouro Preto ao charmoso vilarejo de S\u00e3o Bartolomeu, por caminhos usados h\u00e1 s\u00e9culos por tropeiros e bandeirantes. Vamos passar por antigos trechos da Estrada Imperial, mirantes com vista para o Pico do Itacolomi e a Serra do Cara\u00e7a, al\u00e9m de trechos de mata fechada e \u00e1reas abertas com visual de montanhas.<\/p>\n<p data-start=\"628\" data-end=\"823\">Ao longo da caminhada, a gente sente na pele a mudan\u00e7a de ambiente: come\u00e7a no alto da serra, desce por trilhas de terra, passa por antigos trilhos de trem.<\/p>\n<p data-start=\"825\" data-end=\"985\">Para fechar com chave de ouro, a chegada em S\u00e3o Bartolomeu \u00e9 uma atra\u00e7\u00e3o \u00e0 parte: casinhas coloniais, uma igreja hist\u00f3rica e os famosos doces artesanais da vila.<\/p>\n<p data-start=\"987\" data-end=\"1144\"><strong data-start=\"987\" data-end=\"1001\">Dist\u00e2ncia:<\/strong> aproximadamente 14 km<br data-start=\"1023\" data-end=\"1026\" \/><strong data-start=\"1026\" data-end=\"1044\">Dura\u00e7\u00e3o m\u00e9dia:<\/strong> entre 5 e 7 horas de trilha<br \/>\n<strong>N\u00edvel de dificuldade:<\/strong> Moderado (Podendo ser dif\u00edcil para iniciantes)<br \/>\n\u274c N\u00e3o indicado para pessoas sedent\u00e1rias<br \/>\n\u26a0\ufe0f Terreno com pedras soltas e constante sobe e desce no alto da serra<br \/>\n\ud83d\udcc8 As subidas s\u00e3o curtas, mas exigem preparo. O percurso tem, no geral, <strong data-start=\"404\" data-end=\"436\">mais descidas do que subidas<br \/>\n<\/strong>Ideal para quem j\u00e1 possui alguma experi\u00eancia em trilhas e tem um bom condicionamento f\u00edsico.<\/p>\n<p data-start=\"1146\" data-end=\"1433\"><strong data-start=\"1146\" data-end=\"1167\">Destaques do dia<\/strong><strong data-start=\"1146\" data-end=\"1167\">:<\/strong><br data-start=\"1167\" data-end=\"1170\" \/>\u2714\ufe0f Travessia hist\u00f3rica pelas montanhas de Minas<br data-start=\"1217\" data-end=\"1220\" \/>\u2714\ufe0f Visual de serras e vales<br data-start=\"1274\" data-end=\"1277\" \/>\u2714\ufe0f Almo\u00e7o t\u00edpico mineiro (n\u00e3o incluso, mas com op\u00e7\u00f5es no vilarejo)<\/p>\n<p data-start=\"1435\" data-end=\"1589\">\ud83d\udc49 Importante:<br data-start=\"1449\" data-end=\"1452\" \/>Leve \u00e1gua suficiente, lanche leve para comer durante a trilha&#8230;<\/p>\n<p data-start=\"1591\" data-end=\"1640\">\n<\/div>\n<\/div>\n<\/div>\n<\/div>\n<\/div>\n<\/div>\n<\/article>\n<\/div>\n","protected":false},"excerpt":{"rendered":"<p>Travessia Ouro Preto \u2192 S\u00e3o Bartolomeu | Hist\u00f3ria, Natureza e Cultura em um s\u00f3 dia! Uma travessia que \u00e9 a cara de Minas: hist\u00f3ria, paisagens de tirar o f\u00f4lego e aquele clima de interior no final da caminhada. O trajeto liga Ouro Preto ao charmoso vilarejo de S\u00e3o Bartolomeu, por caminhos usados h\u00e1 s\u00e9culos por [&hellip;]<\/p>\n","protected":false},"featured_media":11470,"template":"","meta":{"_acf_changed":false,"inline_featured_image":false,"_exactmetrics_skip_tracking":false,"_exactmetrics_sitenote_active":false,"_exactmetrics_sitenote_note":"","_exactmetrics_sitenote_category":0},"product_brand":[],"product_cat":[48,72,61,65,69],"product_tag":[],"class_list":{"0":"post-11466","1":"product","2":"type-product","3":"status-publish","4":"has-post-thumbnail","6":"product_cat-agenda-completa","7":"product_cat-bate-volta","8":"product_cat-desafio","9":"product_cat-nivel-facil","10":"product_cat-tipo-de-roteiro","12":"first","13":"outofstock","14":"downloadable","15":"virtual","16":"taxable","17":"purchasable","18":"product-type-simple"},"acf":[],"yoast_head":"<!-- This site is optimized with the Yoast SEO plugin v27.4 - https:\/\/yoast.com\/product\/yoast-seo-wordpress\/ -->\n<title>Travessia Ouro Preto x S\u00e3o Bartolomeu &#187; Alcateia Trekking<\/title>\n<meta name=\"description\" content=\"Travessia Ouro Preto \u2192 S\u00e3o Bartolomeu | Hist\u00f3ria, Natureza e Cultura em um s\u00f3 dia! Uma travessia que \u00e9 a cara de Minas: hist\u00f3ria, paisagens de tirar o\" \/>\n<meta name=\"robots\" content=\"index, follow, max-snippet:-1, max-image-preview:large, max-video-preview:-1\" \/>\n<link rel=\"canonical\" href=\"https:\/\/www.alcateiatrekking.com.br\/roteiro\/travessia-ouropreto-x-sao-bartolomeu\/\" \/>\n<meta property=\"og:locale\" content=\"pt_BR\" \/>\n<meta property=\"og:type\" content=\"article\" \/>\n<meta property=\"og:title\" content=\"Travessia Ouro Preto x S\u00e3o Bartolomeu &#187; Alcateia Trekking\" \/>\n<meta property=\"og:description\" content=\"Travessia Ouro Preto \u2192 S\u00e3o Bartolomeu | Hist\u00f3ria, Natureza e Cultura em um s\u00f3 dia! Uma travessia que \u00e9 a cara de Minas: hist\u00f3ria, paisagens de tirar o\" \/>\n<meta property=\"og:url\" content=\"https:\/\/www.alcateiatrekking.com.br\/roteiro\/travessia-ouropreto-x-sao-bartolomeu\/\" \/>\n<meta property=\"og:site_name\" content=\"Alcateia Trekking\" \/>\n<meta property=\"article:modified_time\" content=\"2025-11-14T15:51:04+00:00\" \/>\n<meta name=\"twitter:card\" content=\"summary_large_image\" \/>\n<meta name=\"twitter:label1\" content=\"Est. tempo de leitura\" \/>\n\t<meta name=\"twitter:data1\" content=\"2 minutos\" \/>\n<script type=\"application\/ld+json\" class=\"yoast-schema-graph\">{\"@context\":\"https:\\\/\\\/schema.org\",\"@graph\":[{\"@type\":[\"WebPage\",\"ItemPage\"],\"@id\":\"https:\\\/\\\/www.alcateiatrekking.com.br\\\/roteiro\\\/travessia-ouropreto-x-sao-bartolomeu\\\/\",\"url\":\"https:\\\/\\\/www.alcateiatrekking.com.br\\\/roteiro\\\/travessia-ouropreto-x-sao-bartolomeu\\\/\",\"name\":\"Travessia Ouro Preto x S\u00e3o Bartolomeu &#187; Alcateia Trekking\",\"isPartOf\":{\"@id\":\"https:\\\/\\\/www.alcateiatrekking.com.br\\\/#website\"},\"primaryImageOfPage\":{\"@id\":\"https:\\\/\\\/www.alcateiatrekking.com.br\\\/roteiro\\\/travessia-ouropreto-x-sao-bartolomeu\\\/#primaryimage\"},\"image\":{\"@id\":\"https:\\\/\\\/www.alcateiatrekking.com.br\\\/roteiro\\\/travessia-ouropreto-x-sao-bartolomeu\\\/#primaryimage\"},\"thumbnailUrl\":\"https:\\\/\\\/www.alcateiatrekking.com.br\\\/wp-content\\\/uploads\\\/2025\\\/06\\\/IMG_2327-1-scaled.jpg\",\"datePublished\":\"2025-06-18T11:55:19+00:00\",\"dateModified\":\"2025-11-14T15:51:04+00:00\",\"description\":\"Travessia Ouro Preto \u2192 S\u00e3o Bartolomeu | Hist\u00f3ria, Natureza e Cultura em um s\u00f3 dia! Uma travessia que \u00e9 a cara de Minas: hist\u00f3ria, paisagens de tirar o\",\"breadcrumb\":{\"@id\":\"https:\\\/\\\/www.alcateiatrekking.com.br\\\/roteiro\\\/travessia-ouropreto-x-sao-bartolomeu\\\/#breadcrumb\"},\"inLanguage\":\"pt-BR\",\"potentialAction\":[{\"@type\":\"ReadAction\",\"target\":[\"https:\\\/\\\/www.alcateiatrekking.com.br\\\/roteiro\\\/travessia-ouropreto-x-sao-bartolomeu\\\/\"]}]},{\"@type\":\"ImageObject\",\"inLanguage\":\"pt-BR\",\"@id\":\"https:\\\/\\\/www.alcateiatrekking.com.br\\\/roteiro\\\/travessia-ouropreto-x-sao-bartolomeu\\\/#primaryimage\",\"url\":\"https:\\\/\\\/www.alcateiatrekking.com.br\\\/wp-content\\\/uploads\\\/2025\\\/06\\\/IMG_2327-1-scaled.jpg\",\"contentUrl\":\"https:\\\/\\\/www.alcateiatrekking.com.br\\\/wp-content\\\/uploads\\\/2025\\\/06\\\/IMG_2327-1-scaled.jpg\",\"width\":1920,\"height\":2560},{\"@type\":\"BreadcrumbList\",\"@id\":\"https:\\\/\\\/www.alcateiatrekking.com.br\\\/roteiro\\\/travessia-ouropreto-x-sao-bartolomeu\\\/#breadcrumb\",\"itemListElement\":[{\"@type\":\"ListItem\",\"position\":1,\"name\":\"In\u00edcio\",\"item\":\"https:\\\/\\\/www.alcateiatrekking.com.br\\\/\"},{\"@type\":\"ListItem\",\"position\":2,\"name\":\"Roteiros\",\"item\":\"https:\\\/\\\/www.alcateiatrekking.com.br\\\/roteiros\\\/\"},{\"@type\":\"ListItem\",\"position\":3,\"name\":\"Travessia Ouro Preto x S\u00e3o Bartolomeu\"}]},{\"@type\":\"WebSite\",\"@id\":\"https:\\\/\\\/www.alcateiatrekking.com.br\\\/#website\",\"url\":\"https:\\\/\\\/www.alcateiatrekking.com.br\\\/\",\"name\":\"Alcateia Trekking\",\"description\":\"Ecoturismo, Trilhas , Cachoeiras em BH \\\/ Minas Gerais\",\"publisher\":{\"@id\":\"https:\\\/\\\/www.alcateiatrekking.com.br\\\/#organization\"},\"alternateName\":\"Alcateia Trekking \\\/ Belo Horizonte\",\"potentialAction\":[{\"@type\":\"SearchAction\",\"target\":{\"@type\":\"EntryPoint\",\"urlTemplate\":\"https:\\\/\\\/www.alcateiatrekking.com.br\\\/?s={search_term_string}\"},\"query-input\":{\"@type\":\"PropertyValueSpecification\",\"valueRequired\":true,\"valueName\":\"search_term_string\"}}],\"inLanguage\":\"pt-BR\"},{\"@type\":\"Organization\",\"@id\":\"https:\\\/\\\/www.alcateiatrekking.com.br\\\/#organization\",\"name\":\"Alcateia Trekking\",\"url\":\"https:\\\/\\\/www.alcateiatrekking.com.br\\\/\",\"logo\":{\"@type\":\"ImageObject\",\"inLanguage\":\"pt-BR\",\"@id\":\"https:\\\/\\\/www.alcateiatrekking.com.br\\\/#\\\/schema\\\/logo\\\/image\\\/\",\"url\":\"https:\\\/\\\/www.alcateiatrekking.com.br\\\/wp-content\\\/uploads\\\/2023\\\/11\\\/logo-alcateia-trekking.svg\",\"contentUrl\":\"https:\\\/\\\/www.alcateiatrekking.com.br\\\/wp-content\\\/uploads\\\/2023\\\/11\\\/logo-alcateia-trekking.svg\",\"width\":623,\"height\":504,\"caption\":\"Alcateia Trekking\"},\"image\":{\"@id\":\"https:\\\/\\\/www.alcateiatrekking.com.br\\\/#\\\/schema\\\/logo\\\/image\\\/\"},\"sameAs\":[\"https:\\\/\\\/www.instagram.com\\\/alcateia_trekking\\\/\"]}]}<\/script>\n<!-- \/ Yoast SEO plugin. -->","yoast_head_json":{"title":"Travessia Ouro Preto x S\u00e3o Bartolomeu &#187; Alcateia Trekking","description":"Travessia Ouro Preto \u2192 S\u00e3o Bartolomeu | Hist\u00f3ria, Natureza e Cultura em um s\u00f3 dia! Uma travessia que \u00e9 a cara de Minas: hist\u00f3ria, paisagens de tirar o","robots":{"index":"index","follow":"follow","max-snippet":"max-snippet:-1","max-image-preview":"max-image-preview:large","max-video-preview":"max-video-preview:-1"},"canonical":"https:\/\/www.alcateiatrekking.com.br\/roteiro\/travessia-ouropreto-x-sao-bartolomeu\/","og_locale":"pt_BR","og_type":"article","og_title":"Travessia Ouro Preto x S\u00e3o Bartolomeu &#187; Alcateia Trekking","og_description":"Travessia Ouro Preto \u2192 S\u00e3o Bartolomeu | Hist\u00f3ria, Natureza e Cultura em um s\u00f3 dia! Uma travessia que \u00e9 a cara de Minas: hist\u00f3ria, paisagens de tirar o","og_url":"https:\/\/www.alcateiatrekking.com.br\/roteiro\/travessia-ouropreto-x-sao-bartolomeu\/","og_site_name":"Alcateia Trekking","article_modified_time":"2025-11-14T15:51:04+00:00","twitter_card":"summary_large_image","twitter_misc":{"Est. tempo de leitura":"2 minutos"},"schema":{"@context":"https:\/\/schema.org","@graph":[{"@type":["WebPage","ItemPage"],"@id":"https:\/\/www.alcateiatrekking.com.br\/roteiro\/travessia-ouropreto-x-sao-bartolomeu\/","url":"https:\/\/www.alcateiatrekking.com.br\/roteiro\/travessia-ouropreto-x-sao-bartolomeu\/","name":"Travessia Ouro Preto x S\u00e3o Bartolomeu &#187; Alcateia Trekking","isPartOf":{"@id":"https:\/\/www.alcateiatrekking.com.br\/#website"},"primaryImageOfPage":{"@id":"https:\/\/www.alcateiatrekking.com.br\/roteiro\/travessia-ouropreto-x-sao-bartolomeu\/#primaryimage"},"image":{"@id":"https:\/\/www.alcateiatrekking.com.br\/roteiro\/travessia-ouropreto-x-sao-bartolomeu\/#primaryimage"},"thumbnailUrl":"https:\/\/www.alcateiatrekking.com.br\/wp-content\/uploads\/2025\/06\/IMG_2327-1-scaled.jpg","datePublished":"2025-06-18T11:55:19+00:00","dateModified":"2025-11-14T15:51:04+00:00","description":"Travessia Ouro Preto \u2192 S\u00e3o Bartolomeu | Hist\u00f3ria, Natureza e Cultura em um s\u00f3 dia! Uma travessia que \u00e9 a cara de Minas: hist\u00f3ria, paisagens de tirar o","breadcrumb":{"@id":"https:\/\/www.alcateiatrekking.com.br\/roteiro\/travessia-ouropreto-x-sao-bartolomeu\/#breadcrumb"},"inLanguage":"pt-BR","potentialAction":[{"@type":"ReadAction","target":["https:\/\/www.alcateiatrekking.com.br\/roteiro\/travessia-ouropreto-x-sao-bartolomeu\/"]}]},{"@type":"ImageObject","inLanguage":"pt-BR","@id":"https:\/\/www.alcateiatrekking.com.br\/roteiro\/travessia-ouropreto-x-sao-bartolomeu\/#primaryimage","url":"https:\/\/www.alcateiatrekking.com.br\/wp-content\/uploads\/2025\/06\/IMG_2327-1-scaled.jpg","contentUrl":"https:\/\/www.alcateiatrekking.com.br\/wp-content\/uploads\/2025\/06\/IMG_2327-1-scaled.jpg","width":1920,"height":2560},{"@type":"BreadcrumbList","@id":"https:\/\/www.alcateiatrekking.com.br\/roteiro\/travessia-ouropreto-x-sao-bartolomeu\/#breadcrumb","itemListElement":[{"@type":"ListItem","position":1,"name":"In\u00edcio","item":"https:\/\/www.alcateiatrekking.com.br\/"},{"@type":"ListItem","position":2,"name":"Roteiros","item":"https:\/\/www.alcateiatrekking.com.br\/roteiros\/"},{"@type":"ListItem","position":3,"name":"Travessia Ouro Preto x S\u00e3o Bartolomeu"}]},{"@type":"WebSite","@id":"https:\/\/www.alcateiatrekking.com.br\/#website","url":"https:\/\/www.alcateiatrekking.com.br\/","name":"Alcateia Trekking","description":"Ecoturismo, Trilhas , Cachoeiras em BH \/ Minas Gerais","publisher":{"@id":"https:\/\/www.alcateiatrekking.com.br\/#organization"},"alternateName":"Alcateia Trekking \/ Belo Horizonte","potentialAction":[{"@type":"SearchAction","target":{"@type":"EntryPoint","urlTemplate":"https:\/\/www.alcateiatrekking.com.br\/?s={search_term_string}"},"query-input":{"@type":"PropertyValueSpecification","valueRequired":true,"valueName":"search_term_string"}}],"inLanguage":"pt-BR"},{"@type":"Organization","@id":"https:\/\/www.alcateiatrekking.com.br\/#organization","name":"Alcateia Trekking","url":"https:\/\/www.alcateiatrekking.com.br\/","logo":{"@type":"ImageObject","inLanguage":"pt-BR","@id":"https:\/\/www.alcateiatrekking.com.br\/#\/schema\/logo\/image\/","url":"https:\/\/www.alcateiatrekking.com.br\/wp-content\/uploads\/2023\/11\/logo-alcateia-trekking.svg","contentUrl":"https:\/\/www.alcateiatrekking.com.br\/wp-content\/uploads\/2023\/11\/logo-alcateia-trekking.svg","width":623,"height":504,"caption":"Alcateia Trekking"},"image":{"@id":"https:\/\/www.alcateiatrekking.com.br\/#\/schema\/logo\/image\/"},"sameAs":["https:\/\/www.instagram.com\/alcateia_trekking\/"]}]}},"_links":{"self":[{"href":"https:\/\/www.alcateiatrekking.com.br\/wp-projeto-api\/wp\/v2\/product\/11466","targetHints":{"allow":["GET"]}}],"collection":[{"href":"https:\/\/www.alcateiatrekking.com.br\/wp-projeto-api\/wp\/v2\/product"}],"about":[{"href":"https:\/\/www.alcateiatrekking.com.br\/wp-projeto-api\/wp\/v2\/types\/product"}],"wp:featuredmedia":[{"embeddable":true,"href":"https:\/\/www.alcateiatrekking.com.br\/wp-projeto-api\/wp\/v2\/media\/11470"}],"wp:attachment":[{"href":"https:\/\/www.alcateiatrekking.com.br\/wp-projeto-api\/wp\/v2\/media?parent=11466"}],"wp:term":[{"taxonomy":"product_brand","embeddable":true,"href":"https:\/\/www.alcateiatrekking.com.br\/wp-projeto-api\/wp\/v2\/product_brand?post=11466"},{"taxonomy":"product_cat","embeddable":true,"href":"https:\/\/www.alcateiatrekking.com.br\/wp-projeto-api\/wp\/v2\/product_cat?post=11466"},{"taxonomy":"product_tag","embeddable":true,"href":"https:\/\/www.alcateiatrekking.com.br\/wp-projeto-api\/wp\/v2\/product_tag?post=11466"}],"curies":[{"name":"wp","href":"https:\/\/api.w.org\/{rel}","templated":true}]}}