{"id":11330,"date":"2025-05-08T17:00:23","date_gmt":"2025-05-08T20:00:23","guid":{"rendered":"https:\/\/www.alcateiatrekking.com.br\/?post_type=product&#038;p=11330"},"modified":"2025-10-20T09:33:50","modified_gmt":"2025-10-20T12:33:50","slug":"parque-nacional-cavernas-do-peruacu","status":"publish","type":"product","link":"https:\/\/www.alcateiatrekking.com.br\/roteiro\/parque-nacional-cavernas-do-peruacu\/","title":{"rendered":"Parque Nacional Cavernas do Perua\u00e7u"},"content":{"rendered":"<div class=\"flex-1 overflow-hidden\">\n<div class=\"react-scroll-to-bottom--css-tmkoc-79elbk h-full\">\n<div class=\"react-scroll-to-bottom--css-tmkoc-1n7m0yu\">\n<div class=\"flex flex-col pb-9 text-sm\">\n<div class=\"w-full text-token-text-primary\" data-testid=\"conversation-turn-9\">\n<div class=\"px-4 py-2 justify-center text-base md:gap-6 m-auto\">\n<div class=\"flex flex-1 text-base mx-auto gap-3 md:px-5 lg:px-1 xl:px-5 md:max-w-3xl lg:max-w-[40rem] xl:max-w-[48rem] group final-completion\">\n<div class=\"relative flex w-full flex-col agent-turn\">\n<div class=\"flex-col gap-1 md:gap-3\">\n<div class=\"flex flex-grow flex-col max-w-full\">\n<div class=\"min-h-[20px] text-message flex flex-col items-start gap-3 whitespace-pre-wrap break-words [.text-message+&amp;]:mt-5 overflow-x-auto\" data-message-author-role=\"assistant\" data-message-id=\"f545b4f1-0057-4d1a-a693-8230c25e8ac5\">\n<div class=\"markdown prose w-full break-words dark:prose-invert light\">\n<h3 data-start=\"0\" data-end=\"69\"><strong data-start=\"4\" data-end=\"67\">Expedi\u00e7\u00e3o Parque Nacional Cavernas do Perua\u00e7u\u00a0<\/strong><\/h3>\n<p data-start=\"206\" data-end=\"503\">O <strong data-start=\"208\" data-end=\"247\">Parque Nacional Cavernas do Perua\u00e7u<\/strong> \u00e9 um destino que impressiona nos <strong data-start=\"281\" data-end=\"301\">m\u00ednimos detalhes<\/strong> e na sua <strong data-start=\"311\" data-end=\"332\">imensid\u00e3o surreal<\/strong>. A sensa\u00e7\u00e3o \u00e9 de estar em outro mundo! Al\u00e9m disso, \u00e9 uma <strong data-start=\"390\" data-end=\"409\">viagem no tempo<\/strong>, com <strong data-start=\"415\" data-end=\"437\">pinturas rupestres<\/strong> que contam a hist\u00f3ria dos primeiros habitantes da regi\u00e3o. \ud83d\udd96\ud83c\udfde\ufe0f<\/p>\n<p data-start=\"505\" data-end=\"914\">\ud83d\udea4 <strong data-start=\"508\" data-end=\"535\">Destaques da expedi\u00e7\u00e3o:<\/strong><br data-start=\"535\" data-end=\"538\" \/>\u2714 <strong data-start=\"540\" data-end=\"571\">Guias locais especializados<\/strong>, explicando toda a hist\u00f3ria e geologia do parque.<br data-start=\"621\" data-end=\"624\" \/>\u2714 <strong data-start=\"626\" data-end=\"669\" data-is-only-node=\"\">Passeio de barco pelo Rio S\u00e3o Francisco<\/strong>\u00a0<br data-start=\"700\" data-end=\"703\" \/>\u2714 <strong data-start=\"705\" data-end=\"727\">Trilhas acess\u00edveis<\/strong>, mas que exigem <strong data-start=\"744\" data-end=\"774\">bom condicionamento f\u00edsico<\/strong>.<br \/>\nA <strong data-start=\"778\" data-end=\"805\">Trilha do Arco do Andr\u00e9<\/strong>, por exemplo, \u00e9 a mais longa e pode ser desafiadora para quem n\u00e3o pratica atividades f\u00edsicas regularmente.<\/p>\n<p data-start=\"916\" data-end=\"1104\">O <strong data-start=\"918\" data-end=\"955\">turismo no Perua\u00e7u est\u00e1 crescendo<\/strong>, e n\u00f3s operamos essa expedi\u00e7\u00e3o desde <strong data-start=\"993\" data-end=\"1001\">2022<\/strong>. Se voc\u00ea quer conhecer um dos lugares <strong data-start=\"1040\" data-end=\"1080\">mais impressionantes de Minas Gerais<\/strong>, essa \u00e9 sua chance.<\/p>\n<p>Roteiro completo no PDF abaixo&#8230;<\/p>\n<\/div>\n<\/div>\n<\/div>\n<\/div>\n<div class=\"absolute\">\n<div class=\"flex w-full gap-2 items-center justify-center\"><\/div>\n<\/div>\n<\/div>\n<\/div>\n<\/div>\n<\/div>\n<\/div>\n<\/div>\n<\/div>\n<\/div>\n<div class=\"w-full pt-2 md:pt-0 dark:border-white\/20 md:border-transparent md:dark:border-transparent md:w-[calc(100%-.5rem)]\">\n<div class=\"relative flex h-full flex-1 items-stretch md:flex-col\">\n<div class=\"flex w-full items-center\"><\/div>\n<\/div>\n<\/div>\n","protected":false},"excerpt":{"rendered":"<article class=\"w-full text-token-text-primary focus-visible:outline-2 focus-visible:outline-offset-[-4px]\" dir=\"auto\" data-testid=\"conversation-turn-13\" data-scroll-anchor=\"true\">\n<div class=\"m-auto text-base py-[18px] px-6\">\n<div class=\"mx-auto flex flex-1 text-base gap-4 md:gap-5 lg:gap-6 md:max-w-3xl lg:max-w-[40rem] xl:max-w-[48rem]\">\n<div class=\"group\/conversation-turn relative flex w-full min-w-0 flex-col agent-turn @xs\/thread:px-0 @sm\/thread:px-1.5 @md\/thread:px-4\">\n<div class=\"flex-col gap-1 md:gap-3\">\n<div class=\"flex max-w-full flex-col flex-grow\">\n<div class=\"min-h-8 text-message relative flex w-full flex-col items-end gap-2 whitespace-normal break-words text-start [.text-message+&amp;]:mt-5\" dir=\"auto\" data-message-author-role=\"assistant\" data-message-id=\"4718d3da-5982-49ed-b8ca-59a5524b1675\" data-message-model-slug=\"gpt-4o\">\n<div class=\"flex w-full flex-col gap-1 empty:hidden first:pt-[3px]\">\n<div class=\"markdown prose w-full break-words dark:prose-invert dark\">\n<p data-start=\"0\" data-end=\"603\" data-is-last-node=\"\" data-is-only-node=\"\">\u00a0Caminhe entre gigantes, explore cavernas monumentais, veja de perto pinturas rupestres milenares e embarque em um passeio pelo lend\u00e1rio Rio S\u00e3o Francisco. Com guias locais que trazem hist\u00f3rias fascinantes, essa viagem \u00e9 uma verdadeira imers\u00e3o na natureza e no tempo. Se voc\u00ea busca um destino diferente, repleto de beleza e significado, essa experi\u00eancia foi feita para voc\u00ea.<\/p>\n<\/div>\n<\/div>\n<\/div>\n<\/div>\n<\/div>\n<\/div>\n<\/div>\n<\/div>\n<\/article>\n","protected":false},"featured_media":11325,"template":"","meta":{"_acf_changed":false,"inline_featured_image":false,"_exactmetrics_skip_tracking":false,"_exactmetrics_sitenote_active":false,"_exactmetrics_sitenote_note":"","_exactmetrics_sitenote_category":0},"product_brand":[],"product_cat":[48,64],"product_tag":[],"class_list":{"0":"post-11330","1":"product","2":"type-product","3":"status-publish","4":"has-post-thumbnail","6":"product_cat-agenda-completa","7":"product_cat-nivel-moderado","9":"first","10":"outofstock","11":"taxable","12":"shipping-taxable","13":"purchasable","14":"product-type-variable","15":"has-default-attributes"},"acf":[],"yoast_head":"<!-- This site is optimized with the Yoast SEO plugin v27.4 - https:\/\/yoast.com\/product\/yoast-seo-wordpress\/ -->\n<title>Parque Nacional Cavernas do Perua\u00e7u &#187; Alcateia Trekking<\/title>\n<meta name=\"description\" content=\"\u00a0Caminhe entre gigantes, explore cavernas monumentais, veja de perto pinturas rupestres milenares e embarque em um passeio pelo lend\u00e1rio Rio S\u00e3o Francisco. Com guias locais que trazem hist\u00f3rias fascinantes, essa viagem \u00e9 uma verdadeira imers\u00e3o na natureza e no tempo. Se voc\u00ea busca um destino diferente, repleto de beleza e significado, essa experi\u00eancia foi feita para voc\u00ea.\" \/>\n<meta name=\"robots\" content=\"index, follow, max-snippet:-1, max-image-preview:large, max-video-preview:-1\" \/>\n<link rel=\"canonical\" href=\"https:\/\/www.alcateiatrekking.com.br\/roteiro\/parque-nacional-cavernas-do-peruacu\/\" \/>\n<meta property=\"og:locale\" content=\"pt_BR\" \/>\n<meta property=\"og:type\" content=\"article\" \/>\n<meta property=\"og:title\" content=\"Parque Nacional Cavernas do Perua\u00e7u &#187; Alcateia Trekking\" \/>\n<meta property=\"og:description\" content=\"\u00a0Caminhe entre gigantes, explore cavernas monumentais, veja de perto pinturas rupestres milenares e embarque em um passeio pelo lend\u00e1rio Rio S\u00e3o Francisco. Com guias locais que trazem hist\u00f3rias fascinantes, essa viagem \u00e9 uma verdadeira imers\u00e3o na natureza e no tempo. Se voc\u00ea busca um destino diferente, repleto de beleza e significado, essa experi\u00eancia foi feita para voc\u00ea.\" \/>\n<meta property=\"og:url\" content=\"https:\/\/www.alcateiatrekking.com.br\/roteiro\/parque-nacional-cavernas-do-peruacu\/\" \/>\n<meta property=\"og:site_name\" content=\"Alcateia Trekking\" \/>\n<meta property=\"article:modified_time\" content=\"2025-10-20T12:33:50+00:00\" \/>\n<meta property=\"og:image\" content=\"https:\/\/www.alcateiatrekking.com.br\/wp-content\/uploads\/2024\/02\/IMG_7402-scaled-450x600.jpg\" \/>\n\t<meta property=\"og:image:width\" content=\"1920\" \/>\n\t<meta property=\"og:image:height\" content=\"2560\" \/>\n\t<meta property=\"og:image:type\" content=\"image\/jpeg\" \/>\n<meta name=\"twitter:card\" content=\"summary_large_image\" \/>\n<meta name=\"twitter:label1\" content=\"Est. tempo de leitura\" \/>\n\t<meta name=\"twitter:data1\" content=\"1 minuto\" \/>\n<script type=\"application\/ld+json\" class=\"yoast-schema-graph\">{\"@context\":\"https:\\\/\\\/schema.org\",\"@graph\":[{\"@type\":[\"WebPage\",\"ItemPage\"],\"@id\":\"https:\\\/\\\/www.alcateiatrekking.com.br\\\/roteiro\\\/parque-nacional-cavernas-do-peruacu\\\/\",\"url\":\"https:\\\/\\\/www.alcateiatrekking.com.br\\\/roteiro\\\/parque-nacional-cavernas-do-peruacu\\\/\",\"name\":\"Parque Nacional Cavernas do Perua\u00e7u &#187; Alcateia Trekking\",\"isPartOf\":{\"@id\":\"https:\\\/\\\/www.alcateiatrekking.com.br\\\/#website\"},\"primaryImageOfPage\":{\"@id\":\"https:\\\/\\\/www.alcateiatrekking.com.br\\\/roteiro\\\/parque-nacional-cavernas-do-peruacu\\\/#primaryimage\"},\"image\":{\"@id\":\"https:\\\/\\\/www.alcateiatrekking.com.br\\\/roteiro\\\/parque-nacional-cavernas-do-peruacu\\\/#primaryimage\"},\"thumbnailUrl\":\"https:\\\/\\\/www.alcateiatrekking.com.br\\\/wp-content\\\/uploads\\\/2024\\\/02\\\/IMG_7402-scaled.jpg\",\"datePublished\":\"2025-05-08T20:00:23+00:00\",\"dateModified\":\"2025-10-20T12:33:50+00:00\",\"description\":\"\u00a0Caminhe entre gigantes, explore cavernas monumentais, veja de perto pinturas rupestres milenares e embarque em um passeio pelo lend\u00e1rio Rio S\u00e3o Francisco. Com guias locais que trazem hist\u00f3rias fascinantes, essa viagem \u00e9 uma verdadeira imers\u00e3o na natureza e no tempo. Se voc\u00ea busca um destino diferente, repleto de beleza e significado, essa experi\u00eancia foi feita para voc\u00ea.\",\"breadcrumb\":{\"@id\":\"https:\\\/\\\/www.alcateiatrekking.com.br\\\/roteiro\\\/parque-nacional-cavernas-do-peruacu\\\/#breadcrumb\"},\"inLanguage\":\"pt-BR\",\"potentialAction\":[{\"@type\":\"ReadAction\",\"target\":[\"https:\\\/\\\/www.alcateiatrekking.com.br\\\/roteiro\\\/parque-nacional-cavernas-do-peruacu\\\/\"]}]},{\"@type\":\"ImageObject\",\"inLanguage\":\"pt-BR\",\"@id\":\"https:\\\/\\\/www.alcateiatrekking.com.br\\\/roteiro\\\/parque-nacional-cavernas-do-peruacu\\\/#primaryimage\",\"url\":\"https:\\\/\\\/www.alcateiatrekking.com.br\\\/wp-content\\\/uploads\\\/2024\\\/02\\\/IMG_7402-scaled.jpg\",\"contentUrl\":\"https:\\\/\\\/www.alcateiatrekking.com.br\\\/wp-content\\\/uploads\\\/2024\\\/02\\\/IMG_7402-scaled.jpg\",\"width\":1920,\"height\":2560},{\"@type\":\"BreadcrumbList\",\"@id\":\"https:\\\/\\\/www.alcateiatrekking.com.br\\\/roteiro\\\/parque-nacional-cavernas-do-peruacu\\\/#breadcrumb\",\"itemListElement\":[{\"@type\":\"ListItem\",\"position\":1,\"name\":\"In\u00edcio\",\"item\":\"https:\\\/\\\/www.alcateiatrekking.com.br\\\/\"},{\"@type\":\"ListItem\",\"position\":2,\"name\":\"Roteiros\",\"item\":\"https:\\\/\\\/www.alcateiatrekking.com.br\\\/roteiros\\\/\"},{\"@type\":\"ListItem\",\"position\":3,\"name\":\"Parque Nacional Cavernas do Perua\u00e7u\"}]},{\"@type\":\"WebSite\",\"@id\":\"https:\\\/\\\/www.alcateiatrekking.com.br\\\/#website\",\"url\":\"https:\\\/\\\/www.alcateiatrekking.com.br\\\/\",\"name\":\"Alcateia Trekking\",\"description\":\"Ecoturismo, Trilhas , Cachoeiras em BH \\\/ Minas Gerais\",\"publisher\":{\"@id\":\"https:\\\/\\\/www.alcateiatrekking.com.br\\\/#organization\"},\"alternateName\":\"Alcateia Trekking \\\/ Belo Horizonte\",\"potentialAction\":[{\"@type\":\"SearchAction\",\"target\":{\"@type\":\"EntryPoint\",\"urlTemplate\":\"https:\\\/\\\/www.alcateiatrekking.com.br\\\/?s={search_term_string}\"},\"query-input\":{\"@type\":\"PropertyValueSpecification\",\"valueRequired\":true,\"valueName\":\"search_term_string\"}}],\"inLanguage\":\"pt-BR\"},{\"@type\":\"Organization\",\"@id\":\"https:\\\/\\\/www.alcateiatrekking.com.br\\\/#organization\",\"name\":\"Alcateia Trekking\",\"url\":\"https:\\\/\\\/www.alcateiatrekking.com.br\\\/\",\"logo\":{\"@type\":\"ImageObject\",\"inLanguage\":\"pt-BR\",\"@id\":\"https:\\\/\\\/www.alcateiatrekking.com.br\\\/#\\\/schema\\\/logo\\\/image\\\/\",\"url\":\"https:\\\/\\\/www.alcateiatrekking.com.br\\\/wp-content\\\/uploads\\\/2023\\\/11\\\/logo-alcateia-trekking.svg\",\"contentUrl\":\"https:\\\/\\\/www.alcateiatrekking.com.br\\\/wp-content\\\/uploads\\\/2023\\\/11\\\/logo-alcateia-trekking.svg\",\"width\":623,\"height\":504,\"caption\":\"Alcateia Trekking\"},\"image\":{\"@id\":\"https:\\\/\\\/www.alcateiatrekking.com.br\\\/#\\\/schema\\\/logo\\\/image\\\/\"},\"sameAs\":[\"https:\\\/\\\/www.instagram.com\\\/alcateia_trekking\\\/\"]}]}<\/script>\n<!-- \/ Yoast SEO plugin. -->","yoast_head_json":{"title":"Parque Nacional Cavernas do Perua\u00e7u &#187; Alcateia Trekking","description":"\u00a0Caminhe entre gigantes, explore cavernas monumentais, veja de perto pinturas rupestres milenares e embarque em um passeio pelo lend\u00e1rio Rio S\u00e3o Francisco. Com guias locais que trazem hist\u00f3rias fascinantes, essa viagem \u00e9 uma verdadeira imers\u00e3o na natureza e no tempo. Se voc\u00ea busca um destino diferente, repleto de beleza e significado, essa experi\u00eancia foi feita para voc\u00ea.","robots":{"index":"index","follow":"follow","max-snippet":"max-snippet:-1","max-image-preview":"max-image-preview:large","max-video-preview":"max-video-preview:-1"},"canonical":"https:\/\/www.alcateiatrekking.com.br\/roteiro\/parque-nacional-cavernas-do-peruacu\/","og_locale":"pt_BR","og_type":"article","og_title":"Parque Nacional Cavernas do Perua\u00e7u &#187; Alcateia Trekking","og_description":"\u00a0Caminhe entre gigantes, explore cavernas monumentais, veja de perto pinturas rupestres milenares e embarque em um passeio pelo lend\u00e1rio Rio S\u00e3o Francisco. Com guias locais que trazem hist\u00f3rias fascinantes, essa viagem \u00e9 uma verdadeira imers\u00e3o na natureza e no tempo. Se voc\u00ea busca um destino diferente, repleto de beleza e significado, essa experi\u00eancia foi feita para voc\u00ea.","og_url":"https:\/\/www.alcateiatrekking.com.br\/roteiro\/parque-nacional-cavernas-do-peruacu\/","og_site_name":"Alcateia Trekking","article_modified_time":"2025-10-20T12:33:50+00:00","og_image":[{"width":1920,"height":2560,"url":"https:\/\/www.alcateiatrekking.com.br\/wp-content\/uploads\/2024\/02\/IMG_7402-scaled-450x600.jpg","type":"image\/jpeg"}],"twitter_card":"summary_large_image","twitter_misc":{"Est. tempo de leitura":"1 minuto"},"schema":{"@context":"https:\/\/schema.org","@graph":[{"@type":["WebPage","ItemPage"],"@id":"https:\/\/www.alcateiatrekking.com.br\/roteiro\/parque-nacional-cavernas-do-peruacu\/","url":"https:\/\/www.alcateiatrekking.com.br\/roteiro\/parque-nacional-cavernas-do-peruacu\/","name":"Parque Nacional Cavernas do Perua\u00e7u &#187; Alcateia Trekking","isPartOf":{"@id":"https:\/\/www.alcateiatrekking.com.br\/#website"},"primaryImageOfPage":{"@id":"https:\/\/www.alcateiatrekking.com.br\/roteiro\/parque-nacional-cavernas-do-peruacu\/#primaryimage"},"image":{"@id":"https:\/\/www.alcateiatrekking.com.br\/roteiro\/parque-nacional-cavernas-do-peruacu\/#primaryimage"},"thumbnailUrl":"https:\/\/www.alcateiatrekking.com.br\/wp-content\/uploads\/2024\/02\/IMG_7402-scaled.jpg","datePublished":"2025-05-08T20:00:23+00:00","dateModified":"2025-10-20T12:33:50+00:00","description":"\u00a0Caminhe entre gigantes, explore cavernas monumentais, veja de perto pinturas rupestres milenares e embarque em um passeio pelo lend\u00e1rio Rio S\u00e3o Francisco. Com guias locais que trazem hist\u00f3rias fascinantes, essa viagem \u00e9 uma verdadeira imers\u00e3o na natureza e no tempo. Se voc\u00ea busca um destino diferente, repleto de beleza e significado, essa experi\u00eancia foi feita para voc\u00ea.","breadcrumb":{"@id":"https:\/\/www.alcateiatrekking.com.br\/roteiro\/parque-nacional-cavernas-do-peruacu\/#breadcrumb"},"inLanguage":"pt-BR","potentialAction":[{"@type":"ReadAction","target":["https:\/\/www.alcateiatrekking.com.br\/roteiro\/parque-nacional-cavernas-do-peruacu\/"]}]},{"@type":"ImageObject","inLanguage":"pt-BR","@id":"https:\/\/www.alcateiatrekking.com.br\/roteiro\/parque-nacional-cavernas-do-peruacu\/#primaryimage","url":"https:\/\/www.alcateiatrekking.com.br\/wp-content\/uploads\/2024\/02\/IMG_7402-scaled.jpg","contentUrl":"https:\/\/www.alcateiatrekking.com.br\/wp-content\/uploads\/2024\/02\/IMG_7402-scaled.jpg","width":1920,"height":2560},{"@type":"BreadcrumbList","@id":"https:\/\/www.alcateiatrekking.com.br\/roteiro\/parque-nacional-cavernas-do-peruacu\/#breadcrumb","itemListElement":[{"@type":"ListItem","position":1,"name":"In\u00edcio","item":"https:\/\/www.alcateiatrekking.com.br\/"},{"@type":"ListItem","position":2,"name":"Roteiros","item":"https:\/\/www.alcateiatrekking.com.br\/roteiros\/"},{"@type":"ListItem","position":3,"name":"Parque Nacional Cavernas do Perua\u00e7u"}]},{"@type":"WebSite","@id":"https:\/\/www.alcateiatrekking.com.br\/#website","url":"https:\/\/www.alcateiatrekking.com.br\/","name":"Alcateia Trekking","description":"Ecoturismo, Trilhas , Cachoeiras em BH \/ Minas Gerais","publisher":{"@id":"https:\/\/www.alcateiatrekking.com.br\/#organization"},"alternateName":"Alcateia Trekking \/ Belo Horizonte","potentialAction":[{"@type":"SearchAction","target":{"@type":"EntryPoint","urlTemplate":"https:\/\/www.alcateiatrekking.com.br\/?s={search_term_string}"},"query-input":{"@type":"PropertyValueSpecification","valueRequired":true,"valueName":"search_term_string"}}],"inLanguage":"pt-BR"},{"@type":"Organization","@id":"https:\/\/www.alcateiatrekking.com.br\/#organization","name":"Alcateia Trekking","url":"https:\/\/www.alcateiatrekking.com.br\/","logo":{"@type":"ImageObject","inLanguage":"pt-BR","@id":"https:\/\/www.alcateiatrekking.com.br\/#\/schema\/logo\/image\/","url":"https:\/\/www.alcateiatrekking.com.br\/wp-content\/uploads\/2023\/11\/logo-alcateia-trekking.svg","contentUrl":"https:\/\/www.alcateiatrekking.com.br\/wp-content\/uploads\/2023\/11\/logo-alcateia-trekking.svg","width":623,"height":504,"caption":"Alcateia Trekking"},"image":{"@id":"https:\/\/www.alcateiatrekking.com.br\/#\/schema\/logo\/image\/"},"sameAs":["https:\/\/www.instagram.com\/alcateia_trekking\/"]}]}},"_links":{"self":[{"href":"https:\/\/www.alcateiatrekking.com.br\/wp-projeto-api\/wp\/v2\/product\/11330","targetHints":{"allow":["GET"]}}],"collection":[{"href":"https:\/\/www.alcateiatrekking.com.br\/wp-projeto-api\/wp\/v2\/product"}],"about":[{"href":"https:\/\/www.alcateiatrekking.com.br\/wp-projeto-api\/wp\/v2\/types\/product"}],"wp:featuredmedia":[{"embeddable":true,"href":"https:\/\/www.alcateiatrekking.com.br\/wp-projeto-api\/wp\/v2\/media\/11325"}],"wp:attachment":[{"href":"https:\/\/www.alcateiatrekking.com.br\/wp-projeto-api\/wp\/v2\/media?parent=11330"}],"wp:term":[{"taxonomy":"product_brand","embeddable":true,"href":"https:\/\/www.alcateiatrekking.com.br\/wp-projeto-api\/wp\/v2\/product_brand?post=11330"},{"taxonomy":"product_cat","embeddable":true,"href":"https:\/\/www.alcateiatrekking.com.br\/wp-projeto-api\/wp\/v2\/product_cat?post=11330"},{"taxonomy":"product_tag","embeddable":true,"href":"https:\/\/www.alcateiatrekking.com.br\/wp-projeto-api\/wp\/v2\/product_tag?post=11330"}],"curies":[{"name":"wp","href":"https:\/\/api.w.org\/{rel}","templated":true}]}}