{"id":11074,"date":"2025-03-13T07:49:09","date_gmt":"2025-03-13T10:49:09","guid":{"rendered":"https:\/\/www.alcateiatrekking.com.br\/?post_type=product&#038;p=11074"},"modified":"2025-06-30T09:46:47","modified_gmt":"2025-06-30T12:46:47","slug":"cachoeira-do-bau","status":"publish","type":"product","link":"https:\/\/www.alcateiatrekking.com.br\/roteiro\/cachoeira-do-bau\/","title":{"rendered":"Cachoeira do Ba\u00fa"},"content":{"rendered":"<p><strong data-start=\"82\" data-end=\"114\">Cachoeira do Ba\u00fa \u2013 Rio Acima<\/strong><\/p>\n<p data-start=\"118\" data-end=\"371\">A trilha at\u00e9 a <strong data-start=\"133\" data-end=\"153\">Cachoeira do Ba\u00fa<\/strong>, em <strong data-start=\"158\" data-end=\"171\">Rio Acima<\/strong>, \u00e9 de n\u00edvel <strong data-start=\"184\" data-end=\"204\">f\u00e1cil a moderado<\/strong>, dependendo do condicionamento de cada participante. O percurso come\u00e7a na estrada e logo entramos em uma <strong data-start=\"310\" data-end=\"334\">\u00e1rea de mata fechada<\/strong> linda, caminhando pr\u00f3ximos \u00e0 \u00e1gua.<\/p>\n<p data-start=\"373\" data-end=\"559\">No caminho, atravessamos um rio \u2013 a \u00e1gua chega pr\u00f3ximo \u00e0 canela \u2013 e, ap\u00f3s mais um trecho de caminhada, chegamos \u00e0 cachoeira, que tem <strong data-start=\"506\" data-end=\"527\">\u00e1guas cristalinas<\/strong> e uma <strong data-start=\"534\" data-end=\"556\">queda deslumbrante<\/strong>.<\/p>\n<p data-start=\"561\" data-end=\"693\">\ud83d\udccd <strong data-start=\"564\" data-end=\"576\">Paradas:<\/strong><br data-start=\"576\" data-end=\"579\" \/>\ud83e\udd50 <strong data-start=\"582\" data-end=\"593\">Na ida:<\/strong> parada em uma padaria.<br data-start=\"616\" data-end=\"619\" \/>\ud83c\udf7d\ufe0f <strong data-start=\"623\" data-end=\"636\">Na volta:<\/strong> parada para almo\u00e7o (R$ 35,00 \u00e0 vontade \u2013 n\u00e3o incluso).<\/p>\n","protected":false},"excerpt":{"rendered":"<p>Cachoeira do Ba\u00fa \u2013 Rio Acima A trilha at\u00e9 a Cachoeira do Ba\u00fa, em Rio Acima, \u00e9 de n\u00edvel f\u00e1cil a moderado, dependendo do condicionamento de cada participante. O percurso come\u00e7a na estrada e logo entramos em uma \u00e1rea de mata fechada linda, caminhando pr\u00f3ximos \u00e0 \u00e1gua. No caminho, atravessamos um rio \u2013 a \u00e1gua [&hellip;]<\/p>\n","protected":false},"featured_media":11085,"template":"","meta":{"_acf_changed":false,"inline_featured_image":false,"_exactmetrics_skip_tracking":false,"_exactmetrics_sitenote_active":false,"_exactmetrics_sitenote_note":"","_exactmetrics_sitenote_category":0},"product_brand":[],"product_cat":[48,72,61,63,64,69],"product_tag":[],"class_list":{"0":"post-11074","1":"product","2":"type-product","3":"status-publish","4":"has-post-thumbnail","6":"product_cat-agenda-completa","7":"product_cat-bate-volta","8":"product_cat-desafio","9":"product_cat-nivel-dificil","10":"product_cat-nivel-moderado","11":"product_cat-tipo-de-roteiro","13":"first","14":"outofstock","15":"virtual","16":"taxable","17":"purchasable","18":"product-type-simple"},"acf":[],"yoast_head":"<!-- This site is optimized with the Yoast SEO plugin v27.4 - https:\/\/yoast.com\/product\/yoast-seo-wordpress\/ -->\n<title>Cachoeira do Ba\u00fa &#187; Alcateia Trekking<\/title>\n<meta name=\"description\" content=\"Cachoeira do Ba\u00fa \u2013 Rio Acima A trilha at\u00e9 a Cachoeira do Ba\u00fa, em Rio Acima, \u00e9 de n\u00edvel f\u00e1cil a moderado, dependendo do condicionamento de cada\" \/>\n<meta name=\"robots\" content=\"index, follow, max-snippet:-1, max-image-preview:large, max-video-preview:-1\" \/>\n<link rel=\"canonical\" href=\"https:\/\/www.alcateiatrekking.com.br\/roteiro\/cachoeira-do-bau\/\" \/>\n<meta property=\"og:locale\" content=\"pt_BR\" \/>\n<meta property=\"og:type\" content=\"article\" \/>\n<meta property=\"og:title\" content=\"Cachoeira do Ba\u00fa &#187; Alcateia Trekking\" \/>\n<meta property=\"og:description\" content=\"Cachoeira do Ba\u00fa \u2013 Rio Acima A trilha at\u00e9 a Cachoeira do Ba\u00fa, em Rio Acima, \u00e9 de n\u00edvel f\u00e1cil a moderado, dependendo do condicionamento de cada\" \/>\n<meta property=\"og:url\" content=\"https:\/\/www.alcateiatrekking.com.br\/roteiro\/cachoeira-do-bau\/\" \/>\n<meta property=\"og:site_name\" content=\"Alcateia Trekking\" \/>\n<meta property=\"article:modified_time\" content=\"2025-06-30T12:46:47+00:00\" \/>\n<meta property=\"og:image\" content=\"https:\/\/www.alcateiatrekking.com.br\/wp-content\/uploads\/2025\/03\/Imagem-do-WhatsApp-de-2025-03-14-as-09.24.31_42c11578.jpg\" \/>\n\t<meta property=\"og:image:width\" content=\"1280\" \/>\n\t<meta property=\"og:image:height\" content=\"1600\" \/>\n\t<meta property=\"og:image:type\" content=\"image\/jpeg\" \/>\n<meta name=\"twitter:card\" content=\"summary_large_image\" \/>\n<meta name=\"twitter:label1\" content=\"Est. tempo de leitura\" \/>\n\t<meta name=\"twitter:data1\" content=\"1 minuto\" \/>\n<script type=\"application\/ld+json\" class=\"yoast-schema-graph\">{\"@context\":\"https:\\\/\\\/schema.org\",\"@graph\":[{\"@type\":[\"WebPage\",\"ItemPage\"],\"@id\":\"https:\\\/\\\/www.alcateiatrekking.com.br\\\/roteiro\\\/cachoeira-do-bau\\\/\",\"url\":\"https:\\\/\\\/www.alcateiatrekking.com.br\\\/roteiro\\\/cachoeira-do-bau\\\/\",\"name\":\"Cachoeira do Ba\u00fa &#187; Alcateia Trekking\",\"isPartOf\":{\"@id\":\"https:\\\/\\\/www.alcateiatrekking.com.br\\\/#website\"},\"primaryImageOfPage\":{\"@id\":\"https:\\\/\\\/www.alcateiatrekking.com.br\\\/roteiro\\\/cachoeira-do-bau\\\/#primaryimage\"},\"image\":{\"@id\":\"https:\\\/\\\/www.alcateiatrekking.com.br\\\/roteiro\\\/cachoeira-do-bau\\\/#primaryimage\"},\"thumbnailUrl\":\"https:\\\/\\\/www.alcateiatrekking.com.br\\\/wp-content\\\/uploads\\\/2025\\\/03\\\/Imagem-do-WhatsApp-de-2025-03-14-as-09.24.31_42c11578-480x600.jpg\",\"datePublished\":\"2025-03-13T10:49:09+00:00\",\"dateModified\":\"2025-06-30T12:46:47+00:00\",\"description\":\"Cachoeira do Ba\u00fa \u2013 Rio Acima A trilha at\u00e9 a Cachoeira do Ba\u00fa, em Rio Acima, \u00e9 de n\u00edvel f\u00e1cil a moderado, dependendo do condicionamento de cada\",\"breadcrumb\":{\"@id\":\"https:\\\/\\\/www.alcateiatrekking.com.br\\\/roteiro\\\/cachoeira-do-bau\\\/#breadcrumb\"},\"inLanguage\":\"pt-BR\",\"potentialAction\":[{\"@type\":\"ReadAction\",\"target\":[\"https:\\\/\\\/www.alcateiatrekking.com.br\\\/roteiro\\\/cachoeira-do-bau\\\/\"]}]},{\"@type\":\"ImageObject\",\"inLanguage\":\"pt-BR\",\"@id\":\"https:\\\/\\\/www.alcateiatrekking.com.br\\\/roteiro\\\/cachoeira-do-bau\\\/#primaryimage\",\"url\":\"https:\\\/\\\/www.alcateiatrekking.com.br\\\/wp-content\\\/uploads\\\/2025\\\/03\\\/Imagem-do-WhatsApp-de-2025-03-14-as-09.24.31_42c11578-480x600.jpg\",\"contentUrl\":\"https:\\\/\\\/www.alcateiatrekking.com.br\\\/wp-content\\\/uploads\\\/2025\\\/03\\\/Imagem-do-WhatsApp-de-2025-03-14-as-09.24.31_42c11578-480x600.jpg\",\"width\":1280,\"height\":1600},{\"@type\":\"BreadcrumbList\",\"@id\":\"https:\\\/\\\/www.alcateiatrekking.com.br\\\/roteiro\\\/cachoeira-do-bau\\\/#breadcrumb\",\"itemListElement\":[{\"@type\":\"ListItem\",\"position\":1,\"name\":\"In\u00edcio\",\"item\":\"https:\\\/\\\/www.alcateiatrekking.com.br\\\/\"},{\"@type\":\"ListItem\",\"position\":2,\"name\":\"Roteiros\",\"item\":\"https:\\\/\\\/www.alcateiatrekking.com.br\\\/roteiros\\\/\"},{\"@type\":\"ListItem\",\"position\":3,\"name\":\"Cachoeira do Ba\u00fa\"}]},{\"@type\":\"WebSite\",\"@id\":\"https:\\\/\\\/www.alcateiatrekking.com.br\\\/#website\",\"url\":\"https:\\\/\\\/www.alcateiatrekking.com.br\\\/\",\"name\":\"Alcateia Trekking\",\"description\":\"Ecoturismo, Trilhas , Cachoeiras em BH \\\/ Minas Gerais\",\"publisher\":{\"@id\":\"https:\\\/\\\/www.alcateiatrekking.com.br\\\/#organization\"},\"alternateName\":\"Alcateia Trekking \\\/ Belo Horizonte\",\"potentialAction\":[{\"@type\":\"SearchAction\",\"target\":{\"@type\":\"EntryPoint\",\"urlTemplate\":\"https:\\\/\\\/www.alcateiatrekking.com.br\\\/?s={search_term_string}\"},\"query-input\":{\"@type\":\"PropertyValueSpecification\",\"valueRequired\":true,\"valueName\":\"search_term_string\"}}],\"inLanguage\":\"pt-BR\"},{\"@type\":\"Organization\",\"@id\":\"https:\\\/\\\/www.alcateiatrekking.com.br\\\/#organization\",\"name\":\"Alcateia Trekking\",\"url\":\"https:\\\/\\\/www.alcateiatrekking.com.br\\\/\",\"logo\":{\"@type\":\"ImageObject\",\"inLanguage\":\"pt-BR\",\"@id\":\"https:\\\/\\\/www.alcateiatrekking.com.br\\\/#\\\/schema\\\/logo\\\/image\\\/\",\"url\":\"https:\\\/\\\/www.alcateiatrekking.com.br\\\/wp-content\\\/uploads\\\/2023\\\/11\\\/logo-alcateia-trekking.svg\",\"contentUrl\":\"https:\\\/\\\/www.alcateiatrekking.com.br\\\/wp-content\\\/uploads\\\/2023\\\/11\\\/logo-alcateia-trekking.svg\",\"width\":623,\"height\":504,\"caption\":\"Alcateia Trekking\"},\"image\":{\"@id\":\"https:\\\/\\\/www.alcateiatrekking.com.br\\\/#\\\/schema\\\/logo\\\/image\\\/\"},\"sameAs\":[\"https:\\\/\\\/www.instagram.com\\\/alcateia_trekking\\\/\"]}]}<\/script>\n<!-- \/ Yoast SEO plugin. -->","yoast_head_json":{"title":"Cachoeira do Ba\u00fa &#187; Alcateia Trekking","description":"Cachoeira do Ba\u00fa \u2013 Rio Acima A trilha at\u00e9 a Cachoeira do Ba\u00fa, em Rio Acima, \u00e9 de n\u00edvel f\u00e1cil a moderado, dependendo do condicionamento de cada","robots":{"index":"index","follow":"follow","max-snippet":"max-snippet:-1","max-image-preview":"max-image-preview:large","max-video-preview":"max-video-preview:-1"},"canonical":"https:\/\/www.alcateiatrekking.com.br\/roteiro\/cachoeira-do-bau\/","og_locale":"pt_BR","og_type":"article","og_title":"Cachoeira do Ba\u00fa &#187; Alcateia Trekking","og_description":"Cachoeira do Ba\u00fa \u2013 Rio Acima A trilha at\u00e9 a Cachoeira do Ba\u00fa, em Rio Acima, \u00e9 de n\u00edvel f\u00e1cil a moderado, dependendo do condicionamento de cada","og_url":"https:\/\/www.alcateiatrekking.com.br\/roteiro\/cachoeira-do-bau\/","og_site_name":"Alcateia Trekking","article_modified_time":"2025-06-30T12:46:47+00:00","og_image":[{"width":1280,"height":1600,"url":"https:\/\/www.alcateiatrekking.com.br\/wp-content\/uploads\/2025\/03\/Imagem-do-WhatsApp-de-2025-03-14-as-09.24.31_42c11578.jpg","type":"image\/jpeg"}],"twitter_card":"summary_large_image","twitter_misc":{"Est. tempo de leitura":"1 minuto"},"schema":{"@context":"https:\/\/schema.org","@graph":[{"@type":["WebPage","ItemPage"],"@id":"https:\/\/www.alcateiatrekking.com.br\/roteiro\/cachoeira-do-bau\/","url":"https:\/\/www.alcateiatrekking.com.br\/roteiro\/cachoeira-do-bau\/","name":"Cachoeira do Ba\u00fa &#187; Alcateia Trekking","isPartOf":{"@id":"https:\/\/www.alcateiatrekking.com.br\/#website"},"primaryImageOfPage":{"@id":"https:\/\/www.alcateiatrekking.com.br\/roteiro\/cachoeira-do-bau\/#primaryimage"},"image":{"@id":"https:\/\/www.alcateiatrekking.com.br\/roteiro\/cachoeira-do-bau\/#primaryimage"},"thumbnailUrl":"https:\/\/www.alcateiatrekking.com.br\/wp-content\/uploads\/2025\/03\/Imagem-do-WhatsApp-de-2025-03-14-as-09.24.31_42c11578-480x600.jpg","datePublished":"2025-03-13T10:49:09+00:00","dateModified":"2025-06-30T12:46:47+00:00","description":"Cachoeira do Ba\u00fa \u2013 Rio Acima A trilha at\u00e9 a Cachoeira do Ba\u00fa, em Rio Acima, \u00e9 de n\u00edvel f\u00e1cil a moderado, dependendo do condicionamento de cada","breadcrumb":{"@id":"https:\/\/www.alcateiatrekking.com.br\/roteiro\/cachoeira-do-bau\/#breadcrumb"},"inLanguage":"pt-BR","potentialAction":[{"@type":"ReadAction","target":["https:\/\/www.alcateiatrekking.com.br\/roteiro\/cachoeira-do-bau\/"]}]},{"@type":"ImageObject","inLanguage":"pt-BR","@id":"https:\/\/www.alcateiatrekking.com.br\/roteiro\/cachoeira-do-bau\/#primaryimage","url":"https:\/\/www.alcateiatrekking.com.br\/wp-content\/uploads\/2025\/03\/Imagem-do-WhatsApp-de-2025-03-14-as-09.24.31_42c11578-480x600.jpg","contentUrl":"https:\/\/www.alcateiatrekking.com.br\/wp-content\/uploads\/2025\/03\/Imagem-do-WhatsApp-de-2025-03-14-as-09.24.31_42c11578-480x600.jpg","width":1280,"height":1600},{"@type":"BreadcrumbList","@id":"https:\/\/www.alcateiatrekking.com.br\/roteiro\/cachoeira-do-bau\/#breadcrumb","itemListElement":[{"@type":"ListItem","position":1,"name":"In\u00edcio","item":"https:\/\/www.alcateiatrekking.com.br\/"},{"@type":"ListItem","position":2,"name":"Roteiros","item":"https:\/\/www.alcateiatrekking.com.br\/roteiros\/"},{"@type":"ListItem","position":3,"name":"Cachoeira do Ba\u00fa"}]},{"@type":"WebSite","@id":"https:\/\/www.alcateiatrekking.com.br\/#website","url":"https:\/\/www.alcateiatrekking.com.br\/","name":"Alcateia Trekking","description":"Ecoturismo, Trilhas , Cachoeiras em BH \/ Minas Gerais","publisher":{"@id":"https:\/\/www.alcateiatrekking.com.br\/#organization"},"alternateName":"Alcateia Trekking \/ Belo Horizonte","potentialAction":[{"@type":"SearchAction","target":{"@type":"EntryPoint","urlTemplate":"https:\/\/www.alcateiatrekking.com.br\/?s={search_term_string}"},"query-input":{"@type":"PropertyValueSpecification","valueRequired":true,"valueName":"search_term_string"}}],"inLanguage":"pt-BR"},{"@type":"Organization","@id":"https:\/\/www.alcateiatrekking.com.br\/#organization","name":"Alcateia Trekking","url":"https:\/\/www.alcateiatrekking.com.br\/","logo":{"@type":"ImageObject","inLanguage":"pt-BR","@id":"https:\/\/www.alcateiatrekking.com.br\/#\/schema\/logo\/image\/","url":"https:\/\/www.alcateiatrekking.com.br\/wp-content\/uploads\/2023\/11\/logo-alcateia-trekking.svg","contentUrl":"https:\/\/www.alcateiatrekking.com.br\/wp-content\/uploads\/2023\/11\/logo-alcateia-trekking.svg","width":623,"height":504,"caption":"Alcateia Trekking"},"image":{"@id":"https:\/\/www.alcateiatrekking.com.br\/#\/schema\/logo\/image\/"},"sameAs":["https:\/\/www.instagram.com\/alcateia_trekking\/"]}]}},"_links":{"self":[{"href":"https:\/\/www.alcateiatrekking.com.br\/wp-projeto-api\/wp\/v2\/product\/11074","targetHints":{"allow":["GET"]}}],"collection":[{"href":"https:\/\/www.alcateiatrekking.com.br\/wp-projeto-api\/wp\/v2\/product"}],"about":[{"href":"https:\/\/www.alcateiatrekking.com.br\/wp-projeto-api\/wp\/v2\/types\/product"}],"wp:featuredmedia":[{"embeddable":true,"href":"https:\/\/www.alcateiatrekking.com.br\/wp-projeto-api\/wp\/v2\/media\/11085"}],"wp:attachment":[{"href":"https:\/\/www.alcateiatrekking.com.br\/wp-projeto-api\/wp\/v2\/media?parent=11074"}],"wp:term":[{"taxonomy":"product_brand","embeddable":true,"href":"https:\/\/www.alcateiatrekking.com.br\/wp-projeto-api\/wp\/v2\/product_brand?post=11074"},{"taxonomy":"product_cat","embeddable":true,"href":"https:\/\/www.alcateiatrekking.com.br\/wp-projeto-api\/wp\/v2\/product_cat?post=11074"},{"taxonomy":"product_tag","embeddable":true,"href":"https:\/\/www.alcateiatrekking.com.br\/wp-projeto-api\/wp\/v2\/product_tag?post=11074"}],"curies":[{"name":"wp","href":"https:\/\/api.w.org\/{rel}","templated":true}]}}