{"id":10978,"date":"2025-02-25T09:42:36","date_gmt":"2025-02-25T12:42:36","guid":{"rendered":"https:\/\/www.alcateiatrekking.com.br\/?post_type=product&#038;p=10978"},"modified":"2025-07-22T10:37:43","modified_gmt":"2025-07-22T13:37:43","slug":"caniondofunil","status":"publish","type":"product","link":"https:\/\/www.alcateiatrekking.com.br\/roteiro\/caniondofunil\/","title":{"rendered":"C\u00e2nion do Funil, Presidente Kubitschek"},"content":{"rendered":"<p data-start=\"121\" data-end=\"180\"><strong data-start=\"121\" data-end=\"180\">Roteiro C\u00e2nion do Funil \u2013 2 dias de imers\u00e3o<br \/>\n<\/strong>Prepare-se para um final de semana em um dos lugares mais incr\u00edveis de Minas Gerais.<br data-start=\"279\" data-end=\"282\" \/>No primeiro dia, exploramos a <strong data-start=\"312\" data-end=\"345\">parte alta do C\u00e2nion do Funil<\/strong>, com uma trilha de 9 km passando por mirantes, quedas d\u2019\u00e1gua e paisagens de tirar o f\u00f4lego. \u00c0 tarde, retornamos aos chal\u00e9s para descansar e curtir com calma.<\/p>\n<p data-start=\"505\" data-end=\"784\">No segundo dia, fazemos uma <strong data-start=\"533\" data-end=\"576\">trilha leve at\u00e9 a parte baixa do c\u00e2nion<\/strong>, com v\u00e1rias paradas para fotos e contempla\u00e7\u00e3o. Depois do almo\u00e7o no fog\u00e3o a lenha, passamos pela charmosa <strong data-start=\"682\" data-end=\"700\">Ponte de Pedra<\/strong> e ainda fazemos uma parada na cidade para tomar um sorvete antes de voltar para BH.<\/p>\n<p data-start=\"786\" data-end=\"971\">Inclui transporte executivo, hospedagem em chal\u00e9s compartilhados, guias, alimenta\u00e7\u00e3o e taxas de entrada.<br data-start=\"890\" data-end=\"893\" \/>Ideal para quem busca aventura com conforto e contato profundo com a natureza.<\/p>\n","protected":false},"excerpt":{"rendered":"<p data-start=\"237\" data-end=\"299\"><strong data-start=\"237\" data-end=\"299\">O C\u00e2nion do Funil \u2013 uma joia escondida no cora\u00e7\u00e3o de Minas<br \/>\n<\/strong>Localizado em <strong data-start=\"315\" data-end=\"340\">Presidente Kubitschek<\/strong>, no interior de Minas Gerais, o <strong data-start=\"373\" data-end=\"392\">C\u00e2nion do Funil<\/strong> \u00e9 um verdadeiro tesouro ainda pouco explorado. Com pared\u00f5es impressionantes, po\u00e7os cristalinos e um cen\u00e1rio de natureza bruta, o c\u00e2nion oferece uma experi\u00eancia \u00fanica para quem busca trilhas, banho de cachoeira e paisagens de tirar o f\u00f4lego.<\/p>\n","protected":false},"featured_media":11121,"template":"","meta":{"_acf_changed":false,"inline_featured_image":false,"_exactmetrics_skip_tracking":false,"_exactmetrics_sitenote_active":false,"_exactmetrics_sitenote_note":"","_exactmetrics_sitenote_category":0},"product_brand":[],"product_cat":[48,61,70,65,64,69],"product_tag":[],"class_list":{"0":"post-10978","1":"product","2":"type-product","3":"status-publish","4":"has-post-thumbnail","6":"product_cat-agenda-completa","7":"product_cat-desafio","8":"product_cat-expedicao","9":"product_cat-nivel-facil","10":"product_cat-nivel-moderado","11":"product_cat-tipo-de-roteiro","13":"first","14":"outofstock","15":"virtual","16":"taxable","17":"purchasable","18":"product-type-simple"},"acf":[],"yoast_head":"<!-- This site is optimized with the Yoast SEO plugin v27.4 - https:\/\/yoast.com\/product\/yoast-seo-wordpress\/ -->\n<title>C\u00e2nion do Funil, Presidente Kubitschek &#187; Alcateia Trekking<\/title>\n<meta name=\"description\" content=\"O C\u00e2nion do Funil \u2013 uma joia escondida no cora\u00e7\u00e3o de Minas Localizado em Presidente Kubitschek, no interior de Minas Gerais, o C\u00e2nion do Funil \u00e9 um verdadeiro tesouro ainda pouco explorado. Com pared\u00f5es impressionantes, po\u00e7os cristalinos e um cen\u00e1rio de natureza bruta, o c\u00e2nion oferece uma experi\u00eancia \u00fanica para quem busca trilhas, banho de cachoeira e paisagens de tirar o f\u00f4lego.\" \/>\n<meta name=\"robots\" content=\"index, follow, max-snippet:-1, max-image-preview:large, max-video-preview:-1\" \/>\n<link rel=\"canonical\" href=\"https:\/\/www.alcateiatrekking.com.br\/roteiro\/caniondofunil\/\" \/>\n<meta property=\"og:locale\" content=\"pt_BR\" \/>\n<meta property=\"og:type\" content=\"article\" \/>\n<meta property=\"og:title\" content=\"C\u00e2nion do Funil, Presidente Kubitschek &#187; Alcateia Trekking\" \/>\n<meta property=\"og:description\" content=\"O C\u00e2nion do Funil \u2013 uma joia escondida no cora\u00e7\u00e3o de Minas Localizado em Presidente Kubitschek, no interior de Minas Gerais, o C\u00e2nion do Funil \u00e9 um verdadeiro tesouro ainda pouco explorado. Com pared\u00f5es impressionantes, po\u00e7os cristalinos e um cen\u00e1rio de natureza bruta, o c\u00e2nion oferece uma experi\u00eancia \u00fanica para quem busca trilhas, banho de cachoeira e paisagens de tirar o f\u00f4lego.\" \/>\n<meta property=\"og:url\" content=\"https:\/\/www.alcateiatrekking.com.br\/roteiro\/caniondofunil\/\" \/>\n<meta property=\"og:site_name\" content=\"Alcateia Trekking\" \/>\n<meta property=\"article:modified_time\" content=\"2025-07-22T13:37:43+00:00\" \/>\n<meta property=\"og:image\" content=\"https:\/\/www.alcateiatrekking.com.br\/wp-content\/uploads\/2025\/02\/IMG_0346-scaled-450x600.jpg\" \/>\n\t<meta property=\"og:image:width\" content=\"1920\" \/>\n\t<meta property=\"og:image:height\" content=\"2560\" \/>\n\t<meta property=\"og:image:type\" content=\"image\/jpeg\" \/>\n<meta name=\"twitter:card\" content=\"summary_large_image\" \/>\n<meta name=\"twitter:label1\" content=\"Est. tempo de leitura\" \/>\n\t<meta name=\"twitter:data1\" content=\"1 minuto\" \/>\n<script type=\"application\/ld+json\" class=\"yoast-schema-graph\">{\"@context\":\"https:\\\/\\\/schema.org\",\"@graph\":[{\"@type\":[\"WebPage\",\"ItemPage\"],\"@id\":\"https:\\\/\\\/www.alcateiatrekking.com.br\\\/roteiro\\\/caniondofunil\\\/\",\"url\":\"https:\\\/\\\/www.alcateiatrekking.com.br\\\/roteiro\\\/caniondofunil\\\/\",\"name\":\"C\u00e2nion do Funil, Presidente Kubitschek &#187; Alcateia Trekking\",\"isPartOf\":{\"@id\":\"https:\\\/\\\/www.alcateiatrekking.com.br\\\/#website\"},\"primaryImageOfPage\":{\"@id\":\"https:\\\/\\\/www.alcateiatrekking.com.br\\\/roteiro\\\/caniondofunil\\\/#primaryimage\"},\"image\":{\"@id\":\"https:\\\/\\\/www.alcateiatrekking.com.br\\\/roteiro\\\/caniondofunil\\\/#primaryimage\"},\"thumbnailUrl\":\"https:\\\/\\\/www.alcateiatrekking.com.br\\\/wp-content\\\/uploads\\\/2025\\\/02\\\/IMG_0346-scaled-450x600.jpg\",\"datePublished\":\"2025-02-25T12:42:36+00:00\",\"dateModified\":\"2025-07-22T13:37:43+00:00\",\"description\":\"O C\u00e2nion do Funil \u2013 uma joia escondida no cora\u00e7\u00e3o de Minas Localizado em Presidente Kubitschek, no interior de Minas Gerais, o C\u00e2nion do Funil \u00e9 um verdadeiro tesouro ainda pouco explorado. Com pared\u00f5es impressionantes, po\u00e7os cristalinos e um cen\u00e1rio de natureza bruta, o c\u00e2nion oferece uma experi\u00eancia \u00fanica para quem busca trilhas, banho de cachoeira e paisagens de tirar o f\u00f4lego.\",\"breadcrumb\":{\"@id\":\"https:\\\/\\\/www.alcateiatrekking.com.br\\\/roteiro\\\/caniondofunil\\\/#breadcrumb\"},\"inLanguage\":\"pt-BR\",\"potentialAction\":[{\"@type\":\"ReadAction\",\"target\":[\"https:\\\/\\\/www.alcateiatrekking.com.br\\\/roteiro\\\/caniondofunil\\\/\"]}]},{\"@type\":\"ImageObject\",\"inLanguage\":\"pt-BR\",\"@id\":\"https:\\\/\\\/www.alcateiatrekking.com.br\\\/roteiro\\\/caniondofunil\\\/#primaryimage\",\"url\":\"https:\\\/\\\/www.alcateiatrekking.com.br\\\/wp-content\\\/uploads\\\/2025\\\/02\\\/IMG_0346-scaled-450x600.jpg\",\"contentUrl\":\"https:\\\/\\\/www.alcateiatrekking.com.br\\\/wp-content\\\/uploads\\\/2025\\\/02\\\/IMG_0346-scaled-450x600.jpg\",\"width\":1920,\"height\":2560},{\"@type\":\"BreadcrumbList\",\"@id\":\"https:\\\/\\\/www.alcateiatrekking.com.br\\\/roteiro\\\/caniondofunil\\\/#breadcrumb\",\"itemListElement\":[{\"@type\":\"ListItem\",\"position\":1,\"name\":\"In\u00edcio\",\"item\":\"https:\\\/\\\/www.alcateiatrekking.com.br\\\/\"},{\"@type\":\"ListItem\",\"position\":2,\"name\":\"Roteiros\",\"item\":\"https:\\\/\\\/www.alcateiatrekking.com.br\\\/roteiros\\\/\"},{\"@type\":\"ListItem\",\"position\":3,\"name\":\"C\u00e2nion do Funil, Presidente Kubitschek\"}]},{\"@type\":\"WebSite\",\"@id\":\"https:\\\/\\\/www.alcateiatrekking.com.br\\\/#website\",\"url\":\"https:\\\/\\\/www.alcateiatrekking.com.br\\\/\",\"name\":\"Alcateia Trekking\",\"description\":\"Ecoturismo, Trilhas , Cachoeiras em BH \\\/ Minas Gerais\",\"publisher\":{\"@id\":\"https:\\\/\\\/www.alcateiatrekking.com.br\\\/#organization\"},\"alternateName\":\"Alcateia Trekking \\\/ Belo Horizonte\",\"potentialAction\":[{\"@type\":\"SearchAction\",\"target\":{\"@type\":\"EntryPoint\",\"urlTemplate\":\"https:\\\/\\\/www.alcateiatrekking.com.br\\\/?s={search_term_string}\"},\"query-input\":{\"@type\":\"PropertyValueSpecification\",\"valueRequired\":true,\"valueName\":\"search_term_string\"}}],\"inLanguage\":\"pt-BR\"},{\"@type\":\"Organization\",\"@id\":\"https:\\\/\\\/www.alcateiatrekking.com.br\\\/#organization\",\"name\":\"Alcateia Trekking\",\"url\":\"https:\\\/\\\/www.alcateiatrekking.com.br\\\/\",\"logo\":{\"@type\":\"ImageObject\",\"inLanguage\":\"pt-BR\",\"@id\":\"https:\\\/\\\/www.alcateiatrekking.com.br\\\/#\\\/schema\\\/logo\\\/image\\\/\",\"url\":\"https:\\\/\\\/www.alcateiatrekking.com.br\\\/wp-content\\\/uploads\\\/2023\\\/11\\\/logo-alcateia-trekking.svg\",\"contentUrl\":\"https:\\\/\\\/www.alcateiatrekking.com.br\\\/wp-content\\\/uploads\\\/2023\\\/11\\\/logo-alcateia-trekking.svg\",\"width\":623,\"height\":504,\"caption\":\"Alcateia Trekking\"},\"image\":{\"@id\":\"https:\\\/\\\/www.alcateiatrekking.com.br\\\/#\\\/schema\\\/logo\\\/image\\\/\"},\"sameAs\":[\"https:\\\/\\\/www.instagram.com\\\/alcateia_trekking\\\/\"]}]}<\/script>\n<!-- \/ Yoast SEO plugin. -->","yoast_head_json":{"title":"C\u00e2nion do Funil, Presidente Kubitschek &#187; Alcateia Trekking","description":"O C\u00e2nion do Funil \u2013 uma joia escondida no cora\u00e7\u00e3o de Minas Localizado em Presidente Kubitschek, no interior de Minas Gerais, o C\u00e2nion do Funil \u00e9 um verdadeiro tesouro ainda pouco explorado. Com pared\u00f5es impressionantes, po\u00e7os cristalinos e um cen\u00e1rio de natureza bruta, o c\u00e2nion oferece uma experi\u00eancia \u00fanica para quem busca trilhas, banho de cachoeira e paisagens de tirar o f\u00f4lego.","robots":{"index":"index","follow":"follow","max-snippet":"max-snippet:-1","max-image-preview":"max-image-preview:large","max-video-preview":"max-video-preview:-1"},"canonical":"https:\/\/www.alcateiatrekking.com.br\/roteiro\/caniondofunil\/","og_locale":"pt_BR","og_type":"article","og_title":"C\u00e2nion do Funil, Presidente Kubitschek &#187; Alcateia Trekking","og_description":"O C\u00e2nion do Funil \u2013 uma joia escondida no cora\u00e7\u00e3o de Minas Localizado em Presidente Kubitschek, no interior de Minas Gerais, o C\u00e2nion do Funil \u00e9 um verdadeiro tesouro ainda pouco explorado. Com pared\u00f5es impressionantes, po\u00e7os cristalinos e um cen\u00e1rio de natureza bruta, o c\u00e2nion oferece uma experi\u00eancia \u00fanica para quem busca trilhas, banho de cachoeira e paisagens de tirar o f\u00f4lego.","og_url":"https:\/\/www.alcateiatrekking.com.br\/roteiro\/caniondofunil\/","og_site_name":"Alcateia Trekking","article_modified_time":"2025-07-22T13:37:43+00:00","og_image":[{"width":1920,"height":2560,"url":"https:\/\/www.alcateiatrekking.com.br\/wp-content\/uploads\/2025\/02\/IMG_0346-scaled-450x600.jpg","type":"image\/jpeg"}],"twitter_card":"summary_large_image","twitter_misc":{"Est. tempo de leitura":"1 minuto"},"schema":{"@context":"https:\/\/schema.org","@graph":[{"@type":["WebPage","ItemPage"],"@id":"https:\/\/www.alcateiatrekking.com.br\/roteiro\/caniondofunil\/","url":"https:\/\/www.alcateiatrekking.com.br\/roteiro\/caniondofunil\/","name":"C\u00e2nion do Funil, Presidente Kubitschek &#187; Alcateia Trekking","isPartOf":{"@id":"https:\/\/www.alcateiatrekking.com.br\/#website"},"primaryImageOfPage":{"@id":"https:\/\/www.alcateiatrekking.com.br\/roteiro\/caniondofunil\/#primaryimage"},"image":{"@id":"https:\/\/www.alcateiatrekking.com.br\/roteiro\/caniondofunil\/#primaryimage"},"thumbnailUrl":"https:\/\/www.alcateiatrekking.com.br\/wp-content\/uploads\/2025\/02\/IMG_0346-scaled-450x600.jpg","datePublished":"2025-02-25T12:42:36+00:00","dateModified":"2025-07-22T13:37:43+00:00","description":"O C\u00e2nion do Funil \u2013 uma joia escondida no cora\u00e7\u00e3o de Minas Localizado em Presidente Kubitschek, no interior de Minas Gerais, o C\u00e2nion do Funil \u00e9 um verdadeiro tesouro ainda pouco explorado. Com pared\u00f5es impressionantes, po\u00e7os cristalinos e um cen\u00e1rio de natureza bruta, o c\u00e2nion oferece uma experi\u00eancia \u00fanica para quem busca trilhas, banho de cachoeira e paisagens de tirar o f\u00f4lego.","breadcrumb":{"@id":"https:\/\/www.alcateiatrekking.com.br\/roteiro\/caniondofunil\/#breadcrumb"},"inLanguage":"pt-BR","potentialAction":[{"@type":"ReadAction","target":["https:\/\/www.alcateiatrekking.com.br\/roteiro\/caniondofunil\/"]}]},{"@type":"ImageObject","inLanguage":"pt-BR","@id":"https:\/\/www.alcateiatrekking.com.br\/roteiro\/caniondofunil\/#primaryimage","url":"https:\/\/www.alcateiatrekking.com.br\/wp-content\/uploads\/2025\/02\/IMG_0346-scaled-450x600.jpg","contentUrl":"https:\/\/www.alcateiatrekking.com.br\/wp-content\/uploads\/2025\/02\/IMG_0346-scaled-450x600.jpg","width":1920,"height":2560},{"@type":"BreadcrumbList","@id":"https:\/\/www.alcateiatrekking.com.br\/roteiro\/caniondofunil\/#breadcrumb","itemListElement":[{"@type":"ListItem","position":1,"name":"In\u00edcio","item":"https:\/\/www.alcateiatrekking.com.br\/"},{"@type":"ListItem","position":2,"name":"Roteiros","item":"https:\/\/www.alcateiatrekking.com.br\/roteiros\/"},{"@type":"ListItem","position":3,"name":"C\u00e2nion do Funil, Presidente Kubitschek"}]},{"@type":"WebSite","@id":"https:\/\/www.alcateiatrekking.com.br\/#website","url":"https:\/\/www.alcateiatrekking.com.br\/","name":"Alcateia Trekking","description":"Ecoturismo, Trilhas , Cachoeiras em BH \/ Minas Gerais","publisher":{"@id":"https:\/\/www.alcateiatrekking.com.br\/#organization"},"alternateName":"Alcateia Trekking \/ Belo Horizonte","potentialAction":[{"@type":"SearchAction","target":{"@type":"EntryPoint","urlTemplate":"https:\/\/www.alcateiatrekking.com.br\/?s={search_term_string}"},"query-input":{"@type":"PropertyValueSpecification","valueRequired":true,"valueName":"search_term_string"}}],"inLanguage":"pt-BR"},{"@type":"Organization","@id":"https:\/\/www.alcateiatrekking.com.br\/#organization","name":"Alcateia Trekking","url":"https:\/\/www.alcateiatrekking.com.br\/","logo":{"@type":"ImageObject","inLanguage":"pt-BR","@id":"https:\/\/www.alcateiatrekking.com.br\/#\/schema\/logo\/image\/","url":"https:\/\/www.alcateiatrekking.com.br\/wp-content\/uploads\/2023\/11\/logo-alcateia-trekking.svg","contentUrl":"https:\/\/www.alcateiatrekking.com.br\/wp-content\/uploads\/2023\/11\/logo-alcateia-trekking.svg","width":623,"height":504,"caption":"Alcateia Trekking"},"image":{"@id":"https:\/\/www.alcateiatrekking.com.br\/#\/schema\/logo\/image\/"},"sameAs":["https:\/\/www.instagram.com\/alcateia_trekking\/"]}]}},"_links":{"self":[{"href":"https:\/\/www.alcateiatrekking.com.br\/wp-projeto-api\/wp\/v2\/product\/10978","targetHints":{"allow":["GET"]}}],"collection":[{"href":"https:\/\/www.alcateiatrekking.com.br\/wp-projeto-api\/wp\/v2\/product"}],"about":[{"href":"https:\/\/www.alcateiatrekking.com.br\/wp-projeto-api\/wp\/v2\/types\/product"}],"wp:featuredmedia":[{"embeddable":true,"href":"https:\/\/www.alcateiatrekking.com.br\/wp-projeto-api\/wp\/v2\/media\/11121"}],"wp:attachment":[{"href":"https:\/\/www.alcateiatrekking.com.br\/wp-projeto-api\/wp\/v2\/media?parent=10978"}],"wp:term":[{"taxonomy":"product_brand","embeddable":true,"href":"https:\/\/www.alcateiatrekking.com.br\/wp-projeto-api\/wp\/v2\/product_brand?post=10978"},{"taxonomy":"product_cat","embeddable":true,"href":"https:\/\/www.alcateiatrekking.com.br\/wp-projeto-api\/wp\/v2\/product_cat?post=10978"},{"taxonomy":"product_tag","embeddable":true,"href":"https:\/\/www.alcateiatrekking.com.br\/wp-projeto-api\/wp\/v2\/product_tag?post=10978"}],"curies":[{"name":"wp","href":"https:\/\/api.w.org\/{rel}","templated":true}]}}