{"id":10702,"date":"2024-12-19T11:24:57","date_gmt":"2024-12-19T14:24:57","guid":{"rendered":"https:\/\/www.alcateiatrekking.com.br\/?post_type=product&#038;p=10702"},"modified":"2025-05-07T12:15:09","modified_gmt":"2025-05-07T15:15:09","slug":"serra-da-canastra-2","status":"publish","type":"product","link":"https:\/\/www.alcateiatrekking.com.br\/roteiro\/serra-da-canastra-2\/","title":{"rendered":"Serra da Canastra"},"content":{"rendered":"<p><strong>Explore Canastra com a Alcateia Trekking!\u00a0<\/strong><br \/>\nDescubra a Canastra com um roteiro exclusivo de <strong>4 dias<\/strong>, repleto de experi\u00eancias \u00fanicas e pensado nos m\u00ednimos detalhes para voc\u00ea aproveitar cada momento!<\/p>\n<p><strong>O que est\u00e1 incluso nessa aventura?<\/strong><\/p>\n<ul>\n<li>Trilha para cachoeiras incr\u00edveis, incluindo a famosa <strong>Cachoeira do Fund\u00e3o<\/strong>;<\/li>\n<li>Passeios leves e trilhas curtas, perfeitas para todos os n\u00edveis;<\/li>\n<li>Visita \u00e0 nascente do <strong>Rio S\u00e3o Francisco<\/strong>, uma experi\u00eancia m\u00e1gica;<\/li>\n<li>Um passeio de <strong>4&#215;4 pela parte alta<\/strong>, explorando vistas de tirar o f\u00f4lego;<\/li>\n<li>Imers\u00e3o cultural na fazenda, conhecendo o processo de produ\u00e7\u00e3o dos famosos <strong>queijos da Canastra<\/strong>.<\/li>\n<\/ul>\n","protected":false},"excerpt":{"rendered":"<p>Conheceremos a <strong>nascente do Rio S\u00e3o Francisco<\/strong>, o in\u00edcio de um dos rios mais importantes do Brasil! Visitaremos a <strong>Casca D\u2019Anta<\/strong>, sua primeira queda d\u2019\u00e1gua, com toda a for\u00e7a e beleza que s\u00f3 a Canastra pode oferecer;<\/p>\n<p>&nbsp;<\/p>\n","protected":false},"featured_media":10720,"template":"","meta":{"_acf_changed":false,"inline_featured_image":false,"_exactmetrics_skip_tracking":false,"_exactmetrics_sitenote_active":false,"_exactmetrics_sitenote_note":"","_exactmetrics_sitenote_category":0},"product_brand":[],"product_cat":[48,61,65,69],"product_tag":[],"class_list":{"0":"post-10702","1":"product","2":"type-product","3":"status-publish","4":"has-post-thumbnail","6":"product_cat-agenda-completa","7":"product_cat-desafio","8":"product_cat-nivel-facil","9":"product_cat-tipo-de-roteiro","11":"first","12":"outofstock","13":"virtual","14":"taxable","15":"purchasable","16":"product-type-simple"},"acf":[],"yoast_head":"<!-- This site is optimized with the Yoast SEO plugin v27.4 - https:\/\/yoast.com\/product\/yoast-seo-wordpress\/ -->\n<title>Serra da Canastra &#187; Alcateia Trekking<\/title>\n<meta name=\"description\" content=\"Conheceremos a nascente do Rio S\u00e3o Francisco, o in\u00edcio de um dos rios mais importantes do Brasil! Visitaremos a Casca D\u2019Anta, sua primeira queda d\u2019\u00e1gua, com toda a for\u00e7a e beleza que s\u00f3 a Canastra pode oferecer;  &nbsp;\" \/>\n<meta name=\"robots\" content=\"index, follow, max-snippet:-1, max-image-preview:large, max-video-preview:-1\" \/>\n<link rel=\"canonical\" href=\"https:\/\/www.alcateiatrekking.com.br\/roteiro\/serra-da-canastra-2\/\" \/>\n<meta property=\"og:locale\" content=\"pt_BR\" \/>\n<meta property=\"og:type\" content=\"article\" \/>\n<meta property=\"og:title\" content=\"Serra da Canastra &#187; Alcateia Trekking\" \/>\n<meta property=\"og:description\" content=\"Conheceremos a nascente do Rio S\u00e3o Francisco, o in\u00edcio de um dos rios mais importantes do Brasil! Visitaremos a Casca D\u2019Anta, sua primeira queda d\u2019\u00e1gua, com toda a for\u00e7a e beleza que s\u00f3 a Canastra pode oferecer;  &nbsp;\" \/>\n<meta property=\"og:url\" content=\"https:\/\/www.alcateiatrekking.com.br\/roteiro\/serra-da-canastra-2\/\" \/>\n<meta property=\"og:site_name\" content=\"Alcateia Trekking\" \/>\n<meta property=\"article:modified_time\" content=\"2025-05-07T15:15:09+00:00\" \/>\n<meta property=\"og:image\" content=\"https:\/\/www.alcateiatrekking.com.br\/wp-content\/uploads\/2024\/12\/BBC1D42D-680A-495E-8F4E-CC4FE8D1E960-scaled.webp\" \/>\n\t<meta property=\"og:image:width\" content=\"1920\" \/>\n\t<meta property=\"og:image:height\" content=\"2560\" \/>\n\t<meta property=\"og:image:type\" content=\"image\/webp\" \/>\n<meta name=\"twitter:card\" content=\"summary_large_image\" \/>\n<meta name=\"twitter:label1\" content=\"Est. tempo de leitura\" \/>\n\t<meta name=\"twitter:data1\" content=\"1 minuto\" \/>\n<script type=\"application\/ld+json\" class=\"yoast-schema-graph\">{\"@context\":\"https:\\\/\\\/schema.org\",\"@graph\":[{\"@type\":[\"WebPage\",\"ItemPage\"],\"@id\":\"https:\\\/\\\/www.alcateiatrekking.com.br\\\/roteiro\\\/serra-da-canastra-2\\\/\",\"url\":\"https:\\\/\\\/www.alcateiatrekking.com.br\\\/roteiro\\\/serra-da-canastra-2\\\/\",\"name\":\"Serra da Canastra &#187; Alcateia Trekking\",\"isPartOf\":{\"@id\":\"https:\\\/\\\/www.alcateiatrekking.com.br\\\/#website\"},\"primaryImageOfPage\":{\"@id\":\"https:\\\/\\\/www.alcateiatrekking.com.br\\\/roteiro\\\/serra-da-canastra-2\\\/#primaryimage\"},\"image\":{\"@id\":\"https:\\\/\\\/www.alcateiatrekking.com.br\\\/roteiro\\\/serra-da-canastra-2\\\/#primaryimage\"},\"thumbnailUrl\":\"https:\\\/\\\/www.alcateiatrekking.com.br\\\/wp-content\\\/uploads\\\/2024\\\/12\\\/BBC1D42D-680A-495E-8F4E-CC4FE8D1E960-scaled-450x600.webp\",\"datePublished\":\"2024-12-19T14:24:57+00:00\",\"dateModified\":\"2025-05-07T15:15:09+00:00\",\"description\":\"Conheceremos a nascente do Rio S\u00e3o Francisco, o in\u00edcio de um dos rios mais importantes do Brasil! Visitaremos a Casca D\u2019Anta, sua primeira queda d\u2019\u00e1gua, com toda a for\u00e7a e beleza que s\u00f3 a Canastra pode oferecer; &nbsp;\",\"breadcrumb\":{\"@id\":\"https:\\\/\\\/www.alcateiatrekking.com.br\\\/roteiro\\\/serra-da-canastra-2\\\/#breadcrumb\"},\"inLanguage\":\"pt-BR\",\"potentialAction\":[{\"@type\":\"ReadAction\",\"target\":[\"https:\\\/\\\/www.alcateiatrekking.com.br\\\/roteiro\\\/serra-da-canastra-2\\\/\"]}]},{\"@type\":\"ImageObject\",\"inLanguage\":\"pt-BR\",\"@id\":\"https:\\\/\\\/www.alcateiatrekking.com.br\\\/roteiro\\\/serra-da-canastra-2\\\/#primaryimage\",\"url\":\"https:\\\/\\\/www.alcateiatrekking.com.br\\\/wp-content\\\/uploads\\\/2024\\\/12\\\/BBC1D42D-680A-495E-8F4E-CC4FE8D1E960-scaled-450x600.webp\",\"contentUrl\":\"https:\\\/\\\/www.alcateiatrekking.com.br\\\/wp-content\\\/uploads\\\/2024\\\/12\\\/BBC1D42D-680A-495E-8F4E-CC4FE8D1E960-scaled-450x600.webp\",\"width\":1920,\"height\":2560},{\"@type\":\"BreadcrumbList\",\"@id\":\"https:\\\/\\\/www.alcateiatrekking.com.br\\\/roteiro\\\/serra-da-canastra-2\\\/#breadcrumb\",\"itemListElement\":[{\"@type\":\"ListItem\",\"position\":1,\"name\":\"In\u00edcio\",\"item\":\"https:\\\/\\\/www.alcateiatrekking.com.br\\\/\"},{\"@type\":\"ListItem\",\"position\":2,\"name\":\"Roteiros\",\"item\":\"https:\\\/\\\/www.alcateiatrekking.com.br\\\/roteiros\\\/\"},{\"@type\":\"ListItem\",\"position\":3,\"name\":\"Serra da Canastra\"}]},{\"@type\":\"WebSite\",\"@id\":\"https:\\\/\\\/www.alcateiatrekking.com.br\\\/#website\",\"url\":\"https:\\\/\\\/www.alcateiatrekking.com.br\\\/\",\"name\":\"Alcateia Trekking\",\"description\":\"Ecoturismo, Trilhas , Cachoeiras em BH \\\/ Minas Gerais\",\"publisher\":{\"@id\":\"https:\\\/\\\/www.alcateiatrekking.com.br\\\/#organization\"},\"alternateName\":\"Alcateia Trekking \\\/ Belo Horizonte\",\"potentialAction\":[{\"@type\":\"SearchAction\",\"target\":{\"@type\":\"EntryPoint\",\"urlTemplate\":\"https:\\\/\\\/www.alcateiatrekking.com.br\\\/?s={search_term_string}\"},\"query-input\":{\"@type\":\"PropertyValueSpecification\",\"valueRequired\":true,\"valueName\":\"search_term_string\"}}],\"inLanguage\":\"pt-BR\"},{\"@type\":\"Organization\",\"@id\":\"https:\\\/\\\/www.alcateiatrekking.com.br\\\/#organization\",\"name\":\"Alcateia Trekking\",\"url\":\"https:\\\/\\\/www.alcateiatrekking.com.br\\\/\",\"logo\":{\"@type\":\"ImageObject\",\"inLanguage\":\"pt-BR\",\"@id\":\"https:\\\/\\\/www.alcateiatrekking.com.br\\\/#\\\/schema\\\/logo\\\/image\\\/\",\"url\":\"https:\\\/\\\/www.alcateiatrekking.com.br\\\/wp-content\\\/uploads\\\/2023\\\/11\\\/logo-alcateia-trekking.svg\",\"contentUrl\":\"https:\\\/\\\/www.alcateiatrekking.com.br\\\/wp-content\\\/uploads\\\/2023\\\/11\\\/logo-alcateia-trekking.svg\",\"width\":623,\"height\":504,\"caption\":\"Alcateia Trekking\"},\"image\":{\"@id\":\"https:\\\/\\\/www.alcateiatrekking.com.br\\\/#\\\/schema\\\/logo\\\/image\\\/\"},\"sameAs\":[\"https:\\\/\\\/www.instagram.com\\\/alcateia_trekking\\\/\"]}]}<\/script>\n<!-- \/ Yoast SEO plugin. -->","yoast_head_json":{"title":"Serra da Canastra &#187; Alcateia Trekking","description":"Conheceremos a nascente do Rio S\u00e3o Francisco, o in\u00edcio de um dos rios mais importantes do Brasil! Visitaremos a Casca D\u2019Anta, sua primeira queda d\u2019\u00e1gua, com toda a for\u00e7a e beleza que s\u00f3 a Canastra pode oferecer;  &nbsp;","robots":{"index":"index","follow":"follow","max-snippet":"max-snippet:-1","max-image-preview":"max-image-preview:large","max-video-preview":"max-video-preview:-1"},"canonical":"https:\/\/www.alcateiatrekking.com.br\/roteiro\/serra-da-canastra-2\/","og_locale":"pt_BR","og_type":"article","og_title":"Serra da Canastra &#187; Alcateia Trekking","og_description":"Conheceremos a nascente do Rio S\u00e3o Francisco, o in\u00edcio de um dos rios mais importantes do Brasil! Visitaremos a Casca D\u2019Anta, sua primeira queda d\u2019\u00e1gua, com toda a for\u00e7a e beleza que s\u00f3 a Canastra pode oferecer;  &nbsp;","og_url":"https:\/\/www.alcateiatrekking.com.br\/roteiro\/serra-da-canastra-2\/","og_site_name":"Alcateia Trekking","article_modified_time":"2025-05-07T15:15:09+00:00","og_image":[{"width":1920,"height":2560,"url":"https:\/\/www.alcateiatrekking.com.br\/wp-content\/uploads\/2024\/12\/BBC1D42D-680A-495E-8F4E-CC4FE8D1E960-scaled.webp","type":"image\/webp"}],"twitter_card":"summary_large_image","twitter_misc":{"Est. tempo de leitura":"1 minuto"},"schema":{"@context":"https:\/\/schema.org","@graph":[{"@type":["WebPage","ItemPage"],"@id":"https:\/\/www.alcateiatrekking.com.br\/roteiro\/serra-da-canastra-2\/","url":"https:\/\/www.alcateiatrekking.com.br\/roteiro\/serra-da-canastra-2\/","name":"Serra da Canastra &#187; Alcateia Trekking","isPartOf":{"@id":"https:\/\/www.alcateiatrekking.com.br\/#website"},"primaryImageOfPage":{"@id":"https:\/\/www.alcateiatrekking.com.br\/roteiro\/serra-da-canastra-2\/#primaryimage"},"image":{"@id":"https:\/\/www.alcateiatrekking.com.br\/roteiro\/serra-da-canastra-2\/#primaryimage"},"thumbnailUrl":"https:\/\/www.alcateiatrekking.com.br\/wp-content\/uploads\/2024\/12\/BBC1D42D-680A-495E-8F4E-CC4FE8D1E960-scaled-450x600.webp","datePublished":"2024-12-19T14:24:57+00:00","dateModified":"2025-05-07T15:15:09+00:00","description":"Conheceremos a nascente do Rio S\u00e3o Francisco, o in\u00edcio de um dos rios mais importantes do Brasil! Visitaremos a Casca D\u2019Anta, sua primeira queda d\u2019\u00e1gua, com toda a for\u00e7a e beleza que s\u00f3 a Canastra pode oferecer; &nbsp;","breadcrumb":{"@id":"https:\/\/www.alcateiatrekking.com.br\/roteiro\/serra-da-canastra-2\/#breadcrumb"},"inLanguage":"pt-BR","potentialAction":[{"@type":"ReadAction","target":["https:\/\/www.alcateiatrekking.com.br\/roteiro\/serra-da-canastra-2\/"]}]},{"@type":"ImageObject","inLanguage":"pt-BR","@id":"https:\/\/www.alcateiatrekking.com.br\/roteiro\/serra-da-canastra-2\/#primaryimage","url":"https:\/\/www.alcateiatrekking.com.br\/wp-content\/uploads\/2024\/12\/BBC1D42D-680A-495E-8F4E-CC4FE8D1E960-scaled-450x600.webp","contentUrl":"https:\/\/www.alcateiatrekking.com.br\/wp-content\/uploads\/2024\/12\/BBC1D42D-680A-495E-8F4E-CC4FE8D1E960-scaled-450x600.webp","width":1920,"height":2560},{"@type":"BreadcrumbList","@id":"https:\/\/www.alcateiatrekking.com.br\/roteiro\/serra-da-canastra-2\/#breadcrumb","itemListElement":[{"@type":"ListItem","position":1,"name":"In\u00edcio","item":"https:\/\/www.alcateiatrekking.com.br\/"},{"@type":"ListItem","position":2,"name":"Roteiros","item":"https:\/\/www.alcateiatrekking.com.br\/roteiros\/"},{"@type":"ListItem","position":3,"name":"Serra da Canastra"}]},{"@type":"WebSite","@id":"https:\/\/www.alcateiatrekking.com.br\/#website","url":"https:\/\/www.alcateiatrekking.com.br\/","name":"Alcateia Trekking","description":"Ecoturismo, Trilhas , Cachoeiras em BH \/ Minas Gerais","publisher":{"@id":"https:\/\/www.alcateiatrekking.com.br\/#organization"},"alternateName":"Alcateia Trekking \/ Belo Horizonte","potentialAction":[{"@type":"SearchAction","target":{"@type":"EntryPoint","urlTemplate":"https:\/\/www.alcateiatrekking.com.br\/?s={search_term_string}"},"query-input":{"@type":"PropertyValueSpecification","valueRequired":true,"valueName":"search_term_string"}}],"inLanguage":"pt-BR"},{"@type":"Organization","@id":"https:\/\/www.alcateiatrekking.com.br\/#organization","name":"Alcateia Trekking","url":"https:\/\/www.alcateiatrekking.com.br\/","logo":{"@type":"ImageObject","inLanguage":"pt-BR","@id":"https:\/\/www.alcateiatrekking.com.br\/#\/schema\/logo\/image\/","url":"https:\/\/www.alcateiatrekking.com.br\/wp-content\/uploads\/2023\/11\/logo-alcateia-trekking.svg","contentUrl":"https:\/\/www.alcateiatrekking.com.br\/wp-content\/uploads\/2023\/11\/logo-alcateia-trekking.svg","width":623,"height":504,"caption":"Alcateia Trekking"},"image":{"@id":"https:\/\/www.alcateiatrekking.com.br\/#\/schema\/logo\/image\/"},"sameAs":["https:\/\/www.instagram.com\/alcateia_trekking\/"]}]}},"_links":{"self":[{"href":"https:\/\/www.alcateiatrekking.com.br\/wp-projeto-api\/wp\/v2\/product\/10702","targetHints":{"allow":["GET"]}}],"collection":[{"href":"https:\/\/www.alcateiatrekking.com.br\/wp-projeto-api\/wp\/v2\/product"}],"about":[{"href":"https:\/\/www.alcateiatrekking.com.br\/wp-projeto-api\/wp\/v2\/types\/product"}],"wp:featuredmedia":[{"embeddable":true,"href":"https:\/\/www.alcateiatrekking.com.br\/wp-projeto-api\/wp\/v2\/media\/10720"}],"wp:attachment":[{"href":"https:\/\/www.alcateiatrekking.com.br\/wp-projeto-api\/wp\/v2\/media?parent=10702"}],"wp:term":[{"taxonomy":"product_brand","embeddable":true,"href":"https:\/\/www.alcateiatrekking.com.br\/wp-projeto-api\/wp\/v2\/product_brand?post=10702"},{"taxonomy":"product_cat","embeddable":true,"href":"https:\/\/www.alcateiatrekking.com.br\/wp-projeto-api\/wp\/v2\/product_cat?post=10702"},{"taxonomy":"product_tag","embeddable":true,"href":"https:\/\/www.alcateiatrekking.com.br\/wp-projeto-api\/wp\/v2\/product_tag?post=10702"}],"curies":[{"name":"wp","href":"https:\/\/api.w.org\/{rel}","templated":true}]}}