{"id":10329,"date":"2024-08-22T14:06:26","date_gmt":"2024-08-22T17:06:26","guid":{"rendered":"https:\/\/www.alcateiatrekking.com.br\/?post_type=product&#038;p=10329"},"modified":"2026-04-22T12:11:12","modified_gmt":"2026-04-22T15:11:12","slug":"capitolio-2-dias","status":"publish","type":"product","link":"https:\/\/www.alcateiatrekking.com.br\/roteiro\/capitolio-2-dias\/","title":{"rendered":"Capit\u00f3lio &#8211; Feriado de Tiradentes"},"content":{"rendered":"<p>Passeio inesquec\u00edvel pelo Lago de Furnas, perfeito para toda a fam\u00edlia. O roteiro inclui uma trilha f\u00e1cil no belo Complexo da Capivara, conhecido por suas \u00e1guas esverdeadas deslumbrantes. O grupo ficar\u00e1 hospedado em uma casa de luxo, com uma vista privilegiada para a represa de Furnas, onde o caf\u00e9 da manh\u00e3 e uma deliciosa almojanta est\u00e3o inclusos.<\/p>\n<p>O passeio de lancha ter\u00e1 6 horas de dura\u00e7\u00e3o, levando os participantes para explorar atra\u00e7\u00f5es como a Cachoeira Lagoa Azul, o Bar Flutuante, a Cachoeira Sabi\u00e1 e os impressionantes Canyons da Usina.<\/p>\n<p><strong>Roteiro completo no PDF abaixo.<\/strong><\/p>\n","protected":false},"excerpt":{"rendered":"<p>Passeio inesquec\u00edvel pelo Lago de Furnas, perfeito para toda a fam\u00edlia. O roteiro inclui uma trilha f\u00e1cil no belo Complexo da Capivara, conhecido por suas \u00e1guas esverdeadas deslumbrantes. O grupo ficar\u00e1 hospedado em uma casa de luxo, com uma vista privilegiada para a represa de Furnas, onde o caf\u00e9 da manh\u00e3 e uma deliciosa almojanta [&hellip;]<\/p>\n","protected":false},"featured_media":10327,"template":"","meta":{"_acf_changed":false,"inline_featured_image":false,"_exactmetrics_skip_tracking":false,"_exactmetrics_sitenote_active":false,"_exactmetrics_sitenote_note":"","_exactmetrics_sitenote_category":0},"product_brand":[],"product_cat":[48,61,65,69],"product_tag":[],"class_list":{"0":"post-10329","1":"product","2":"type-product","3":"status-publish","4":"has-post-thumbnail","6":"product_cat-agenda-completa","7":"product_cat-desafio","8":"product_cat-nivel-facil","9":"product_cat-tipo-de-roteiro","11":"first","12":"outofstock","13":"virtual","14":"taxable","15":"purchasable","16":"product-type-simple"},"acf":[],"yoast_head":"<!-- This site is optimized with the Yoast SEO plugin v27.4 - https:\/\/yoast.com\/product\/yoast-seo-wordpress\/ -->\n<title>Capit\u00f3lio - Feriado de Tiradentes &#187; Alcateia Trekking<\/title>\n<meta name=\"description\" content=\"Passeio inesquec\u00edvel pelo Lago de Furnas, perfeito para toda a fam\u00edlia. O roteiro inclui uma trilha f\u00e1cil no belo Complexo da Capivara, conhecido por suas\" \/>\n<meta name=\"robots\" content=\"index, follow, max-snippet:-1, max-image-preview:large, max-video-preview:-1\" \/>\n<link rel=\"canonical\" href=\"https:\/\/www.alcateiatrekking.com.br\/roteiro\/capitolio-2-dias\/\" \/>\n<meta property=\"og:locale\" content=\"pt_BR\" \/>\n<meta property=\"og:type\" content=\"article\" \/>\n<meta property=\"og:title\" content=\"Capit\u00f3lio - Feriado de Tiradentes &#187; Alcateia Trekking\" \/>\n<meta property=\"og:description\" content=\"Passeio inesquec\u00edvel pelo Lago de Furnas, perfeito para toda a fam\u00edlia. O roteiro inclui uma trilha f\u00e1cil no belo Complexo da Capivara, conhecido por suas\" \/>\n<meta property=\"og:url\" content=\"https:\/\/www.alcateiatrekking.com.br\/roteiro\/capitolio-2-dias\/\" \/>\n<meta property=\"og:site_name\" content=\"Alcateia Trekking\" \/>\n<meta property=\"article:modified_time\" content=\"2026-04-22T15:11:12+00:00\" \/>\n<meta property=\"og:image\" content=\"https:\/\/www.alcateiatrekking.com.br\/wp-content\/uploads\/2024\/08\/79B64284-322A-4E85-AD0D-F2C03BE00C9F_L0_001-30_11_2022-07_54_37.webp\" \/>\n\t<meta property=\"og:image:width\" content=\"678\" \/>\n\t<meta property=\"og:image:height\" content=\"452\" \/>\n\t<meta property=\"og:image:type\" content=\"image\/webp\" \/>\n<meta name=\"twitter:card\" content=\"summary_large_image\" \/>\n<meta name=\"twitter:label1\" content=\"Est. tempo de leitura\" \/>\n\t<meta name=\"twitter:data1\" content=\"1 minuto\" \/>\n<script type=\"application\/ld+json\" class=\"yoast-schema-graph\">{\"@context\":\"https:\\\/\\\/schema.org\",\"@graph\":[{\"@type\":[\"WebPage\",\"ItemPage\"],\"@id\":\"https:\\\/\\\/www.alcateiatrekking.com.br\\\/roteiro\\\/capitolio-2-dias\\\/\",\"url\":\"https:\\\/\\\/www.alcateiatrekking.com.br\\\/roteiro\\\/capitolio-2-dias\\\/\",\"name\":\"Capit\u00f3lio - Feriado de Tiradentes &#187; Alcateia Trekking\",\"isPartOf\":{\"@id\":\"https:\\\/\\\/www.alcateiatrekking.com.br\\\/#website\"},\"primaryImageOfPage\":{\"@id\":\"https:\\\/\\\/www.alcateiatrekking.com.br\\\/roteiro\\\/capitolio-2-dias\\\/#primaryimage\"},\"image\":{\"@id\":\"https:\\\/\\\/www.alcateiatrekking.com.br\\\/roteiro\\\/capitolio-2-dias\\\/#primaryimage\"},\"thumbnailUrl\":\"https:\\\/\\\/www.alcateiatrekking.com.br\\\/wp-content\\\/uploads\\\/2024\\\/08\\\/79B64284-322A-4E85-AD0D-F2C03BE00C9F_L0_001-30_11_2022-07_54_37.webp\",\"datePublished\":\"2024-08-22T17:06:26+00:00\",\"dateModified\":\"2026-04-22T15:11:12+00:00\",\"description\":\"Passeio inesquec\u00edvel pelo Lago de Furnas, perfeito para toda a fam\u00edlia. O roteiro inclui uma trilha f\u00e1cil no belo Complexo da Capivara, conhecido por suas\",\"breadcrumb\":{\"@id\":\"https:\\\/\\\/www.alcateiatrekking.com.br\\\/roteiro\\\/capitolio-2-dias\\\/#breadcrumb\"},\"inLanguage\":\"pt-BR\",\"potentialAction\":[{\"@type\":\"ReadAction\",\"target\":[\"https:\\\/\\\/www.alcateiatrekking.com.br\\\/roteiro\\\/capitolio-2-dias\\\/\"]}]},{\"@type\":\"ImageObject\",\"inLanguage\":\"pt-BR\",\"@id\":\"https:\\\/\\\/www.alcateiatrekking.com.br\\\/roteiro\\\/capitolio-2-dias\\\/#primaryimage\",\"url\":\"https:\\\/\\\/www.alcateiatrekking.com.br\\\/wp-content\\\/uploads\\\/2024\\\/08\\\/79B64284-322A-4E85-AD0D-F2C03BE00C9F_L0_001-30_11_2022-07_54_37.webp\",\"contentUrl\":\"https:\\\/\\\/www.alcateiatrekking.com.br\\\/wp-content\\\/uploads\\\/2024\\\/08\\\/79B64284-322A-4E85-AD0D-F2C03BE00C9F_L0_001-30_11_2022-07_54_37.webp\",\"width\":678,\"height\":452},{\"@type\":\"BreadcrumbList\",\"@id\":\"https:\\\/\\\/www.alcateiatrekking.com.br\\\/roteiro\\\/capitolio-2-dias\\\/#breadcrumb\",\"itemListElement\":[{\"@type\":\"ListItem\",\"position\":1,\"name\":\"In\u00edcio\",\"item\":\"https:\\\/\\\/www.alcateiatrekking.com.br\\\/\"},{\"@type\":\"ListItem\",\"position\":2,\"name\":\"Roteiros\",\"item\":\"https:\\\/\\\/www.alcateiatrekking.com.br\\\/roteiros\\\/\"},{\"@type\":\"ListItem\",\"position\":3,\"name\":\"Capit\u00f3lio &#8211; Feriado de Tiradentes\"}]},{\"@type\":\"WebSite\",\"@id\":\"https:\\\/\\\/www.alcateiatrekking.com.br\\\/#website\",\"url\":\"https:\\\/\\\/www.alcateiatrekking.com.br\\\/\",\"name\":\"Alcateia Trekking\",\"description\":\"Ecoturismo, Trilhas , Cachoeiras em BH \\\/ Minas Gerais\",\"publisher\":{\"@id\":\"https:\\\/\\\/www.alcateiatrekking.com.br\\\/#organization\"},\"alternateName\":\"Alcateia Trekking \\\/ Belo Horizonte\",\"potentialAction\":[{\"@type\":\"SearchAction\",\"target\":{\"@type\":\"EntryPoint\",\"urlTemplate\":\"https:\\\/\\\/www.alcateiatrekking.com.br\\\/?s={search_term_string}\"},\"query-input\":{\"@type\":\"PropertyValueSpecification\",\"valueRequired\":true,\"valueName\":\"search_term_string\"}}],\"inLanguage\":\"pt-BR\"},{\"@type\":\"Organization\",\"@id\":\"https:\\\/\\\/www.alcateiatrekking.com.br\\\/#organization\",\"name\":\"Alcateia Trekking\",\"url\":\"https:\\\/\\\/www.alcateiatrekking.com.br\\\/\",\"logo\":{\"@type\":\"ImageObject\",\"inLanguage\":\"pt-BR\",\"@id\":\"https:\\\/\\\/www.alcateiatrekking.com.br\\\/#\\\/schema\\\/logo\\\/image\\\/\",\"url\":\"https:\\\/\\\/www.alcateiatrekking.com.br\\\/wp-content\\\/uploads\\\/2023\\\/11\\\/logo-alcateia-trekking.svg\",\"contentUrl\":\"https:\\\/\\\/www.alcateiatrekking.com.br\\\/wp-content\\\/uploads\\\/2023\\\/11\\\/logo-alcateia-trekking.svg\",\"width\":623,\"height\":504,\"caption\":\"Alcateia Trekking\"},\"image\":{\"@id\":\"https:\\\/\\\/www.alcateiatrekking.com.br\\\/#\\\/schema\\\/logo\\\/image\\\/\"},\"sameAs\":[\"https:\\\/\\\/www.instagram.com\\\/alcateia_trekking\\\/\"]}]}<\/script>\n<!-- \/ Yoast SEO plugin. -->","yoast_head_json":{"title":"Capit\u00f3lio - Feriado de Tiradentes &#187; Alcateia Trekking","description":"Passeio inesquec\u00edvel pelo Lago de Furnas, perfeito para toda a fam\u00edlia. O roteiro inclui uma trilha f\u00e1cil no belo Complexo da Capivara, conhecido por suas","robots":{"index":"index","follow":"follow","max-snippet":"max-snippet:-1","max-image-preview":"max-image-preview:large","max-video-preview":"max-video-preview:-1"},"canonical":"https:\/\/www.alcateiatrekking.com.br\/roteiro\/capitolio-2-dias\/","og_locale":"pt_BR","og_type":"article","og_title":"Capit\u00f3lio - Feriado de Tiradentes &#187; Alcateia Trekking","og_description":"Passeio inesquec\u00edvel pelo Lago de Furnas, perfeito para toda a fam\u00edlia. O roteiro inclui uma trilha f\u00e1cil no belo Complexo da Capivara, conhecido por suas","og_url":"https:\/\/www.alcateiatrekking.com.br\/roteiro\/capitolio-2-dias\/","og_site_name":"Alcateia Trekking","article_modified_time":"2026-04-22T15:11:12+00:00","og_image":[{"width":678,"height":452,"url":"https:\/\/www.alcateiatrekking.com.br\/wp-content\/uploads\/2024\/08\/79B64284-322A-4E85-AD0D-F2C03BE00C9F_L0_001-30_11_2022-07_54_37.webp","type":"image\/webp"}],"twitter_card":"summary_large_image","twitter_misc":{"Est. tempo de leitura":"1 minuto"},"schema":{"@context":"https:\/\/schema.org","@graph":[{"@type":["WebPage","ItemPage"],"@id":"https:\/\/www.alcateiatrekking.com.br\/roteiro\/capitolio-2-dias\/","url":"https:\/\/www.alcateiatrekking.com.br\/roteiro\/capitolio-2-dias\/","name":"Capit\u00f3lio - Feriado de Tiradentes &#187; Alcateia Trekking","isPartOf":{"@id":"https:\/\/www.alcateiatrekking.com.br\/#website"},"primaryImageOfPage":{"@id":"https:\/\/www.alcateiatrekking.com.br\/roteiro\/capitolio-2-dias\/#primaryimage"},"image":{"@id":"https:\/\/www.alcateiatrekking.com.br\/roteiro\/capitolio-2-dias\/#primaryimage"},"thumbnailUrl":"https:\/\/www.alcateiatrekking.com.br\/wp-content\/uploads\/2024\/08\/79B64284-322A-4E85-AD0D-F2C03BE00C9F_L0_001-30_11_2022-07_54_37.webp","datePublished":"2024-08-22T17:06:26+00:00","dateModified":"2026-04-22T15:11:12+00:00","description":"Passeio inesquec\u00edvel pelo Lago de Furnas, perfeito para toda a fam\u00edlia. O roteiro inclui uma trilha f\u00e1cil no belo Complexo da Capivara, conhecido por suas","breadcrumb":{"@id":"https:\/\/www.alcateiatrekking.com.br\/roteiro\/capitolio-2-dias\/#breadcrumb"},"inLanguage":"pt-BR","potentialAction":[{"@type":"ReadAction","target":["https:\/\/www.alcateiatrekking.com.br\/roteiro\/capitolio-2-dias\/"]}]},{"@type":"ImageObject","inLanguage":"pt-BR","@id":"https:\/\/www.alcateiatrekking.com.br\/roteiro\/capitolio-2-dias\/#primaryimage","url":"https:\/\/www.alcateiatrekking.com.br\/wp-content\/uploads\/2024\/08\/79B64284-322A-4E85-AD0D-F2C03BE00C9F_L0_001-30_11_2022-07_54_37.webp","contentUrl":"https:\/\/www.alcateiatrekking.com.br\/wp-content\/uploads\/2024\/08\/79B64284-322A-4E85-AD0D-F2C03BE00C9F_L0_001-30_11_2022-07_54_37.webp","width":678,"height":452},{"@type":"BreadcrumbList","@id":"https:\/\/www.alcateiatrekking.com.br\/roteiro\/capitolio-2-dias\/#breadcrumb","itemListElement":[{"@type":"ListItem","position":1,"name":"In\u00edcio","item":"https:\/\/www.alcateiatrekking.com.br\/"},{"@type":"ListItem","position":2,"name":"Roteiros","item":"https:\/\/www.alcateiatrekking.com.br\/roteiros\/"},{"@type":"ListItem","position":3,"name":"Capit\u00f3lio &#8211; Feriado de Tiradentes"}]},{"@type":"WebSite","@id":"https:\/\/www.alcateiatrekking.com.br\/#website","url":"https:\/\/www.alcateiatrekking.com.br\/","name":"Alcateia Trekking","description":"Ecoturismo, Trilhas , Cachoeiras em BH \/ Minas Gerais","publisher":{"@id":"https:\/\/www.alcateiatrekking.com.br\/#organization"},"alternateName":"Alcateia Trekking \/ Belo Horizonte","potentialAction":[{"@type":"SearchAction","target":{"@type":"EntryPoint","urlTemplate":"https:\/\/www.alcateiatrekking.com.br\/?s={search_term_string}"},"query-input":{"@type":"PropertyValueSpecification","valueRequired":true,"valueName":"search_term_string"}}],"inLanguage":"pt-BR"},{"@type":"Organization","@id":"https:\/\/www.alcateiatrekking.com.br\/#organization","name":"Alcateia Trekking","url":"https:\/\/www.alcateiatrekking.com.br\/","logo":{"@type":"ImageObject","inLanguage":"pt-BR","@id":"https:\/\/www.alcateiatrekking.com.br\/#\/schema\/logo\/image\/","url":"https:\/\/www.alcateiatrekking.com.br\/wp-content\/uploads\/2023\/11\/logo-alcateia-trekking.svg","contentUrl":"https:\/\/www.alcateiatrekking.com.br\/wp-content\/uploads\/2023\/11\/logo-alcateia-trekking.svg","width":623,"height":504,"caption":"Alcateia Trekking"},"image":{"@id":"https:\/\/www.alcateiatrekking.com.br\/#\/schema\/logo\/image\/"},"sameAs":["https:\/\/www.instagram.com\/alcateia_trekking\/"]}]}},"_links":{"self":[{"href":"https:\/\/www.alcateiatrekking.com.br\/wp-projeto-api\/wp\/v2\/product\/10329","targetHints":{"allow":["GET"]}}],"collection":[{"href":"https:\/\/www.alcateiatrekking.com.br\/wp-projeto-api\/wp\/v2\/product"}],"about":[{"href":"https:\/\/www.alcateiatrekking.com.br\/wp-projeto-api\/wp\/v2\/types\/product"}],"wp:featuredmedia":[{"embeddable":true,"href":"https:\/\/www.alcateiatrekking.com.br\/wp-projeto-api\/wp\/v2\/media\/10327"}],"wp:attachment":[{"href":"https:\/\/www.alcateiatrekking.com.br\/wp-projeto-api\/wp\/v2\/media?parent=10329"}],"wp:term":[{"taxonomy":"product_brand","embeddable":true,"href":"https:\/\/www.alcateiatrekking.com.br\/wp-projeto-api\/wp\/v2\/product_brand?post=10329"},{"taxonomy":"product_cat","embeddable":true,"href":"https:\/\/www.alcateiatrekking.com.br\/wp-projeto-api\/wp\/v2\/product_cat?post=10329"},{"taxonomy":"product_tag","embeddable":true,"href":"https:\/\/www.alcateiatrekking.com.br\/wp-projeto-api\/wp\/v2\/product_tag?post=10329"}],"curies":[{"name":"wp","href":"https:\/\/api.w.org\/{rel}","templated":true}]}}