{"id":10125,"date":"2024-04-24T14:38:39","date_gmt":"2024-04-24T17:38:39","guid":{"rendered":"https:\/\/www.alcateiatrekking.com.br\/?post_type=product&#038;p=10125"},"modified":"2025-11-28T11:04:15","modified_gmt":"2025-11-28T14:04:15","slug":"monte-roraima","status":"publish","type":"product","link":"https:\/\/www.alcateiatrekking.com.br\/roteiro\/monte-roraima\/","title":{"rendered":"Monte Roraima"},"content":{"rendered":"<div class=\"flex-shrink-0 flex flex-col relative items-end\">\n<div>\n<div class=\"pt-0\">\n<div class=\"gizmo-bot-avatar flex h-8 w-8 items-center justify-center overflow-hidden rounded-full\">\n<div class=\"relative p-1 rounded-sm flex items-center justify-center bg-token-main-surface-primary text-token-text-primary h-8 w-8\">A <strong>Expedi\u00e7\u00e3o ao Monte Roraima<\/strong> \u00e9 uma verdadeira imers\u00e3o na cultura ind\u00edgena dos Pemons. \u00c9 uma experi\u00eancia intensa e transformadora. S\u00e3o <strong>8 dias<\/strong>, caminhando rumo \u00e0 montanha mais antiga do mundo. <strong>8 dias desconectado do celular e do mundo exterior,<\/strong> mas totalmente conectado com as pessoas do seu grupo, com o Monte e toda a sua for\u00e7a.<\/div>\n<\/div>\n<\/div>\n<\/div>\n<\/div>\n<div class=\"group\/conversation-turn relative flex w-full min-w-0 flex-col agent-turn\">\n<div class=\"flex-col gap-1 md:gap-3\">\n<div class=\"flex max-w-full flex-col flex-grow\">\n<div class=\"min-h-8 text-message flex w-full flex-col items-end gap-2 whitespace-normal break-words text-start [.text-message+&amp;]:mt-5\" dir=\"auto\" data-message-author-role=\"assistant\" data-message-id=\"9041ac64-0028-409b-8981-dc73cdce453b\" data-message-model-slug=\"gpt-4o\">\n<div class=\"flex w-full flex-col gap-1 empty:hidden first:pt-[3px]\">\n<div class=\"markdown prose w-full break-words dark:prose-invert dark\">\n<p>Uma viv\u00eancia da qual <strong>muitos saem transformados<\/strong>. Pessoas do mundo todo v\u00eam participar dessa expedi\u00e7\u00e3o. Mesmo enfrentando o desconforto do acampamento, o frio, o sol e os longos dias de caminhada, encontramos conforto em toda a <strong>log\u00edstica impec\u00e1vel<\/strong>. Desde a comida, preparada com carinho pela equipe, at\u00e9 as barracas que s\u00e3o montadas e carregadas por eles. At\u00e9 o banheiro, que \u00e9 um &#8220;luxo&#8221; em meio \u00e0 natureza. E, se quiser caminhar mais leve, \u00e9 poss\u00edvel contratar um <strong>carregador pessoal<\/strong>.<\/p>\n<p>Detalhes completos no PDF abaixo.<\/p>\n<p>&nbsp;<\/p>\n<\/div>\n<\/div>\n<\/div>\n<\/div>\n<\/div>\n<\/div>\n","protected":false},"excerpt":{"rendered":"<p>Se voc\u00ea quiser viver essa expedi\u00e7\u00e3o, <strong>voc\u00ea \u00e9 capaz!<\/strong> \ud83c\udf0d A <strong>Alcateia Trekking<\/strong> vai te guiar at\u00e9 o topo do Monte Roraima, proporcionando toda a estrutura e seguran\u00e7a necess\u00e1rias para que voc\u00ea viva essa jornada com tranquilidade.<\/p>\n<p><strong>Prepare-se para se desconectar do mundo e se conectar com a natureza, com a cultura dos Pemons e, principalmente, com voc\u00ea mesmo.<\/strong><\/p>\n<p><strong>S\u00e3o 8 dias que podem transformar a sua vida. Vamos juntos?<\/strong><\/p>\n","protected":false},"featured_media":12187,"template":"","meta":{"_acf_changed":false,"inline_featured_image":false,"_exactmetrics_skip_tracking":false,"_exactmetrics_sitenote_active":false,"_exactmetrics_sitenote_note":"","_exactmetrics_sitenote_category":0},"product_brand":[],"product_cat":[48,61,70,63,51,69],"product_tag":[],"class_list":{"0":"post-10125","1":"product","2":"type-product","3":"status-publish","4":"has-post-thumbnail","6":"product_cat-agenda-completa","7":"product_cat-desafio","8":"product_cat-expedicao","9":"product_cat-nivel-dificil","10":"product_cat-outubro","11":"product_cat-tipo-de-roteiro","13":"first","14":"instock","15":"virtual","16":"taxable","17":"purchasable","18":"product-type-simple"},"acf":[],"yoast_head":"<!-- This site is optimized with the Yoast SEO plugin v27.4 - https:\/\/yoast.com\/product\/yoast-seo-wordpress\/ -->\n<title>Monte Roraima &#187; Alcateia Trekking<\/title>\n<meta name=\"description\" content=\"Se voc\u00ea quiser viver essa expedi\u00e7\u00e3o, voc\u00ea \u00e9 capaz! \ud83c\udf0d A Alcateia Trekking vai te guiar at\u00e9 o topo do Monte Roraima, proporcionando toda a estrutura e seguran\u00e7a necess\u00e1rias para que voc\u00ea viva essa jornada com tranquilidade.  Prepare-se para se desconectar do mundo e se conectar com a natureza, com a cultura dos Pemons e, principalmente, com voc\u00ea mesmo.  S\u00e3o 8 dias que podem transformar a sua vida. Vamos juntos?\" \/>\n<meta name=\"robots\" content=\"index, follow, max-snippet:-1, max-image-preview:large, max-video-preview:-1\" \/>\n<link rel=\"canonical\" href=\"https:\/\/www.alcateiatrekking.com.br\/roteiro\/monte-roraima\/\" \/>\n<meta property=\"og:locale\" content=\"pt_BR\" \/>\n<meta property=\"og:type\" content=\"article\" \/>\n<meta property=\"og:title\" content=\"Monte Roraima &#187; Alcateia Trekking\" \/>\n<meta property=\"og:description\" content=\"Se voc\u00ea quiser viver essa expedi\u00e7\u00e3o, voc\u00ea \u00e9 capaz! \ud83c\udf0d A Alcateia Trekking vai te guiar at\u00e9 o topo do Monte Roraima, proporcionando toda a estrutura e seguran\u00e7a necess\u00e1rias para que voc\u00ea viva essa jornada com tranquilidade.  Prepare-se para se desconectar do mundo e se conectar com a natureza, com a cultura dos Pemons e, principalmente, com voc\u00ea mesmo.  S\u00e3o 8 dias que podem transformar a sua vida. Vamos juntos?\" \/>\n<meta property=\"og:url\" content=\"https:\/\/www.alcateiatrekking.com.br\/roteiro\/monte-roraima\/\" \/>\n<meta property=\"og:site_name\" content=\"Alcateia Trekking\" \/>\n<meta property=\"article:modified_time\" content=\"2025-11-28T14:04:15+00:00\" \/>\n<meta property=\"og:image\" content=\"https:\/\/www.alcateiatrekking.com.br\/wp-content\/uploads\/2024\/04\/20251109_062423-600x600.webp\" \/>\n\t<meta property=\"og:image:width\" content=\"913\" \/>\n\t<meta property=\"og:image:height\" content=\"913\" \/>\n\t<meta property=\"og:image:type\" content=\"image\/webp\" \/>\n<meta name=\"twitter:card\" content=\"summary_large_image\" \/>\n<meta name=\"twitter:label1\" content=\"Est. tempo de leitura\" \/>\n\t<meta name=\"twitter:data1\" content=\"1 minuto\" \/>\n<script type=\"application\/ld+json\" class=\"yoast-schema-graph\">{\"@context\":\"https:\\\/\\\/schema.org\",\"@graph\":[{\"@type\":[\"WebPage\",\"ItemPage\"],\"@id\":\"https:\\\/\\\/www.alcateiatrekking.com.br\\\/roteiro\\\/monte-roraima\\\/\",\"url\":\"https:\\\/\\\/www.alcateiatrekking.com.br\\\/roteiro\\\/monte-roraima\\\/\",\"name\":\"Monte Roraima &#187; Alcateia Trekking\",\"isPartOf\":{\"@id\":\"https:\\\/\\\/www.alcateiatrekking.com.br\\\/#website\"},\"primaryImageOfPage\":{\"@id\":\"https:\\\/\\\/www.alcateiatrekking.com.br\\\/roteiro\\\/monte-roraima\\\/#primaryimage\"},\"image\":{\"@id\":\"https:\\\/\\\/www.alcateiatrekking.com.br\\\/roteiro\\\/monte-roraima\\\/#primaryimage\"},\"thumbnailUrl\":\"https:\\\/\\\/www.alcateiatrekking.com.br\\\/wp-content\\\/uploads\\\/2024\\\/04\\\/20251109_062423-600x600.webp\",\"datePublished\":\"2024-04-24T17:38:39+00:00\",\"dateModified\":\"2025-11-28T14:04:15+00:00\",\"description\":\"Se voc\u00ea quiser viver essa expedi\u00e7\u00e3o, voc\u00ea \u00e9 capaz! \ud83c\udf0d A Alcateia Trekking vai te guiar at\u00e9 o topo do Monte Roraima, proporcionando toda a estrutura e seguran\u00e7a necess\u00e1rias para que voc\u00ea viva essa jornada com tranquilidade. Prepare-se para se desconectar do mundo e se conectar com a natureza, com a cultura dos Pemons e, principalmente, com voc\u00ea mesmo. S\u00e3o 8 dias que podem transformar a sua vida. Vamos juntos?\",\"breadcrumb\":{\"@id\":\"https:\\\/\\\/www.alcateiatrekking.com.br\\\/roteiro\\\/monte-roraima\\\/#breadcrumb\"},\"inLanguage\":\"pt-BR\",\"potentialAction\":[{\"@type\":\"ReadAction\",\"target\":[\"https:\\\/\\\/www.alcateiatrekking.com.br\\\/roteiro\\\/monte-roraima\\\/\"]}]},{\"@type\":\"ImageObject\",\"inLanguage\":\"pt-BR\",\"@id\":\"https:\\\/\\\/www.alcateiatrekking.com.br\\\/roteiro\\\/monte-roraima\\\/#primaryimage\",\"url\":\"https:\\\/\\\/www.alcateiatrekking.com.br\\\/wp-content\\\/uploads\\\/2024\\\/04\\\/20251109_062423-600x600.webp\",\"contentUrl\":\"https:\\\/\\\/www.alcateiatrekking.com.br\\\/wp-content\\\/uploads\\\/2024\\\/04\\\/20251109_062423-600x600.webp\",\"width\":913,\"height\":913},{\"@type\":\"BreadcrumbList\",\"@id\":\"https:\\\/\\\/www.alcateiatrekking.com.br\\\/roteiro\\\/monte-roraima\\\/#breadcrumb\",\"itemListElement\":[{\"@type\":\"ListItem\",\"position\":1,\"name\":\"In\u00edcio\",\"item\":\"https:\\\/\\\/www.alcateiatrekking.com.br\\\/\"},{\"@type\":\"ListItem\",\"position\":2,\"name\":\"Roteiros\",\"item\":\"https:\\\/\\\/www.alcateiatrekking.com.br\\\/roteiros\\\/\"},{\"@type\":\"ListItem\",\"position\":3,\"name\":\"Monte Roraima\"}]},{\"@type\":\"WebSite\",\"@id\":\"https:\\\/\\\/www.alcateiatrekking.com.br\\\/#website\",\"url\":\"https:\\\/\\\/www.alcateiatrekking.com.br\\\/\",\"name\":\"Alcateia Trekking\",\"description\":\"Ecoturismo, Trilhas , Cachoeiras em BH \\\/ Minas Gerais\",\"publisher\":{\"@id\":\"https:\\\/\\\/www.alcateiatrekking.com.br\\\/#organization\"},\"alternateName\":\"Alcateia Trekking \\\/ Belo Horizonte\",\"potentialAction\":[{\"@type\":\"SearchAction\",\"target\":{\"@type\":\"EntryPoint\",\"urlTemplate\":\"https:\\\/\\\/www.alcateiatrekking.com.br\\\/?s={search_term_string}\"},\"query-input\":{\"@type\":\"PropertyValueSpecification\",\"valueRequired\":true,\"valueName\":\"search_term_string\"}}],\"inLanguage\":\"pt-BR\"},{\"@type\":\"Organization\",\"@id\":\"https:\\\/\\\/www.alcateiatrekking.com.br\\\/#organization\",\"name\":\"Alcateia Trekking\",\"url\":\"https:\\\/\\\/www.alcateiatrekking.com.br\\\/\",\"logo\":{\"@type\":\"ImageObject\",\"inLanguage\":\"pt-BR\",\"@id\":\"https:\\\/\\\/www.alcateiatrekking.com.br\\\/#\\\/schema\\\/logo\\\/image\\\/\",\"url\":\"https:\\\/\\\/www.alcateiatrekking.com.br\\\/wp-content\\\/uploads\\\/2023\\\/11\\\/logo-alcateia-trekking.svg\",\"contentUrl\":\"https:\\\/\\\/www.alcateiatrekking.com.br\\\/wp-content\\\/uploads\\\/2023\\\/11\\\/logo-alcateia-trekking.svg\",\"width\":623,\"height\":504,\"caption\":\"Alcateia Trekking\"},\"image\":{\"@id\":\"https:\\\/\\\/www.alcateiatrekking.com.br\\\/#\\\/schema\\\/logo\\\/image\\\/\"},\"sameAs\":[\"https:\\\/\\\/www.instagram.com\\\/alcateia_trekking\\\/\"]}]}<\/script>\n<!-- \/ Yoast SEO plugin. -->","yoast_head_json":{"title":"Monte Roraima &#187; Alcateia Trekking","description":"Se voc\u00ea quiser viver essa expedi\u00e7\u00e3o, voc\u00ea \u00e9 capaz! \ud83c\udf0d A Alcateia Trekking vai te guiar at\u00e9 o topo do Monte Roraima, proporcionando toda a estrutura e seguran\u00e7a necess\u00e1rias para que voc\u00ea viva essa jornada com tranquilidade.  Prepare-se para se desconectar do mundo e se conectar com a natureza, com a cultura dos Pemons e, principalmente, com voc\u00ea mesmo.  S\u00e3o 8 dias que podem transformar a sua vida. Vamos juntos?","robots":{"index":"index","follow":"follow","max-snippet":"max-snippet:-1","max-image-preview":"max-image-preview:large","max-video-preview":"max-video-preview:-1"},"canonical":"https:\/\/www.alcateiatrekking.com.br\/roteiro\/monte-roraima\/","og_locale":"pt_BR","og_type":"article","og_title":"Monte Roraima &#187; Alcateia Trekking","og_description":"Se voc\u00ea quiser viver essa expedi\u00e7\u00e3o, voc\u00ea \u00e9 capaz! \ud83c\udf0d A Alcateia Trekking vai te guiar at\u00e9 o topo do Monte Roraima, proporcionando toda a estrutura e seguran\u00e7a necess\u00e1rias para que voc\u00ea viva essa jornada com tranquilidade.  Prepare-se para se desconectar do mundo e se conectar com a natureza, com a cultura dos Pemons e, principalmente, com voc\u00ea mesmo.  S\u00e3o 8 dias que podem transformar a sua vida. Vamos juntos?","og_url":"https:\/\/www.alcateiatrekking.com.br\/roteiro\/monte-roraima\/","og_site_name":"Alcateia Trekking","article_modified_time":"2025-11-28T14:04:15+00:00","og_image":[{"width":913,"height":913,"url":"https:\/\/www.alcateiatrekking.com.br\/wp-content\/uploads\/2024\/04\/20251109_062423-600x600.webp","type":"image\/webp"}],"twitter_card":"summary_large_image","twitter_misc":{"Est. tempo de leitura":"1 minuto"},"schema":{"@context":"https:\/\/schema.org","@graph":[{"@type":["WebPage","ItemPage"],"@id":"https:\/\/www.alcateiatrekking.com.br\/roteiro\/monte-roraima\/","url":"https:\/\/www.alcateiatrekking.com.br\/roteiro\/monte-roraima\/","name":"Monte Roraima &#187; Alcateia Trekking","isPartOf":{"@id":"https:\/\/www.alcateiatrekking.com.br\/#website"},"primaryImageOfPage":{"@id":"https:\/\/www.alcateiatrekking.com.br\/roteiro\/monte-roraima\/#primaryimage"},"image":{"@id":"https:\/\/www.alcateiatrekking.com.br\/roteiro\/monte-roraima\/#primaryimage"},"thumbnailUrl":"https:\/\/www.alcateiatrekking.com.br\/wp-content\/uploads\/2024\/04\/20251109_062423-600x600.webp","datePublished":"2024-04-24T17:38:39+00:00","dateModified":"2025-11-28T14:04:15+00:00","description":"Se voc\u00ea quiser viver essa expedi\u00e7\u00e3o, voc\u00ea \u00e9 capaz! \ud83c\udf0d A Alcateia Trekking vai te guiar at\u00e9 o topo do Monte Roraima, proporcionando toda a estrutura e seguran\u00e7a necess\u00e1rias para que voc\u00ea viva essa jornada com tranquilidade. Prepare-se para se desconectar do mundo e se conectar com a natureza, com a cultura dos Pemons e, principalmente, com voc\u00ea mesmo. S\u00e3o 8 dias que podem transformar a sua vida. Vamos juntos?","breadcrumb":{"@id":"https:\/\/www.alcateiatrekking.com.br\/roteiro\/monte-roraima\/#breadcrumb"},"inLanguage":"pt-BR","potentialAction":[{"@type":"ReadAction","target":["https:\/\/www.alcateiatrekking.com.br\/roteiro\/monte-roraima\/"]}]},{"@type":"ImageObject","inLanguage":"pt-BR","@id":"https:\/\/www.alcateiatrekking.com.br\/roteiro\/monte-roraima\/#primaryimage","url":"https:\/\/www.alcateiatrekking.com.br\/wp-content\/uploads\/2024\/04\/20251109_062423-600x600.webp","contentUrl":"https:\/\/www.alcateiatrekking.com.br\/wp-content\/uploads\/2024\/04\/20251109_062423-600x600.webp","width":913,"height":913},{"@type":"BreadcrumbList","@id":"https:\/\/www.alcateiatrekking.com.br\/roteiro\/monte-roraima\/#breadcrumb","itemListElement":[{"@type":"ListItem","position":1,"name":"In\u00edcio","item":"https:\/\/www.alcateiatrekking.com.br\/"},{"@type":"ListItem","position":2,"name":"Roteiros","item":"https:\/\/www.alcateiatrekking.com.br\/roteiros\/"},{"@type":"ListItem","position":3,"name":"Monte Roraima"}]},{"@type":"WebSite","@id":"https:\/\/www.alcateiatrekking.com.br\/#website","url":"https:\/\/www.alcateiatrekking.com.br\/","name":"Alcateia Trekking","description":"Ecoturismo, Trilhas , Cachoeiras em BH \/ Minas Gerais","publisher":{"@id":"https:\/\/www.alcateiatrekking.com.br\/#organization"},"alternateName":"Alcateia Trekking \/ Belo Horizonte","potentialAction":[{"@type":"SearchAction","target":{"@type":"EntryPoint","urlTemplate":"https:\/\/www.alcateiatrekking.com.br\/?s={search_term_string}"},"query-input":{"@type":"PropertyValueSpecification","valueRequired":true,"valueName":"search_term_string"}}],"inLanguage":"pt-BR"},{"@type":"Organization","@id":"https:\/\/www.alcateiatrekking.com.br\/#organization","name":"Alcateia Trekking","url":"https:\/\/www.alcateiatrekking.com.br\/","logo":{"@type":"ImageObject","inLanguage":"pt-BR","@id":"https:\/\/www.alcateiatrekking.com.br\/#\/schema\/logo\/image\/","url":"https:\/\/www.alcateiatrekking.com.br\/wp-content\/uploads\/2023\/11\/logo-alcateia-trekking.svg","contentUrl":"https:\/\/www.alcateiatrekking.com.br\/wp-content\/uploads\/2023\/11\/logo-alcateia-trekking.svg","width":623,"height":504,"caption":"Alcateia Trekking"},"image":{"@id":"https:\/\/www.alcateiatrekking.com.br\/#\/schema\/logo\/image\/"},"sameAs":["https:\/\/www.instagram.com\/alcateia_trekking\/"]}]}},"_links":{"self":[{"href":"https:\/\/www.alcateiatrekking.com.br\/wp-projeto-api\/wp\/v2\/product\/10125","targetHints":{"allow":["GET"]}}],"collection":[{"href":"https:\/\/www.alcateiatrekking.com.br\/wp-projeto-api\/wp\/v2\/product"}],"about":[{"href":"https:\/\/www.alcateiatrekking.com.br\/wp-projeto-api\/wp\/v2\/types\/product"}],"wp:featuredmedia":[{"embeddable":true,"href":"https:\/\/www.alcateiatrekking.com.br\/wp-projeto-api\/wp\/v2\/media\/12187"}],"wp:attachment":[{"href":"https:\/\/www.alcateiatrekking.com.br\/wp-projeto-api\/wp\/v2\/media?parent=10125"}],"wp:term":[{"taxonomy":"product_brand","embeddable":true,"href":"https:\/\/www.alcateiatrekking.com.br\/wp-projeto-api\/wp\/v2\/product_brand?post=10125"},{"taxonomy":"product_cat","embeddable":true,"href":"https:\/\/www.alcateiatrekking.com.br\/wp-projeto-api\/wp\/v2\/product_cat?post=10125"},{"taxonomy":"product_tag","embeddable":true,"href":"https:\/\/www.alcateiatrekking.com.br\/wp-projeto-api\/wp\/v2\/product_tag?post=10125"}],"curies":[{"name":"wp","href":"https:\/\/api.w.org\/{rel}","templated":true}]}}