{"id":10099,"date":"2025-02-26T15:56:36","date_gmt":"2025-02-26T18:56:36","guid":{"rendered":"https:\/\/www.alcateiatrekking.com.br\/?post_type=product&#038;p=10099"},"modified":"2025-06-04T13:48:30","modified_gmt":"2025-06-04T16:48:30","slug":"pedra-da-gavea-rio-de-janeiro","status":"publish","type":"product","link":"https:\/\/www.alcateiatrekking.com.br\/roteiro\/pedra-da-gavea-rio-de-janeiro\/","title":{"rendered":"Pedra da G\u00e1vea &#8211; Rio de Janeiro"},"content":{"rendered":"<h3 data-start=\"87\" data-end=\"148\"><strong data-start=\"91\" data-end=\"146\">Final de Semana de Aventura no Rio de Janeiro\u00a0<\/strong><\/h3>\n<p data-start=\"150\" data-end=\"457\">Ser\u00e3o <strong data-start=\"156\" data-end=\"179\">dois dias incr\u00edveis<\/strong> explorando o melhor do Rio! Vamos encarar a <strong data-start=\"224\" data-end=\"262\">trilha mais desafiadora da capital<\/strong>, a <strong data-start=\"266\" data-end=\"284\">Pedra da G\u00e1vea<\/strong>, o maior mon\u00f3lito \u00e0 beira-mar do mundo! Contaremos com <strong data-start=\"344\" data-end=\"375\">guias locais especializados<\/strong> e todos os equipamentos de rapel para garantir uma subida segura e emocionante.<\/p>\n<p data-start=\"459\" data-end=\"879\">\ud83d\udd39 <strong data-start=\"462\" data-end=\"473\">S\u00e1bado:<\/strong> Trilha da Pedra da G\u00e1vea \u2013 uma experi\u00eancia \u00fanica para quem j\u00e1 pratica trilhas e quer um desafio! \ud83e\uddd7\u200d\u2642\ufe0f<br data-start=\"576\" data-end=\"580\" \/>\ud83d\udd39 <strong data-start=\"583\" data-end=\"605\">Noite livre no Rio<\/strong> para curtir a cidade, explorar bares e restaurantes ou relaxar.<br data-start=\"669\" data-end=\"673\" \/>\ud83d\udd39 <strong data-start=\"676\" data-end=\"688\">Domingo:<\/strong> Dia de praia! Nosso <strong data-start=\"709\" data-end=\"740\">hostel super bem localizado<\/strong> fica a apenas <strong data-start=\"755\" data-end=\"778\">100 metros da praia<\/strong> e pertinho da famosa <strong data-start=\"800\" data-end=\"821\">Pedra do Arpoador<\/strong>, perfeito para curtir o mar e o visual paradis\u00edaco.<\/p>\n<p data-start=\"881\" data-end=\"1090\"><strong data-start=\"884\" data-end=\"910\">Transporte confort\u00e1vel<\/strong>:<br data-start=\"911\" data-end=\"914\" \/>Sa\u00edda de BH em \u00f4nibus <strong data-start=\"936\" data-end=\"950\">semi-leito<\/strong>, garantindo uma viagem tranquila. No Rio, deslocamento em <strong data-start=\"1009\" data-end=\"1028\">van credenciada<\/strong>, com motorista carioca que conhece cada cantinho da cidade!<\/p>\n<p data-start=\"1092\" data-end=\"1234\"><strong data-start=\"1095\" data-end=\"1107\">Aten\u00e7\u00e3o!<\/strong> A trilha da Pedra da G\u00e1vea <strong data-start=\"1135\" data-end=\"1150\">n\u00e3o \u00e9 f\u00e1cil<\/strong> e \u00e9 indicada para quem j\u00e1 pratica trilhas e est\u00e1 acostumado com desafios f\u00edsicos.<\/p>\n<p data-start=\"1236\" data-end=\"1297\">Dois dias de aventura e um roteiro <strong data-start=\"1271\" data-end=\"1291\">pronto para voc\u00ea<\/strong>!<\/p>\n","protected":false},"excerpt":{"rendered":"<p>Final de Semana de Aventura no Rio de Janeiro\u00a0 Ser\u00e3o dois dias incr\u00edveis explorando o melhor do Rio! Vamos encarar a trilha mais desafiadora da capital, a Pedra da G\u00e1vea, o maior mon\u00f3lito \u00e0 beira-mar do mundo! Contaremos com guias locais especializados e todos os equipamentos de rapel para garantir uma subida segura e emocionante. [&hellip;]<\/p>\n","protected":false},"featured_media":11001,"template":"","meta":{"_acf_changed":false,"inline_featured_image":false,"_exactmetrics_skip_tracking":false,"_exactmetrics_sitenote_active":false,"_exactmetrics_sitenote_note":"","_exactmetrics_sitenote_category":0},"product_brand":[],"product_cat":[63],"product_tag":[],"class_list":{"0":"post-10099","1":"product","2":"type-product","3":"status-publish","4":"has-post-thumbnail","6":"product_cat-nivel-dificil","8":"first","9":"outofstock","10":"virtual","11":"taxable","12":"purchasable","13":"product-type-simple"},"acf":[],"yoast_head":"<!-- This site is optimized with the Yoast SEO plugin v27.4 - https:\/\/yoast.com\/product\/yoast-seo-wordpress\/ -->\n<title>Pedra da G\u00e1vea - Rio de Janeiro &#187; Alcateia Trekking<\/title>\n<meta name=\"description\" content=\"Final de Semana de Aventura no Rio de Janeiro\u00a0 Ser\u00e3o dois dias incr\u00edveis explorando o melhor do Rio! Vamos encarar a trilha mais desafiadora da capital, a\" \/>\n<meta name=\"robots\" content=\"index, follow, max-snippet:-1, max-image-preview:large, max-video-preview:-1\" \/>\n<link rel=\"canonical\" href=\"https:\/\/www.alcateiatrekking.com.br\/roteiro\/pedra-da-gavea-rio-de-janeiro\/\" \/>\n<meta property=\"og:locale\" content=\"pt_BR\" \/>\n<meta property=\"og:type\" content=\"article\" \/>\n<meta property=\"og:title\" content=\"Pedra da G\u00e1vea - Rio de Janeiro &#187; Alcateia Trekking\" \/>\n<meta property=\"og:description\" content=\"Final de Semana de Aventura no Rio de Janeiro\u00a0 Ser\u00e3o dois dias incr\u00edveis explorando o melhor do Rio! Vamos encarar a trilha mais desafiadora da capital, a\" \/>\n<meta property=\"og:url\" content=\"https:\/\/www.alcateiatrekking.com.br\/roteiro\/pedra-da-gavea-rio-de-janeiro\/\" \/>\n<meta property=\"og:site_name\" content=\"Alcateia Trekking\" \/>\n<meta property=\"article:modified_time\" content=\"2025-06-04T16:48:30+00:00\" \/>\n<meta property=\"og:image\" content=\"https:\/\/www.alcateiatrekking.com.br\/wp-content\/uploads\/2024\/04\/07_07_2022-16_33_51.webp\" \/>\n\t<meta property=\"og:image:width\" content=\"1440\" \/>\n\t<meta property=\"og:image:height\" content=\"1800\" \/>\n\t<meta property=\"og:image:type\" content=\"image\/webp\" \/>\n<meta name=\"twitter:card\" content=\"summary_large_image\" \/>\n<meta name=\"twitter:label1\" content=\"Est. tempo de leitura\" \/>\n\t<meta name=\"twitter:data1\" content=\"2 minutos\" \/>\n<script type=\"application\/ld+json\" class=\"yoast-schema-graph\">{\"@context\":\"https:\\\/\\\/schema.org\",\"@graph\":[{\"@type\":[\"WebPage\",\"ItemPage\"],\"@id\":\"https:\\\/\\\/www.alcateiatrekking.com.br\\\/roteiro\\\/pedra-da-gavea-rio-de-janeiro\\\/\",\"url\":\"https:\\\/\\\/www.alcateiatrekking.com.br\\\/roteiro\\\/pedra-da-gavea-rio-de-janeiro\\\/\",\"name\":\"Pedra da G\u00e1vea - Rio de Janeiro &#187; Alcateia Trekking\",\"isPartOf\":{\"@id\":\"https:\\\/\\\/www.alcateiatrekking.com.br\\\/#website\"},\"primaryImageOfPage\":{\"@id\":\"https:\\\/\\\/www.alcateiatrekking.com.br\\\/roteiro\\\/pedra-da-gavea-rio-de-janeiro\\\/#primaryimage\"},\"image\":{\"@id\":\"https:\\\/\\\/www.alcateiatrekking.com.br\\\/roteiro\\\/pedra-da-gavea-rio-de-janeiro\\\/#primaryimage\"},\"thumbnailUrl\":\"https:\\\/\\\/www.alcateiatrekking.com.br\\\/wp-content\\\/uploads\\\/2024\\\/04\\\/07_07_2022-16_33_51-480x600.webp\",\"datePublished\":\"2025-02-26T18:56:36+00:00\",\"dateModified\":\"2025-06-04T16:48:30+00:00\",\"description\":\"Final de Semana de Aventura no Rio de Janeiro\u00a0 Ser\u00e3o dois dias incr\u00edveis explorando o melhor do Rio! Vamos encarar a trilha mais desafiadora da capital, a\",\"breadcrumb\":{\"@id\":\"https:\\\/\\\/www.alcateiatrekking.com.br\\\/roteiro\\\/pedra-da-gavea-rio-de-janeiro\\\/#breadcrumb\"},\"inLanguage\":\"pt-BR\",\"potentialAction\":[{\"@type\":\"ReadAction\",\"target\":[\"https:\\\/\\\/www.alcateiatrekking.com.br\\\/roteiro\\\/pedra-da-gavea-rio-de-janeiro\\\/\"]}]},{\"@type\":\"ImageObject\",\"inLanguage\":\"pt-BR\",\"@id\":\"https:\\\/\\\/www.alcateiatrekking.com.br\\\/roteiro\\\/pedra-da-gavea-rio-de-janeiro\\\/#primaryimage\",\"url\":\"https:\\\/\\\/www.alcateiatrekking.com.br\\\/wp-content\\\/uploads\\\/2024\\\/04\\\/07_07_2022-16_33_51-480x600.webp\",\"contentUrl\":\"https:\\\/\\\/www.alcateiatrekking.com.br\\\/wp-content\\\/uploads\\\/2024\\\/04\\\/07_07_2022-16_33_51-480x600.webp\",\"width\":1440,\"height\":1800},{\"@type\":\"BreadcrumbList\",\"@id\":\"https:\\\/\\\/www.alcateiatrekking.com.br\\\/roteiro\\\/pedra-da-gavea-rio-de-janeiro\\\/#breadcrumb\",\"itemListElement\":[{\"@type\":\"ListItem\",\"position\":1,\"name\":\"In\u00edcio\",\"item\":\"https:\\\/\\\/www.alcateiatrekking.com.br\\\/\"},{\"@type\":\"ListItem\",\"position\":2,\"name\":\"Roteiros\",\"item\":\"https:\\\/\\\/www.alcateiatrekking.com.br\\\/roteiros\\\/\"},{\"@type\":\"ListItem\",\"position\":3,\"name\":\"Pedra da G\u00e1vea &#8211; Rio de Janeiro\"}]},{\"@type\":\"WebSite\",\"@id\":\"https:\\\/\\\/www.alcateiatrekking.com.br\\\/#website\",\"url\":\"https:\\\/\\\/www.alcateiatrekking.com.br\\\/\",\"name\":\"Alcateia Trekking\",\"description\":\"Ecoturismo, Trilhas , Cachoeiras em BH \\\/ Minas Gerais\",\"publisher\":{\"@id\":\"https:\\\/\\\/www.alcateiatrekking.com.br\\\/#organization\"},\"alternateName\":\"Alcateia Trekking \\\/ Belo Horizonte\",\"potentialAction\":[{\"@type\":\"SearchAction\",\"target\":{\"@type\":\"EntryPoint\",\"urlTemplate\":\"https:\\\/\\\/www.alcateiatrekking.com.br\\\/?s={search_term_string}\"},\"query-input\":{\"@type\":\"PropertyValueSpecification\",\"valueRequired\":true,\"valueName\":\"search_term_string\"}}],\"inLanguage\":\"pt-BR\"},{\"@type\":\"Organization\",\"@id\":\"https:\\\/\\\/www.alcateiatrekking.com.br\\\/#organization\",\"name\":\"Alcateia Trekking\",\"url\":\"https:\\\/\\\/www.alcateiatrekking.com.br\\\/\",\"logo\":{\"@type\":\"ImageObject\",\"inLanguage\":\"pt-BR\",\"@id\":\"https:\\\/\\\/www.alcateiatrekking.com.br\\\/#\\\/schema\\\/logo\\\/image\\\/\",\"url\":\"https:\\\/\\\/www.alcateiatrekking.com.br\\\/wp-content\\\/uploads\\\/2023\\\/11\\\/logo-alcateia-trekking.svg\",\"contentUrl\":\"https:\\\/\\\/www.alcateiatrekking.com.br\\\/wp-content\\\/uploads\\\/2023\\\/11\\\/logo-alcateia-trekking.svg\",\"width\":623,\"height\":504,\"caption\":\"Alcateia Trekking\"},\"image\":{\"@id\":\"https:\\\/\\\/www.alcateiatrekking.com.br\\\/#\\\/schema\\\/logo\\\/image\\\/\"},\"sameAs\":[\"https:\\\/\\\/www.instagram.com\\\/alcateia_trekking\\\/\"]}]}<\/script>\n<!-- \/ Yoast SEO plugin. -->","yoast_head_json":{"title":"Pedra da G\u00e1vea - Rio de Janeiro &#187; Alcateia Trekking","description":"Final de Semana de Aventura no Rio de Janeiro\u00a0 Ser\u00e3o dois dias incr\u00edveis explorando o melhor do Rio! Vamos encarar a trilha mais desafiadora da capital, a","robots":{"index":"index","follow":"follow","max-snippet":"max-snippet:-1","max-image-preview":"max-image-preview:large","max-video-preview":"max-video-preview:-1"},"canonical":"https:\/\/www.alcateiatrekking.com.br\/roteiro\/pedra-da-gavea-rio-de-janeiro\/","og_locale":"pt_BR","og_type":"article","og_title":"Pedra da G\u00e1vea - Rio de Janeiro &#187; Alcateia Trekking","og_description":"Final de Semana de Aventura no Rio de Janeiro\u00a0 Ser\u00e3o dois dias incr\u00edveis explorando o melhor do Rio! Vamos encarar a trilha mais desafiadora da capital, a","og_url":"https:\/\/www.alcateiatrekking.com.br\/roteiro\/pedra-da-gavea-rio-de-janeiro\/","og_site_name":"Alcateia Trekking","article_modified_time":"2025-06-04T16:48:30+00:00","og_image":[{"width":1440,"height":1800,"url":"https:\/\/www.alcateiatrekking.com.br\/wp-content\/uploads\/2024\/04\/07_07_2022-16_33_51.webp","type":"image\/webp"}],"twitter_card":"summary_large_image","twitter_misc":{"Est. tempo de leitura":"2 minutos"},"schema":{"@context":"https:\/\/schema.org","@graph":[{"@type":["WebPage","ItemPage"],"@id":"https:\/\/www.alcateiatrekking.com.br\/roteiro\/pedra-da-gavea-rio-de-janeiro\/","url":"https:\/\/www.alcateiatrekking.com.br\/roteiro\/pedra-da-gavea-rio-de-janeiro\/","name":"Pedra da G\u00e1vea - Rio de Janeiro &#187; Alcateia Trekking","isPartOf":{"@id":"https:\/\/www.alcateiatrekking.com.br\/#website"},"primaryImageOfPage":{"@id":"https:\/\/www.alcateiatrekking.com.br\/roteiro\/pedra-da-gavea-rio-de-janeiro\/#primaryimage"},"image":{"@id":"https:\/\/www.alcateiatrekking.com.br\/roteiro\/pedra-da-gavea-rio-de-janeiro\/#primaryimage"},"thumbnailUrl":"https:\/\/www.alcateiatrekking.com.br\/wp-content\/uploads\/2024\/04\/07_07_2022-16_33_51-480x600.webp","datePublished":"2025-02-26T18:56:36+00:00","dateModified":"2025-06-04T16:48:30+00:00","description":"Final de Semana de Aventura no Rio de Janeiro\u00a0 Ser\u00e3o dois dias incr\u00edveis explorando o melhor do Rio! Vamos encarar a trilha mais desafiadora da capital, a","breadcrumb":{"@id":"https:\/\/www.alcateiatrekking.com.br\/roteiro\/pedra-da-gavea-rio-de-janeiro\/#breadcrumb"},"inLanguage":"pt-BR","potentialAction":[{"@type":"ReadAction","target":["https:\/\/www.alcateiatrekking.com.br\/roteiro\/pedra-da-gavea-rio-de-janeiro\/"]}]},{"@type":"ImageObject","inLanguage":"pt-BR","@id":"https:\/\/www.alcateiatrekking.com.br\/roteiro\/pedra-da-gavea-rio-de-janeiro\/#primaryimage","url":"https:\/\/www.alcateiatrekking.com.br\/wp-content\/uploads\/2024\/04\/07_07_2022-16_33_51-480x600.webp","contentUrl":"https:\/\/www.alcateiatrekking.com.br\/wp-content\/uploads\/2024\/04\/07_07_2022-16_33_51-480x600.webp","width":1440,"height":1800},{"@type":"BreadcrumbList","@id":"https:\/\/www.alcateiatrekking.com.br\/roteiro\/pedra-da-gavea-rio-de-janeiro\/#breadcrumb","itemListElement":[{"@type":"ListItem","position":1,"name":"In\u00edcio","item":"https:\/\/www.alcateiatrekking.com.br\/"},{"@type":"ListItem","position":2,"name":"Roteiros","item":"https:\/\/www.alcateiatrekking.com.br\/roteiros\/"},{"@type":"ListItem","position":3,"name":"Pedra da G\u00e1vea &#8211; Rio de Janeiro"}]},{"@type":"WebSite","@id":"https:\/\/www.alcateiatrekking.com.br\/#website","url":"https:\/\/www.alcateiatrekking.com.br\/","name":"Alcateia Trekking","description":"Ecoturismo, Trilhas , Cachoeiras em BH \/ Minas Gerais","publisher":{"@id":"https:\/\/www.alcateiatrekking.com.br\/#organization"},"alternateName":"Alcateia Trekking \/ Belo Horizonte","potentialAction":[{"@type":"SearchAction","target":{"@type":"EntryPoint","urlTemplate":"https:\/\/www.alcateiatrekking.com.br\/?s={search_term_string}"},"query-input":{"@type":"PropertyValueSpecification","valueRequired":true,"valueName":"search_term_string"}}],"inLanguage":"pt-BR"},{"@type":"Organization","@id":"https:\/\/www.alcateiatrekking.com.br\/#organization","name":"Alcateia Trekking","url":"https:\/\/www.alcateiatrekking.com.br\/","logo":{"@type":"ImageObject","inLanguage":"pt-BR","@id":"https:\/\/www.alcateiatrekking.com.br\/#\/schema\/logo\/image\/","url":"https:\/\/www.alcateiatrekking.com.br\/wp-content\/uploads\/2023\/11\/logo-alcateia-trekking.svg","contentUrl":"https:\/\/www.alcateiatrekking.com.br\/wp-content\/uploads\/2023\/11\/logo-alcateia-trekking.svg","width":623,"height":504,"caption":"Alcateia Trekking"},"image":{"@id":"https:\/\/www.alcateiatrekking.com.br\/#\/schema\/logo\/image\/"},"sameAs":["https:\/\/www.instagram.com\/alcateia_trekking\/"]}]}},"_links":{"self":[{"href":"https:\/\/www.alcateiatrekking.com.br\/wp-projeto-api\/wp\/v2\/product\/10099","targetHints":{"allow":["GET"]}}],"collection":[{"href":"https:\/\/www.alcateiatrekking.com.br\/wp-projeto-api\/wp\/v2\/product"}],"about":[{"href":"https:\/\/www.alcateiatrekking.com.br\/wp-projeto-api\/wp\/v2\/types\/product"}],"wp:featuredmedia":[{"embeddable":true,"href":"https:\/\/www.alcateiatrekking.com.br\/wp-projeto-api\/wp\/v2\/media\/11001"}],"wp:attachment":[{"href":"https:\/\/www.alcateiatrekking.com.br\/wp-projeto-api\/wp\/v2\/media?parent=10099"}],"wp:term":[{"taxonomy":"product_brand","embeddable":true,"href":"https:\/\/www.alcateiatrekking.com.br\/wp-projeto-api\/wp\/v2\/product_brand?post=10099"},{"taxonomy":"product_cat","embeddable":true,"href":"https:\/\/www.alcateiatrekking.com.br\/wp-projeto-api\/wp\/v2\/product_cat?post=10099"},{"taxonomy":"product_tag","embeddable":true,"href":"https:\/\/www.alcateiatrekking.com.br\/wp-projeto-api\/wp\/v2\/product_tag?post=10099"}],"curies":[{"name":"wp","href":"https:\/\/api.w.org\/{rel}","templated":true}]}}