{"id":10033,"date":"2024-04-05T05:36:02","date_gmt":"2024-04-05T08:36:02","guid":{"rendered":"https:\/\/www.alcateiatrekking.com.br\/?post_type=product&#038;p=10033"},"modified":"2025-01-10T13:43:21","modified_gmt":"2025-01-10T16:43:21","slug":"cachoeira-do-alemao","status":"publish","type":"product","link":"https:\/\/www.alcateiatrekking.com.br\/roteiro\/cachoeira-do-alemao\/","title":{"rendered":"Cachoeira do Alem\u00e3o"},"content":{"rendered":"<p>Bem-vindo \u00e0 trilha para a Cachoeira do Alem\u00e3o, esta cachoeira encanta com suas \u00e1guas esverdeadas e um po\u00e7o que come\u00e7a raso e gradualmente se aprofunda, proporcionando um local ideal para nadar, especialmente pr\u00f3ximo \u00e0 queda d&#8217;\u00e1gua.<\/p>\n<p>A trilha para a Cachoeira do Alem\u00e3o come\u00e7a em uma estrada, j\u00e1 que a van n\u00e3o consegue chegar at\u00e9 a entrada da trilha. Isso significa que durante a caminhada, os trilheiros desfrutam de exposi\u00e7\u00e3o ao sol em todo o percurso. Apesar de curta, a trilha apresenta algumas subidas, mas nada muito exigente, tornando-a acess\u00edvel para a maioria das pessoas, embora possa ser um desafio para os menos ativos.<\/p>\n<p>Ap\u00f3s desfrutar do dia na cachoeira, com momentos revigorantes de mergulho e relaxamento, retornaremos a Belo Horizonte. Durante o trajeto de ida e volta, faremos uma parada em uma padaria para abastecer e aproveitar lanches deliciosos. \u00c9 importante notar que, especialmente aos domingos, pode ser que n\u00e3o encontremos com\u00e9rcio aberto em Rio Acima, ent\u00e3o \u00e9 recomend\u00e1vel planejar adequadamente.<\/p>\n<p>Para garantir a seguran\u00e7a de todos, forneceremos coletes salva-vidas, garantindo uma experi\u00eancia tranquila e agrad\u00e1vel. Prepare-se para uma jornada que n\u00e3o apenas desafia o corpo, mas tamb\u00e9m oferece uma pausa relaxante para a mente, em meio \u00e0 beleza natural da Cachoeira do Alem\u00e3o.<\/p>\n","protected":false},"excerpt":{"rendered":"<p>Bem-vindo \u00e0 trilha para a Cachoeira do Alem\u00e3o, esta cachoeira encanta com suas \u00e1guas esverdeadas e um po\u00e7o que come\u00e7a raso e gradualmente se aprofunda, proporcionando um local ideal para nadar, especialmente pr\u00f3ximo \u00e0 queda d&#8217;\u00e1gua. A trilha para a Cachoeira do Alem\u00e3o come\u00e7a em uma estrada, j\u00e1 que a van n\u00e3o consegue chegar at\u00e9 [&hellip;]<\/p>\n","protected":false},"featured_media":10034,"template":"","meta":{"_acf_changed":false,"inline_featured_image":false,"_exactmetrics_skip_tracking":false,"_exactmetrics_sitenote_active":false,"_exactmetrics_sitenote_note":"","_exactmetrics_sitenote_category":0},"product_brand":[],"product_cat":[48,72,61,65,69],"product_tag":[],"class_list":{"0":"post-10033","1":"product","2":"type-product","3":"status-publish","4":"has-post-thumbnail","6":"product_cat-agenda-completa","7":"product_cat-bate-volta","8":"product_cat-desafio","9":"product_cat-nivel-facil","10":"product_cat-tipo-de-roteiro","12":"first","13":"outofstock","14":"virtual","15":"taxable","16":"purchasable","17":"product-type-simple"},"acf":[],"yoast_head":"<!-- This site is optimized with the Yoast SEO plugin v27.4 - https:\/\/yoast.com\/product\/yoast-seo-wordpress\/ -->\n<title>Cachoeira do Alem\u00e3o &#187; Alcateia Trekking<\/title>\n<meta name=\"description\" content=\"Bem-vindo \u00e0 trilha para a Cachoeira do Alem\u00e3o, esta cachoeira encanta com suas \u00e1guas esverdeadas e um po\u00e7o que come\u00e7a raso e gradualmente se aprofunda,\" \/>\n<meta name=\"robots\" content=\"index, follow, max-snippet:-1, max-image-preview:large, max-video-preview:-1\" \/>\n<link rel=\"canonical\" href=\"https:\/\/www.alcateiatrekking.com.br\/roteiro\/cachoeira-do-alemao\/\" \/>\n<meta property=\"og:locale\" content=\"pt_BR\" \/>\n<meta property=\"og:type\" content=\"article\" \/>\n<meta property=\"og:title\" content=\"Cachoeira do Alem\u00e3o &#187; Alcateia Trekking\" \/>\n<meta property=\"og:description\" content=\"Bem-vindo \u00e0 trilha para a Cachoeira do Alem\u00e3o, esta cachoeira encanta com suas \u00e1guas esverdeadas e um po\u00e7o que come\u00e7a raso e gradualmente se aprofunda,\" \/>\n<meta property=\"og:url\" content=\"https:\/\/www.alcateiatrekking.com.br\/roteiro\/cachoeira-do-alemao\/\" \/>\n<meta property=\"og:site_name\" content=\"Alcateia Trekking\" \/>\n<meta property=\"article:modified_time\" content=\"2025-01-10T16:43:21+00:00\" \/>\n<meta property=\"og:image\" content=\"https:\/\/www.alcateiatrekking.com.br\/wp-content\/uploads\/2024\/04\/Alemao.png\" \/>\n\t<meta property=\"og:image:width\" content=\"470\" \/>\n\t<meta property=\"og:image:height\" content=\"628\" \/>\n\t<meta property=\"og:image:type\" content=\"image\/png\" \/>\n<meta name=\"twitter:card\" content=\"summary_large_image\" \/>\n<meta name=\"twitter:label1\" content=\"Est. tempo de leitura\" \/>\n\t<meta name=\"twitter:data1\" content=\"2 minutos\" \/>\n<script type=\"application\/ld+json\" class=\"yoast-schema-graph\">{\"@context\":\"https:\\\/\\\/schema.org\",\"@graph\":[{\"@type\":[\"WebPage\",\"ItemPage\"],\"@id\":\"https:\\\/\\\/www.alcateiatrekking.com.br\\\/roteiro\\\/cachoeira-do-alemao\\\/\",\"url\":\"https:\\\/\\\/www.alcateiatrekking.com.br\\\/roteiro\\\/cachoeira-do-alemao\\\/\",\"name\":\"Cachoeira do Alem\u00e3o &#187; Alcateia Trekking\",\"isPartOf\":{\"@id\":\"https:\\\/\\\/www.alcateiatrekking.com.br\\\/#website\"},\"primaryImageOfPage\":{\"@id\":\"https:\\\/\\\/www.alcateiatrekking.com.br\\\/roteiro\\\/cachoeira-do-alemao\\\/#primaryimage\"},\"image\":{\"@id\":\"https:\\\/\\\/www.alcateiatrekking.com.br\\\/roteiro\\\/cachoeira-do-alemao\\\/#primaryimage\"},\"thumbnailUrl\":\"https:\\\/\\\/www.alcateiatrekking.com.br\\\/wp-content\\\/uploads\\\/2024\\\/04\\\/Alemao-449x600.png\",\"datePublished\":\"2024-04-05T08:36:02+00:00\",\"dateModified\":\"2025-01-10T16:43:21+00:00\",\"description\":\"Bem-vindo \u00e0 trilha para a Cachoeira do Alem\u00e3o, esta cachoeira encanta com suas \u00e1guas esverdeadas e um po\u00e7o que come\u00e7a raso e gradualmente se aprofunda,\",\"breadcrumb\":{\"@id\":\"https:\\\/\\\/www.alcateiatrekking.com.br\\\/roteiro\\\/cachoeira-do-alemao\\\/#breadcrumb\"},\"inLanguage\":\"pt-BR\",\"potentialAction\":[{\"@type\":\"ReadAction\",\"target\":[\"https:\\\/\\\/www.alcateiatrekking.com.br\\\/roteiro\\\/cachoeira-do-alemao\\\/\"]}]},{\"@type\":\"ImageObject\",\"inLanguage\":\"pt-BR\",\"@id\":\"https:\\\/\\\/www.alcateiatrekking.com.br\\\/roteiro\\\/cachoeira-do-alemao\\\/#primaryimage\",\"url\":\"https:\\\/\\\/www.alcateiatrekking.com.br\\\/wp-content\\\/uploads\\\/2024\\\/04\\\/Alemao-449x600.png\",\"contentUrl\":\"https:\\\/\\\/www.alcateiatrekking.com.br\\\/wp-content\\\/uploads\\\/2024\\\/04\\\/Alemao-449x600.png\",\"width\":470,\"height\":628},{\"@type\":\"BreadcrumbList\",\"@id\":\"https:\\\/\\\/www.alcateiatrekking.com.br\\\/roteiro\\\/cachoeira-do-alemao\\\/#breadcrumb\",\"itemListElement\":[{\"@type\":\"ListItem\",\"position\":1,\"name\":\"In\u00edcio\",\"item\":\"https:\\\/\\\/www.alcateiatrekking.com.br\\\/\"},{\"@type\":\"ListItem\",\"position\":2,\"name\":\"Roteiros\",\"item\":\"https:\\\/\\\/www.alcateiatrekking.com.br\\\/roteiros\\\/\"},{\"@type\":\"ListItem\",\"position\":3,\"name\":\"Cachoeira do Alem\u00e3o\"}]},{\"@type\":\"WebSite\",\"@id\":\"https:\\\/\\\/www.alcateiatrekking.com.br\\\/#website\",\"url\":\"https:\\\/\\\/www.alcateiatrekking.com.br\\\/\",\"name\":\"Alcateia Trekking\",\"description\":\"Ecoturismo, Trilhas , Cachoeiras em BH \\\/ Minas Gerais\",\"publisher\":{\"@id\":\"https:\\\/\\\/www.alcateiatrekking.com.br\\\/#organization\"},\"alternateName\":\"Alcateia Trekking \\\/ Belo Horizonte\",\"potentialAction\":[{\"@type\":\"SearchAction\",\"target\":{\"@type\":\"EntryPoint\",\"urlTemplate\":\"https:\\\/\\\/www.alcateiatrekking.com.br\\\/?s={search_term_string}\"},\"query-input\":{\"@type\":\"PropertyValueSpecification\",\"valueRequired\":true,\"valueName\":\"search_term_string\"}}],\"inLanguage\":\"pt-BR\"},{\"@type\":\"Organization\",\"@id\":\"https:\\\/\\\/www.alcateiatrekking.com.br\\\/#organization\",\"name\":\"Alcateia Trekking\",\"url\":\"https:\\\/\\\/www.alcateiatrekking.com.br\\\/\",\"logo\":{\"@type\":\"ImageObject\",\"inLanguage\":\"pt-BR\",\"@id\":\"https:\\\/\\\/www.alcateiatrekking.com.br\\\/#\\\/schema\\\/logo\\\/image\\\/\",\"url\":\"https:\\\/\\\/www.alcateiatrekking.com.br\\\/wp-content\\\/uploads\\\/2023\\\/11\\\/logo-alcateia-trekking.svg\",\"contentUrl\":\"https:\\\/\\\/www.alcateiatrekking.com.br\\\/wp-content\\\/uploads\\\/2023\\\/11\\\/logo-alcateia-trekking.svg\",\"width\":623,\"height\":504,\"caption\":\"Alcateia Trekking\"},\"image\":{\"@id\":\"https:\\\/\\\/www.alcateiatrekking.com.br\\\/#\\\/schema\\\/logo\\\/image\\\/\"},\"sameAs\":[\"https:\\\/\\\/www.instagram.com\\\/alcateia_trekking\\\/\"]}]}<\/script>\n<!-- \/ Yoast SEO plugin. -->","yoast_head_json":{"title":"Cachoeira do Alem\u00e3o &#187; Alcateia Trekking","description":"Bem-vindo \u00e0 trilha para a Cachoeira do Alem\u00e3o, esta cachoeira encanta com suas \u00e1guas esverdeadas e um po\u00e7o que come\u00e7a raso e gradualmente se aprofunda,","robots":{"index":"index","follow":"follow","max-snippet":"max-snippet:-1","max-image-preview":"max-image-preview:large","max-video-preview":"max-video-preview:-1"},"canonical":"https:\/\/www.alcateiatrekking.com.br\/roteiro\/cachoeira-do-alemao\/","og_locale":"pt_BR","og_type":"article","og_title":"Cachoeira do Alem\u00e3o &#187; Alcateia Trekking","og_description":"Bem-vindo \u00e0 trilha para a Cachoeira do Alem\u00e3o, esta cachoeira encanta com suas \u00e1guas esverdeadas e um po\u00e7o que come\u00e7a raso e gradualmente se aprofunda,","og_url":"https:\/\/www.alcateiatrekking.com.br\/roteiro\/cachoeira-do-alemao\/","og_site_name":"Alcateia Trekking","article_modified_time":"2025-01-10T16:43:21+00:00","og_image":[{"width":470,"height":628,"url":"https:\/\/www.alcateiatrekking.com.br\/wp-content\/uploads\/2024\/04\/Alemao.png","type":"image\/png"}],"twitter_card":"summary_large_image","twitter_misc":{"Est. tempo de leitura":"2 minutos"},"schema":{"@context":"https:\/\/schema.org","@graph":[{"@type":["WebPage","ItemPage"],"@id":"https:\/\/www.alcateiatrekking.com.br\/roteiro\/cachoeira-do-alemao\/","url":"https:\/\/www.alcateiatrekking.com.br\/roteiro\/cachoeira-do-alemao\/","name":"Cachoeira do Alem\u00e3o &#187; Alcateia Trekking","isPartOf":{"@id":"https:\/\/www.alcateiatrekking.com.br\/#website"},"primaryImageOfPage":{"@id":"https:\/\/www.alcateiatrekking.com.br\/roteiro\/cachoeira-do-alemao\/#primaryimage"},"image":{"@id":"https:\/\/www.alcateiatrekking.com.br\/roteiro\/cachoeira-do-alemao\/#primaryimage"},"thumbnailUrl":"https:\/\/www.alcateiatrekking.com.br\/wp-content\/uploads\/2024\/04\/Alemao-449x600.png","datePublished":"2024-04-05T08:36:02+00:00","dateModified":"2025-01-10T16:43:21+00:00","description":"Bem-vindo \u00e0 trilha para a Cachoeira do Alem\u00e3o, esta cachoeira encanta com suas \u00e1guas esverdeadas e um po\u00e7o que come\u00e7a raso e gradualmente se aprofunda,","breadcrumb":{"@id":"https:\/\/www.alcateiatrekking.com.br\/roteiro\/cachoeira-do-alemao\/#breadcrumb"},"inLanguage":"pt-BR","potentialAction":[{"@type":"ReadAction","target":["https:\/\/www.alcateiatrekking.com.br\/roteiro\/cachoeira-do-alemao\/"]}]},{"@type":"ImageObject","inLanguage":"pt-BR","@id":"https:\/\/www.alcateiatrekking.com.br\/roteiro\/cachoeira-do-alemao\/#primaryimage","url":"https:\/\/www.alcateiatrekking.com.br\/wp-content\/uploads\/2024\/04\/Alemao-449x600.png","contentUrl":"https:\/\/www.alcateiatrekking.com.br\/wp-content\/uploads\/2024\/04\/Alemao-449x600.png","width":470,"height":628},{"@type":"BreadcrumbList","@id":"https:\/\/www.alcateiatrekking.com.br\/roteiro\/cachoeira-do-alemao\/#breadcrumb","itemListElement":[{"@type":"ListItem","position":1,"name":"In\u00edcio","item":"https:\/\/www.alcateiatrekking.com.br\/"},{"@type":"ListItem","position":2,"name":"Roteiros","item":"https:\/\/www.alcateiatrekking.com.br\/roteiros\/"},{"@type":"ListItem","position":3,"name":"Cachoeira do Alem\u00e3o"}]},{"@type":"WebSite","@id":"https:\/\/www.alcateiatrekking.com.br\/#website","url":"https:\/\/www.alcateiatrekking.com.br\/","name":"Alcateia Trekking","description":"Ecoturismo, Trilhas , Cachoeiras em BH \/ Minas Gerais","publisher":{"@id":"https:\/\/www.alcateiatrekking.com.br\/#organization"},"alternateName":"Alcateia Trekking \/ Belo Horizonte","potentialAction":[{"@type":"SearchAction","target":{"@type":"EntryPoint","urlTemplate":"https:\/\/www.alcateiatrekking.com.br\/?s={search_term_string}"},"query-input":{"@type":"PropertyValueSpecification","valueRequired":true,"valueName":"search_term_string"}}],"inLanguage":"pt-BR"},{"@type":"Organization","@id":"https:\/\/www.alcateiatrekking.com.br\/#organization","name":"Alcateia Trekking","url":"https:\/\/www.alcateiatrekking.com.br\/","logo":{"@type":"ImageObject","inLanguage":"pt-BR","@id":"https:\/\/www.alcateiatrekking.com.br\/#\/schema\/logo\/image\/","url":"https:\/\/www.alcateiatrekking.com.br\/wp-content\/uploads\/2023\/11\/logo-alcateia-trekking.svg","contentUrl":"https:\/\/www.alcateiatrekking.com.br\/wp-content\/uploads\/2023\/11\/logo-alcateia-trekking.svg","width":623,"height":504,"caption":"Alcateia Trekking"},"image":{"@id":"https:\/\/www.alcateiatrekking.com.br\/#\/schema\/logo\/image\/"},"sameAs":["https:\/\/www.instagram.com\/alcateia_trekking\/"]}]}},"_links":{"self":[{"href":"https:\/\/www.alcateiatrekking.com.br\/wp-projeto-api\/wp\/v2\/product\/10033","targetHints":{"allow":["GET"]}}],"collection":[{"href":"https:\/\/www.alcateiatrekking.com.br\/wp-projeto-api\/wp\/v2\/product"}],"about":[{"href":"https:\/\/www.alcateiatrekking.com.br\/wp-projeto-api\/wp\/v2\/types\/product"}],"wp:featuredmedia":[{"embeddable":true,"href":"https:\/\/www.alcateiatrekking.com.br\/wp-projeto-api\/wp\/v2\/media\/10034"}],"wp:attachment":[{"href":"https:\/\/www.alcateiatrekking.com.br\/wp-projeto-api\/wp\/v2\/media?parent=10033"}],"wp:term":[{"taxonomy":"product_brand","embeddable":true,"href":"https:\/\/www.alcateiatrekking.com.br\/wp-projeto-api\/wp\/v2\/product_brand?post=10033"},{"taxonomy":"product_cat","embeddable":true,"href":"https:\/\/www.alcateiatrekking.com.br\/wp-projeto-api\/wp\/v2\/product_cat?post=10033"},{"taxonomy":"product_tag","embeddable":true,"href":"https:\/\/www.alcateiatrekking.com.br\/wp-projeto-api\/wp\/v2\/product_tag?post=10033"}],"curies":[{"name":"wp","href":"https:\/\/api.w.org\/{rel}","templated":true}]}}