{"id":10017,"date":"2024-04-02T16:24:05","date_gmt":"2024-04-02T19:24:05","guid":{"rendered":"https:\/\/www.alcateiatrekking.com.br\/?post_type=product&#038;p=10017"},"modified":"2025-01-10T13:48:43","modified_gmt":"2025-01-10T16:48:43","slug":"cachoeira-secreta-e-poco-do-funil","status":"publish","type":"product","link":"https:\/\/www.alcateiatrekking.com.br\/roteiro\/cachoeira-secreta-e-poco-do-funil\/","title":{"rendered":"Cachoeira Secreta e Po\u00e7o do Funil"},"content":{"rendered":"<p>A ida \u00e9 s\u00f3 descida at\u00e9 o Po\u00e7o do Funil, trilha com vegeta\u00e7\u00e3o de cerrado, ent\u00e3o \u00e9 com exposi\u00e7\u00e3o ao sol durante o caminho, depois a mata fica maior e um trecho sem exposi\u00e7\u00e3o ao sol e \u00e9 bom ir de cal\u00e7a e blusa de manga comprida para n\u00e3o ficar arranhando no caminho.<\/p>\n<p>Para chegar no Po\u00e7o do Funil tem um trecho na \u00e1gua de aprox 100metros, a \u00e1gua bate no m\u00e1ximo na cintura, dependendo da altura.<\/p>\n<p>Depois sa\u00edmos do Po\u00e7o do Funil e pegamos uma subida at\u00e9 a bifurca\u00e7\u00e3o e descemos para a Cachoeira Secreta.<br \/>\nDepois da Secreta, subimos todo o trecho at\u00e9 a van, aproximando 2km e 600 metros<\/p>\n<p><strong>No caminho da ida e da volta faremos uma parada na padaria\/lanchonete.<\/strong><\/p>\n<p>Exposi\u00e7\u00e3o ao sol durante todo o caminho.<br \/>\nTrilha com subidas e descidas.<\/p>\n","protected":false},"excerpt":{"rendered":"<p>A ida \u00e9 s\u00f3 descida at\u00e9 o Po\u00e7o do Funil, trilha com vegeta\u00e7\u00e3o de cerrado, ent\u00e3o \u00e9 com exposi\u00e7\u00e3o ao sol durante o caminho, depois a mata fica maior e um trecho sem exposi\u00e7\u00e3o ao sol e \u00e9 bom ir de cal\u00e7a e blusa de manga comprida para n\u00e3o ficar arranhando no caminho. Para chegar [&hellip;]<\/p>\n","protected":false},"featured_media":10018,"template":"","meta":{"_acf_changed":false,"inline_featured_image":false,"_exactmetrics_skip_tracking":false,"_exactmetrics_sitenote_active":false,"_exactmetrics_sitenote_note":"","_exactmetrics_sitenote_category":0},"product_brand":[],"product_cat":[48,72,61,65,69],"product_tag":[],"class_list":{"0":"post-10017","1":"product","2":"type-product","3":"status-publish","4":"has-post-thumbnail","6":"product_cat-agenda-completa","7":"product_cat-bate-volta","8":"product_cat-desafio","9":"product_cat-nivel-facil","10":"product_cat-tipo-de-roteiro","12":"first","13":"outofstock","14":"virtual","15":"taxable","16":"purchasable","17":"product-type-simple"},"acf":[],"yoast_head":"<!-- This site is optimized with the Yoast SEO plugin v27.4 - https:\/\/yoast.com\/product\/yoast-seo-wordpress\/ -->\n<title>Cachoeira Secreta e Po\u00e7o do Funil &#187; Alcateia Trekking<\/title>\n<meta name=\"description\" content=\"A ida \u00e9 s\u00f3 descida at\u00e9 o Po\u00e7o do Funil, trilha com vegeta\u00e7\u00e3o de cerrado, ent\u00e3o \u00e9 com exposi\u00e7\u00e3o ao sol durante o caminho, depois a mata fica maior e um\" \/>\n<meta name=\"robots\" content=\"index, follow, max-snippet:-1, max-image-preview:large, max-video-preview:-1\" \/>\n<link rel=\"canonical\" href=\"https:\/\/www.alcateiatrekking.com.br\/roteiro\/cachoeira-secreta-e-poco-do-funil\/\" \/>\n<meta property=\"og:locale\" content=\"pt_BR\" \/>\n<meta property=\"og:type\" content=\"article\" \/>\n<meta property=\"og:title\" content=\"Cachoeira Secreta e Po\u00e7o do Funil &#187; Alcateia Trekking\" \/>\n<meta property=\"og:description\" content=\"A ida \u00e9 s\u00f3 descida at\u00e9 o Po\u00e7o do Funil, trilha com vegeta\u00e7\u00e3o de cerrado, ent\u00e3o \u00e9 com exposi\u00e7\u00e3o ao sol durante o caminho, depois a mata fica maior e um\" \/>\n<meta property=\"og:url\" content=\"https:\/\/www.alcateiatrekking.com.br\/roteiro\/cachoeira-secreta-e-poco-do-funil\/\" \/>\n<meta property=\"og:site_name\" content=\"Alcateia Trekking\" \/>\n<meta property=\"article:modified_time\" content=\"2025-01-10T16:48:43+00:00\" \/>\n<meta property=\"og:image\" content=\"https:\/\/www.alcateiatrekking.com.br\/wp-content\/uploads\/2024\/04\/Funil-e-Secreta.png\" \/>\n\t<meta property=\"og:image:width\" content=\"473\" \/>\n\t<meta property=\"og:image:height\" content=\"629\" \/>\n\t<meta property=\"og:image:type\" content=\"image\/png\" \/>\n<meta name=\"twitter:card\" content=\"summary_large_image\" \/>\n<meta name=\"twitter:label1\" content=\"Est. tempo de leitura\" \/>\n\t<meta name=\"twitter:data1\" content=\"1 minuto\" \/>\n<script type=\"application\/ld+json\" class=\"yoast-schema-graph\">{\"@context\":\"https:\\\/\\\/schema.org\",\"@graph\":[{\"@type\":[\"WebPage\",\"ItemPage\"],\"@id\":\"https:\\\/\\\/www.alcateiatrekking.com.br\\\/roteiro\\\/cachoeira-secreta-e-poco-do-funil\\\/\",\"url\":\"https:\\\/\\\/www.alcateiatrekking.com.br\\\/roteiro\\\/cachoeira-secreta-e-poco-do-funil\\\/\",\"name\":\"Cachoeira Secreta e Po\u00e7o do Funil &#187; Alcateia Trekking\",\"isPartOf\":{\"@id\":\"https:\\\/\\\/www.alcateiatrekking.com.br\\\/#website\"},\"primaryImageOfPage\":{\"@id\":\"https:\\\/\\\/www.alcateiatrekking.com.br\\\/roteiro\\\/cachoeira-secreta-e-poco-do-funil\\\/#primaryimage\"},\"image\":{\"@id\":\"https:\\\/\\\/www.alcateiatrekking.com.br\\\/roteiro\\\/cachoeira-secreta-e-poco-do-funil\\\/#primaryimage\"},\"thumbnailUrl\":\"https:\\\/\\\/www.alcateiatrekking.com.br\\\/wp-content\\\/uploads\\\/2024\\\/04\\\/Funil-e-Secreta-451x600.png\",\"datePublished\":\"2024-04-02T19:24:05+00:00\",\"dateModified\":\"2025-01-10T16:48:43+00:00\",\"description\":\"A ida \u00e9 s\u00f3 descida at\u00e9 o Po\u00e7o do Funil, trilha com vegeta\u00e7\u00e3o de cerrado, ent\u00e3o \u00e9 com exposi\u00e7\u00e3o ao sol durante o caminho, depois a mata fica maior e um\",\"breadcrumb\":{\"@id\":\"https:\\\/\\\/www.alcateiatrekking.com.br\\\/roteiro\\\/cachoeira-secreta-e-poco-do-funil\\\/#breadcrumb\"},\"inLanguage\":\"pt-BR\",\"potentialAction\":[{\"@type\":\"ReadAction\",\"target\":[\"https:\\\/\\\/www.alcateiatrekking.com.br\\\/roteiro\\\/cachoeira-secreta-e-poco-do-funil\\\/\"]}]},{\"@type\":\"ImageObject\",\"inLanguage\":\"pt-BR\",\"@id\":\"https:\\\/\\\/www.alcateiatrekking.com.br\\\/roteiro\\\/cachoeira-secreta-e-poco-do-funil\\\/#primaryimage\",\"url\":\"https:\\\/\\\/www.alcateiatrekking.com.br\\\/wp-content\\\/uploads\\\/2024\\\/04\\\/Funil-e-Secreta-451x600.png\",\"contentUrl\":\"https:\\\/\\\/www.alcateiatrekking.com.br\\\/wp-content\\\/uploads\\\/2024\\\/04\\\/Funil-e-Secreta-451x600.png\",\"width\":473,\"height\":629},{\"@type\":\"BreadcrumbList\",\"@id\":\"https:\\\/\\\/www.alcateiatrekking.com.br\\\/roteiro\\\/cachoeira-secreta-e-poco-do-funil\\\/#breadcrumb\",\"itemListElement\":[{\"@type\":\"ListItem\",\"position\":1,\"name\":\"In\u00edcio\",\"item\":\"https:\\\/\\\/www.alcateiatrekking.com.br\\\/\"},{\"@type\":\"ListItem\",\"position\":2,\"name\":\"Roteiros\",\"item\":\"https:\\\/\\\/www.alcateiatrekking.com.br\\\/roteiros\\\/\"},{\"@type\":\"ListItem\",\"position\":3,\"name\":\"Cachoeira Secreta e Po\u00e7o do Funil\"}]},{\"@type\":\"WebSite\",\"@id\":\"https:\\\/\\\/www.alcateiatrekking.com.br\\\/#website\",\"url\":\"https:\\\/\\\/www.alcateiatrekking.com.br\\\/\",\"name\":\"Alcateia Trekking\",\"description\":\"Ecoturismo, Trilhas , Cachoeiras em BH \\\/ Minas Gerais\",\"publisher\":{\"@id\":\"https:\\\/\\\/www.alcateiatrekking.com.br\\\/#organization\"},\"alternateName\":\"Alcateia Trekking \\\/ Belo Horizonte\",\"potentialAction\":[{\"@type\":\"SearchAction\",\"target\":{\"@type\":\"EntryPoint\",\"urlTemplate\":\"https:\\\/\\\/www.alcateiatrekking.com.br\\\/?s={search_term_string}\"},\"query-input\":{\"@type\":\"PropertyValueSpecification\",\"valueRequired\":true,\"valueName\":\"search_term_string\"}}],\"inLanguage\":\"pt-BR\"},{\"@type\":\"Organization\",\"@id\":\"https:\\\/\\\/www.alcateiatrekking.com.br\\\/#organization\",\"name\":\"Alcateia Trekking\",\"url\":\"https:\\\/\\\/www.alcateiatrekking.com.br\\\/\",\"logo\":{\"@type\":\"ImageObject\",\"inLanguage\":\"pt-BR\",\"@id\":\"https:\\\/\\\/www.alcateiatrekking.com.br\\\/#\\\/schema\\\/logo\\\/image\\\/\",\"url\":\"https:\\\/\\\/www.alcateiatrekking.com.br\\\/wp-content\\\/uploads\\\/2023\\\/11\\\/logo-alcateia-trekking.svg\",\"contentUrl\":\"https:\\\/\\\/www.alcateiatrekking.com.br\\\/wp-content\\\/uploads\\\/2023\\\/11\\\/logo-alcateia-trekking.svg\",\"width\":623,\"height\":504,\"caption\":\"Alcateia Trekking\"},\"image\":{\"@id\":\"https:\\\/\\\/www.alcateiatrekking.com.br\\\/#\\\/schema\\\/logo\\\/image\\\/\"},\"sameAs\":[\"https:\\\/\\\/www.instagram.com\\\/alcateia_trekking\\\/\"]}]}<\/script>\n<!-- \/ Yoast SEO plugin. -->","yoast_head_json":{"title":"Cachoeira Secreta e Po\u00e7o do Funil &#187; Alcateia Trekking","description":"A ida \u00e9 s\u00f3 descida at\u00e9 o Po\u00e7o do Funil, trilha com vegeta\u00e7\u00e3o de cerrado, ent\u00e3o \u00e9 com exposi\u00e7\u00e3o ao sol durante o caminho, depois a mata fica maior e um","robots":{"index":"index","follow":"follow","max-snippet":"max-snippet:-1","max-image-preview":"max-image-preview:large","max-video-preview":"max-video-preview:-1"},"canonical":"https:\/\/www.alcateiatrekking.com.br\/roteiro\/cachoeira-secreta-e-poco-do-funil\/","og_locale":"pt_BR","og_type":"article","og_title":"Cachoeira Secreta e Po\u00e7o do Funil &#187; Alcateia Trekking","og_description":"A ida \u00e9 s\u00f3 descida at\u00e9 o Po\u00e7o do Funil, trilha com vegeta\u00e7\u00e3o de cerrado, ent\u00e3o \u00e9 com exposi\u00e7\u00e3o ao sol durante o caminho, depois a mata fica maior e um","og_url":"https:\/\/www.alcateiatrekking.com.br\/roteiro\/cachoeira-secreta-e-poco-do-funil\/","og_site_name":"Alcateia Trekking","article_modified_time":"2025-01-10T16:48:43+00:00","og_image":[{"width":473,"height":629,"url":"https:\/\/www.alcateiatrekking.com.br\/wp-content\/uploads\/2024\/04\/Funil-e-Secreta.png","type":"image\/png"}],"twitter_card":"summary_large_image","twitter_misc":{"Est. tempo de leitura":"1 minuto"},"schema":{"@context":"https:\/\/schema.org","@graph":[{"@type":["WebPage","ItemPage"],"@id":"https:\/\/www.alcateiatrekking.com.br\/roteiro\/cachoeira-secreta-e-poco-do-funil\/","url":"https:\/\/www.alcateiatrekking.com.br\/roteiro\/cachoeira-secreta-e-poco-do-funil\/","name":"Cachoeira Secreta e Po\u00e7o do Funil &#187; Alcateia Trekking","isPartOf":{"@id":"https:\/\/www.alcateiatrekking.com.br\/#website"},"primaryImageOfPage":{"@id":"https:\/\/www.alcateiatrekking.com.br\/roteiro\/cachoeira-secreta-e-poco-do-funil\/#primaryimage"},"image":{"@id":"https:\/\/www.alcateiatrekking.com.br\/roteiro\/cachoeira-secreta-e-poco-do-funil\/#primaryimage"},"thumbnailUrl":"https:\/\/www.alcateiatrekking.com.br\/wp-content\/uploads\/2024\/04\/Funil-e-Secreta-451x600.png","datePublished":"2024-04-02T19:24:05+00:00","dateModified":"2025-01-10T16:48:43+00:00","description":"A ida \u00e9 s\u00f3 descida at\u00e9 o Po\u00e7o do Funil, trilha com vegeta\u00e7\u00e3o de cerrado, ent\u00e3o \u00e9 com exposi\u00e7\u00e3o ao sol durante o caminho, depois a mata fica maior e um","breadcrumb":{"@id":"https:\/\/www.alcateiatrekking.com.br\/roteiro\/cachoeira-secreta-e-poco-do-funil\/#breadcrumb"},"inLanguage":"pt-BR","potentialAction":[{"@type":"ReadAction","target":["https:\/\/www.alcateiatrekking.com.br\/roteiro\/cachoeira-secreta-e-poco-do-funil\/"]}]},{"@type":"ImageObject","inLanguage":"pt-BR","@id":"https:\/\/www.alcateiatrekking.com.br\/roteiro\/cachoeira-secreta-e-poco-do-funil\/#primaryimage","url":"https:\/\/www.alcateiatrekking.com.br\/wp-content\/uploads\/2024\/04\/Funil-e-Secreta-451x600.png","contentUrl":"https:\/\/www.alcateiatrekking.com.br\/wp-content\/uploads\/2024\/04\/Funil-e-Secreta-451x600.png","width":473,"height":629},{"@type":"BreadcrumbList","@id":"https:\/\/www.alcateiatrekking.com.br\/roteiro\/cachoeira-secreta-e-poco-do-funil\/#breadcrumb","itemListElement":[{"@type":"ListItem","position":1,"name":"In\u00edcio","item":"https:\/\/www.alcateiatrekking.com.br\/"},{"@type":"ListItem","position":2,"name":"Roteiros","item":"https:\/\/www.alcateiatrekking.com.br\/roteiros\/"},{"@type":"ListItem","position":3,"name":"Cachoeira Secreta e Po\u00e7o do Funil"}]},{"@type":"WebSite","@id":"https:\/\/www.alcateiatrekking.com.br\/#website","url":"https:\/\/www.alcateiatrekking.com.br\/","name":"Alcateia Trekking","description":"Ecoturismo, Trilhas , Cachoeiras em BH \/ Minas Gerais","publisher":{"@id":"https:\/\/www.alcateiatrekking.com.br\/#organization"},"alternateName":"Alcateia Trekking \/ Belo Horizonte","potentialAction":[{"@type":"SearchAction","target":{"@type":"EntryPoint","urlTemplate":"https:\/\/www.alcateiatrekking.com.br\/?s={search_term_string}"},"query-input":{"@type":"PropertyValueSpecification","valueRequired":true,"valueName":"search_term_string"}}],"inLanguage":"pt-BR"},{"@type":"Organization","@id":"https:\/\/www.alcateiatrekking.com.br\/#organization","name":"Alcateia Trekking","url":"https:\/\/www.alcateiatrekking.com.br\/","logo":{"@type":"ImageObject","inLanguage":"pt-BR","@id":"https:\/\/www.alcateiatrekking.com.br\/#\/schema\/logo\/image\/","url":"https:\/\/www.alcateiatrekking.com.br\/wp-content\/uploads\/2023\/11\/logo-alcateia-trekking.svg","contentUrl":"https:\/\/www.alcateiatrekking.com.br\/wp-content\/uploads\/2023\/11\/logo-alcateia-trekking.svg","width":623,"height":504,"caption":"Alcateia Trekking"},"image":{"@id":"https:\/\/www.alcateiatrekking.com.br\/#\/schema\/logo\/image\/"},"sameAs":["https:\/\/www.instagram.com\/alcateia_trekking\/"]}]}},"_links":{"self":[{"href":"https:\/\/www.alcateiatrekking.com.br\/wp-projeto-api\/wp\/v2\/product\/10017","targetHints":{"allow":["GET"]}}],"collection":[{"href":"https:\/\/www.alcateiatrekking.com.br\/wp-projeto-api\/wp\/v2\/product"}],"about":[{"href":"https:\/\/www.alcateiatrekking.com.br\/wp-projeto-api\/wp\/v2\/types\/product"}],"wp:featuredmedia":[{"embeddable":true,"href":"https:\/\/www.alcateiatrekking.com.br\/wp-projeto-api\/wp\/v2\/media\/10018"}],"wp:attachment":[{"href":"https:\/\/www.alcateiatrekking.com.br\/wp-projeto-api\/wp\/v2\/media?parent=10017"}],"wp:term":[{"taxonomy":"product_brand","embeddable":true,"href":"https:\/\/www.alcateiatrekking.com.br\/wp-projeto-api\/wp\/v2\/product_brand?post=10017"},{"taxonomy":"product_cat","embeddable":true,"href":"https:\/\/www.alcateiatrekking.com.br\/wp-projeto-api\/wp\/v2\/product_cat?post=10017"},{"taxonomy":"product_tag","embeddable":true,"href":"https:\/\/www.alcateiatrekking.com.br\/wp-projeto-api\/wp\/v2\/product_tag?post=10017"}],"curies":[{"name":"wp","href":"https:\/\/api.w.org\/{rel}","templated":true}]}}