{"id":8952,"date":"2024-01-19T00:52:17","date_gmt":"2024-01-19T03:52:17","guid":{"rendered":"https:\/\/alcateiatrekking.com.br\/?page_id=8952"},"modified":"2024-02-08T16:46:19","modified_gmt":"2024-02-08T19:46:19","slug":"depoimentos-dos-participantes","status":"publish","type":"page","link":"https:\/\/www.alcateiatrekking.com.br\/depoimentos-dos-participantes\/","title":{"rendered":"Depoimentos dos Participantes"},"content":{"rendered":"\t\t<div data-elementor-type=\"wp-page\" data-elementor-id=\"8952\" class=\"elementor elementor-8952\" data-elementor-post-type=\"page\">\n\t\t\t\t<div class=\"elementor-element elementor-element-64d4408 e-flex e-con-boxed e-con e-parent\" data-id=\"64d4408\" data-element_type=\"container\" data-e-type=\"container\" data-settings=\"{&quot;background_background&quot;:&quot;classic&quot;}\">\r\n\t\t\t\t\t<div class=\"e-con-inner\">\r\n\t\t\t\t<div class=\"elementor-element elementor-element-319a6ca elementor-icon-list--layout-inline elementor-list-item-link-full_width elementor-widget elementor-widget-icon-list\" data-id=\"319a6ca\" data-element_type=\"widget\" data-e-type=\"widget\" data-widget_type=\"icon-list.default\">\n\t\t\t\t<div class=\"elementor-widget-container\">\n\t\t\t\t\t\t\t<ul class=\"elementor-icon-list-items elementor-inline-items\">\n\t\t\t\t\t\t\t<li class=\"elementor-icon-list-item elementor-inline-item\">\n\t\t\t\t\t\t\t\t\t\t\t<span class=\"elementor-icon-list-icon\">\n\t\t\t\t\t\t\t<svg xmlns=\"http:\/\/www.w3.org\/2000\/svg\" viewBox=\"0 0 512 512\"><path d=\"M360 144h-208C138.8 144 128 154.8 128 168S138.8 192 152 192h208C373.3 192 384 181.3 384 168S373.3 144 360 144zM264 240h-112C138.8 240 128 250.8 128 264S138.8 288 152 288h112C277.3 288 288 277.3 288 264S277.3 240 264 240zM447.1 0h-384c-35.25 0-64 28.75-64 63.1v287.1c0 35.25 28.75 63.1 64 63.1h96v83.1c0 9.836 11.02 15.55 19.12 9.7l124.9-93.7h144c35.25 0 64-28.75 64-63.1V63.1C511.1 28.75 483.2 0 447.1 0zM464 352c0 8.75-7.25 16-16 16h-160l-80 60v-60H64c-8.75 0-16-7.25-16-16V64c0-8.75 7.25-16 16-16h384c8.75 0 16 7.25 16 16V352z\"><\/path><\/svg>\t\t\t\t\t\t<\/span>\n\t\t\t\t\t\t\t\t\t\t<span class=\"elementor-icon-list-text\"><\/span>\n\t\t\t\t\t\t\t\t\t<\/li>\n\t\t\t\t\t\t<\/ul>\n\t\t\t\t\t\t<\/div>\n\t\t\t\t<\/div>\n\t\t\t\t<div class=\"elementor-element elementor-element-fc108c6 elementor-widget elementor-widget-heading\" data-id=\"fc108c6\" data-element_type=\"widget\" data-e-type=\"widget\" data-widget_type=\"heading.default\">\n\t\t\t\t<div class=\"elementor-widget-container\">\n\t\t\t\t\t<h1 class=\"elementor-heading-title elementor-size-default\">Depoimentos dos Participantes<\/h1>\t\t\t\t<\/div>\n\t\t\t\t<\/div>\n\t\t\t\t\t<\/div>\n\t\t\t\t<\/div>\n\t\t<div class=\"elementor-element elementor-element-422773b6 e-flex e-con-boxed e-con e-parent\" data-id=\"422773b6\" data-element_type=\"container\" data-e-type=\"container\">\r\n\t\t\t\t\t<div class=\"e-con-inner\">\r\n\t\t\t\t<div class=\"elementor-element elementor-element-52510d2 elementor-widget__width-initial elementor-widget elementor-widget-text-editor\" data-id=\"52510d2\" data-element_type=\"widget\" data-e-type=\"widget\" data-widget_type=\"text-editor.default\">\n\t\t\t\t<div class=\"elementor-widget-container\">\n\t\t\t\t\t\t\t\t\t<p>N\u00e3o existe maior motiva\u00e7\u00e3o do que ver o relatos de supera\u00e7\u00e3o de nossos participantes. Confira abaixo alguns depoimentos que recebemos ao longo de nossos roteiros. Seus depoimentos s\u00e3o o reflexo do nosso compromisso em proporcionar a melhor experi\u00eancia poss\u00edvel. \ud83d\udc3a\u2764\ufe0f<\/p>\t\t\t\t\t\t\t\t<\/div>\n\t\t\t\t<\/div>\n\t\t\t\t<div class=\"elementor-element elementor-element-d418537 elementor-widget elementor-widget-shortcode\" data-id=\"d418537\" data-element_type=\"widget\" data-e-type=\"widget\" data-widget_type=\"shortcode.default\">\n\t\t\t\t<div class=\"elementor-widget-container\">\n\t\t\t\t\t\t\t<div class=\"elementor-shortcode\"><div id=\"bloco-depoimentos\">\n          <div class=\"item item-depoimento item-id-1\">\n\n            <span class=\"item-badge\">\n              <svg xmlns=\"http:\/\/www.w3.org\/2000\/svg\" height=\"24\" viewBox=\"0 0 448 512\">\n                <path fill=\"currentColor\" d=\"M96 224C84.72 224 74.05 226.3 64 229.9V224c0-35.3 28.7-64 64-64c17.67 0 32-14.33 32-32S145.7 96 128 96C57.42 96 0 153.4 0 224v96c0 53.02 42.98 96 96 96s96-42.98 96-96S149 224 96 224zM352 224c-11.28 0-21.95 2.305-32 5.879V224c0-35.3 28.7-64 64-64c17.67 0 32-14.33 32-32s-14.33-32-32-32c-70.58 0-128 57.42-128 128v96c0 53.02 42.98 96 96 96s96-42.98 96-96S405 224 352 224z\"\/>\n              <\/svg>\n            <\/span>\n\n            <div class=\"wrap-user-info\">\n\n              <picture class=\"item-img\">\n                <source srcset=\"https:\/\/www.alcateiatrekking.com.br\/wp-content\/uploads\/2024\/03\/IMG_1177-300x300.webp\" media=\"(max-width: 600px)\">\n                <img decoding=\"async\" src=\"https:\/\/www.alcateiatrekking.com.br\/wp-content\/uploads\/2024\/03\/IMG_1177-541x600.webp\" alt=\"\" width=\"150\" height=\"150\">\n              <\/picture>\n\n              <h3 class=\"item-name\">Luciana Souza<\/h3>\n            <\/div>\n            \n            <div class=\"wrap-content\">        \n              <div class=\"flex-1 overflow-hidden\">\n<div class=\"react-scroll-to-bottom--css-rpuxl-79elbk h-full\">\n<div class=\"react-scroll-to-bottom--css-rpuxl-1n7m0yu\">\n<div class=\"flex flex-col text-sm pb-9\">\n<div class=\"w-full text-token-text-primary\" data-testid=\"conversation-turn-5\">\n<div class=\"px-4 py-2 justify-center text-base md:gap-6 m-auto\">\n<div class=\"flex flex-1 text-base mx-auto gap-3 md:px-5 lg:px-1 xl:px-5 md:max-w-3xl lg:max-w-[40rem] xl:max-w-[48rem] group final-completion\">\n<div class=\"relative flex w-full flex-col agent-turn\">\n<div class=\"flex-col gap-1 md:gap-3\">\n<div class=\"flex flex-grow flex-col max-w-full\">\n<div class=\"min-h-[20px] text-message flex flex-col items-start gap-3 whitespace-pre-wrap break-words [.text-message+&amp;]:mt-5 overflow-x-auto\" data-message-author-role=\"assistant\" data-message-id=\"47f07dc7-46ad-4228-a54b-cb43f66dbd39\">\n<div class=\"markdown prose w-full break-words dark:prose-invert light\">\n<p>A experi\u00eancia com Alcateia \u00e9 simplesmente maravilhosa do in\u00edcio ao fim. Desde os bate e voltas aqui em Minas quanto as idas para outros destinos. Se voc\u00ea quer ir com seu parceiro, com sua amiga ou at\u00e9 sozinha, \u00e9 tudo muito organizado e seguro. A Lorena, dona da empresa, \u00e9 um amor de pessoa, te indica sempre os melhores lugares pra ir, as roupas adequadas para cada passeio, tudo muito certinho e com muita transpar\u00eancia. E essa opini\u00e3o \u00e9 un\u00e2nime, pode ter certeza!! Indico de olhos fechados<\/p>\n<\/div>\n<\/div>\n<\/div>\n<\/div>\n<\/div>\n<\/div>\n<\/div>\n<\/div>\n<\/div>\n<\/div>\n<\/div>\n<\/div>\n<div class=\"w-full pt-2 md:pt-0 dark:border-white\/20 md:border-transparent md:dark:border-transparent md:w-[calc(100%-.5rem)]\">\n<div class=\"relative flex h-full flex-1 flex-col\">\n<div class=\"flex w-full items-center\"><\/div>\n<\/div>\n<\/div>\n\n            <\/div>  \n          <\/div>\n        \n          <div class=\"item item-depoimento item-id-2\">\n\n            <span class=\"item-badge\">\n              <svg xmlns=\"http:\/\/www.w3.org\/2000\/svg\" height=\"24\" viewBox=\"0 0 448 512\">\n                <path fill=\"currentColor\" d=\"M96 224C84.72 224 74.05 226.3 64 229.9V224c0-35.3 28.7-64 64-64c17.67 0 32-14.33 32-32S145.7 96 128 96C57.42 96 0 153.4 0 224v96c0 53.02 42.98 96 96 96s96-42.98 96-96S149 224 96 224zM352 224c-11.28 0-21.95 2.305-32 5.879V224c0-35.3 28.7-64 64-64c17.67 0 32-14.33 32-32s-14.33-32-32-32c-70.58 0-128 57.42-128 128v96c0 53.02 42.98 96 96 96s96-42.98 96-96S405 224 352 224z\"\/>\n              <\/svg>\n            <\/span>\n\n            <div class=\"wrap-user-info\">\n\n              <picture class=\"item-img\">\n                <source srcset=\"https:\/\/www.alcateiatrekking.com.br\/wp-content\/uploads\/2025\/06\/IMG_4270-scaled-300x300.webp\" media=\"(max-width: 600px)\">\n                <img decoding=\"async\" src=\"https:\/\/www.alcateiatrekking.com.br\/wp-content\/uploads\/2025\/06\/IMG_4270-scaled-450x600.webp\" alt=\"\" width=\"150\" height=\"150\">\n              <\/picture>\n\n              <h3 class=\"item-name\">Alexandre Ferreira<\/h3>\n            <\/div>\n            \n            <div class=\"wrap-content\">        \n              <p>Acabei de voltar do roteiro para o Parque Nacional Cavernas do Perua\u00e7u. Al\u00e9m do espet\u00e1culo incr\u00edvel proporcionado pelas paisagens naturais de tirar o f\u00f4lego e guias locais que conduziram com cuidado e aten\u00e7\u00e3o o nosso grupo, a Alcat\u00e9ia pensou em cada detalhe com carinho. O passeio de barco no Rio S\u00e3o Francisco, o ambiente aconchegante e leve que proporcionou o nascimento de novas amizades para a vida. Agrade\u00e7o demais \u00e0 Lorena e toda a equipe da Alcat\u00e9ia. Entregou tudo!!<\/p>\n\n            <\/div>  \n          <\/div>\n        \n          <div class=\"item item-depoimento item-id-3\">\n\n            <span class=\"item-badge\">\n              <svg xmlns=\"http:\/\/www.w3.org\/2000\/svg\" height=\"24\" viewBox=\"0 0 448 512\">\n                <path fill=\"currentColor\" d=\"M96 224C84.72 224 74.05 226.3 64 229.9V224c0-35.3 28.7-64 64-64c17.67 0 32-14.33 32-32S145.7 96 128 96C57.42 96 0 153.4 0 224v96c0 53.02 42.98 96 96 96s96-42.98 96-96S149 224 96 224zM352 224c-11.28 0-21.95 2.305-32 5.879V224c0-35.3 28.7-64 64-64c17.67 0 32-14.33 32-32s-14.33-32-32-32c-70.58 0-128 57.42-128 128v96c0 53.02 42.98 96 96 96s96-42.98 96-96S405 224 352 224z\"\/>\n              <\/svg>\n            <\/span>\n\n            <div class=\"wrap-user-info\">\n\n              <picture class=\"item-img\">\n                <source srcset=\"https:\/\/www.alcateiatrekking.com.br\/wp-content\/uploads\/2024\/03\/IMG_2064-300x300.webp\" media=\"(max-width: 600px)\">\n                <img decoding=\"async\" src=\"https:\/\/www.alcateiatrekking.com.br\/wp-content\/uploads\/2024\/03\/IMG_2064.webp\" alt=\"\" width=\"150\" height=\"150\">\n              <\/picture>\n\n              <h3 class=\"item-name\">Pedro Marinho<\/h3>\n            <\/div>\n            \n            <div class=\"wrap-content\">        \n              <p>Gostei demais de todo o processo, desde a organiza\u00e7\u00e3o no grupo, as informa\u00e7\u00f5es passadas, o transporte super alto astral, os guias incr\u00edveis!!! E a galera tamb\u00e9m que se ajudou demais durante a caminhada! S\u00f3 tenho elogios para essa experi\u00eancia! Que foi a primeira de muitas com voc\u00eas! Valeu demais!! E continuem com esse trabalho lindo!<\/p>\n\n            <\/div>  \n          <\/div>\n        \n          <div class=\"item item-depoimento item-id-4\">\n\n            <span class=\"item-badge\">\n              <svg xmlns=\"http:\/\/www.w3.org\/2000\/svg\" height=\"24\" viewBox=\"0 0 448 512\">\n                <path fill=\"currentColor\" d=\"M96 224C84.72 224 74.05 226.3 64 229.9V224c0-35.3 28.7-64 64-64c17.67 0 32-14.33 32-32S145.7 96 128 96C57.42 96 0 153.4 0 224v96c0 53.02 42.98 96 96 96s96-42.98 96-96S149 224 96 224zM352 224c-11.28 0-21.95 2.305-32 5.879V224c0-35.3 28.7-64 64-64c17.67 0 32-14.33 32-32s-14.33-32-32-32c-70.58 0-128 57.42-128 128v96c0 53.02 42.98 96 96 96s96-42.98 96-96S405 224 352 224z\"\/>\n              <\/svg>\n            <\/span>\n\n            <div class=\"wrap-user-info\">\n\n              <picture class=\"item-img\">\n                <source srcset=\"https:\/\/www.alcateiatrekking.com.br\/wp-content\/uploads\/2024\/03\/IMG_6559-300x300.webp\" media=\"(max-width: 600px)\">\n                <img loading=\"lazy\" decoding=\"async\" src=\"https:\/\/www.alcateiatrekking.com.br\/wp-content\/uploads\/2024\/03\/IMG_6559-492x600.webp\" alt=\"\" width=\"150\" height=\"150\">\n              <\/picture>\n\n              <h3 class=\"item-name\">Kacyra Magalh\u00e3es<\/h3>\n            <\/div>\n            \n            <div class=\"wrap-content\">        \n              <div class=\"Qr7Oae\" role=\"listitem\">\n<div class=\"OxAavc NVbRL\" data-item-id=\"1355442844\">\n<div class=\"Ih4Dzb\">\n<div class=\"q4tvle JqSWld yqQS1\">Gostaria de parabenizar todos os aspectos, come\u00e7ando pela simpatia de todos os guias.<\/div>\n<div class=\"q4tvle JqSWld yqQS1\">Na Alcateia sempre me senti pertencente ao grupo desde a primeira vez, voc\u00eas s\u00e3o incr\u00edveis. Os roteiros s\u00e3o sensacionais, a galera que participa super alto astral. S\u00e3o pontuais nos hor\u00e1rios. Tudo perfeito.<\/div>\n<\/div>\n<\/div>\n<\/div>\n<div class=\"Qr7Oae\" role=\"listitem\">\n<div class=\"OxAavc NVbRL\" data-item-id=\"842495118\">\n<div class=\"pYfr3c\">\n<div class=\"prOLdf\">\n<div class=\"g53bl\">\n<div class=\"cTDvob D1wxyf RjsPE\" role=\"heading\" aria-describedby=\"i.desc.842495118\"><\/div>\n<\/div>\n<\/div>\n<\/div>\n<\/div>\n<\/div>\n\n            <\/div>  \n          <\/div>\n        \n          <div class=\"item item-depoimento item-id-5\">\n\n            <span class=\"item-badge\">\n              <svg xmlns=\"http:\/\/www.w3.org\/2000\/svg\" height=\"24\" viewBox=\"0 0 448 512\">\n                <path fill=\"currentColor\" d=\"M96 224C84.72 224 74.05 226.3 64 229.9V224c0-35.3 28.7-64 64-64c17.67 0 32-14.33 32-32S145.7 96 128 96C57.42 96 0 153.4 0 224v96c0 53.02 42.98 96 96 96s96-42.98 96-96S149 224 96 224zM352 224c-11.28 0-21.95 2.305-32 5.879V224c0-35.3 28.7-64 64-64c17.67 0 32-14.33 32-32s-14.33-32-32-32c-70.58 0-128 57.42-128 128v96c0 53.02 42.98 96 96 96s96-42.98 96-96S405 224 352 224z\"\/>\n              <\/svg>\n            <\/span>\n\n            <div class=\"wrap-user-info\">\n\n              <picture class=\"item-img\">\n                <source srcset=\"https:\/\/www.alcateiatrekking.com.br\/wp-content\/uploads\/2025\/07\/Imagem-do-WhatsApp-de-2025-07-01-as-09.00.17_40ea3a0c-scaled-300x300.webp\" media=\"(max-width: 600px)\">\n                <img loading=\"lazy\" decoding=\"async\" src=\"https:\/\/www.alcateiatrekking.com.br\/wp-content\/uploads\/2025\/07\/Imagem-do-WhatsApp-de-2025-07-01-as-09.00.17_40ea3a0c-scaled-450x600.webp\" alt=\"\" width=\"150\" height=\"150\">\n              <\/picture>\n\n              <h3 class=\"item-name\">Marcelo Avelar<\/h3>\n            <\/div>\n            \n            <div class=\"wrap-content\">        \n              <div class=\"Qr7Oae\" role=\"listitem\">\n<div class=\"OxAavc NVbRL\" data-item-id=\"1355442844\">\n<div class=\"Ih4Dzb\">\n<div class=\"q4tvle JqSWld yqQS1\">Alcateia \u00e9 uma empresa super profissional, competente, \u00e9tica, dedicada, gentil, familiar, trata a gente com muita dedica\u00e7\u00e3o, educa\u00e7\u00e3o e gentileza. Viviane \u00e9 muito educada, gente boa, simp\u00e1tica, bate fotos, faz v\u00eddeos, cuida bem da gente. Ali\u00e1s toda a equipe da Alcateia \u00e9 assim. Super recomendo. Garantia de passeios super agrad\u00e1veis.<\/div>\n<\/div>\n<\/div>\n<\/div>\n<div class=\"Qr7Oae\" role=\"listitem\">\n<div class=\"OxAavc NVbRL\" data-item-id=\"842495118\">\n<div class=\"pYfr3c\">\n<div class=\"prOLdf\">\n<div class=\"g53bl\">\n<div class=\"cTDvob D1wxyf RjsPE\" role=\"heading\" aria-describedby=\"i.desc.842495118\"><\/div>\n<\/div>\n<\/div>\n<\/div>\n<\/div>\n<\/div>\n\n            <\/div>  \n          <\/div>\n        \n          <div class=\"item item-depoimento item-id-6\">\n\n            <span class=\"item-badge\">\n              <svg xmlns=\"http:\/\/www.w3.org\/2000\/svg\" height=\"24\" viewBox=\"0 0 448 512\">\n                <path fill=\"currentColor\" d=\"M96 224C84.72 224 74.05 226.3 64 229.9V224c0-35.3 28.7-64 64-64c17.67 0 32-14.33 32-32S145.7 96 128 96C57.42 96 0 153.4 0 224v96c0 53.02 42.98 96 96 96s96-42.98 96-96S149 224 96 224zM352 224c-11.28 0-21.95 2.305-32 5.879V224c0-35.3 28.7-64 64-64c17.67 0 32-14.33 32-32s-14.33-32-32-32c-70.58 0-128 57.42-128 128v96c0 53.02 42.98 96 96 96s96-42.98 96-96S405 224 352 224z\"\/>\n              <\/svg>\n            <\/span>\n\n            <div class=\"wrap-user-info\">\n\n              <picture class=\"item-img\">\n                <source srcset=\"https:\/\/www.alcateiatrekking.com.br\/wp-content\/uploads\/2025\/06\/Imagem-do-WhatsApp-de-2025-06-30-as-15.52.12_9cfbdf84-300x300.jpg\" media=\"(max-width: 600px)\">\n                <img loading=\"lazy\" decoding=\"async\" src=\"https:\/\/www.alcateiatrekking.com.br\/wp-content\/uploads\/2025\/06\/Imagem-do-WhatsApp-de-2025-06-30-as-15.52.12_9cfbdf84-450x600.jpg\" alt=\"\" width=\"150\" height=\"150\">\n              <\/picture>\n\n              <h3 class=\"item-name\">Lilian Borem<\/h3>\n            <\/div>\n            \n            <div class=\"wrap-content\">        \n              <p>Viajei no \u00faltimo final de semana com a Alcat\u00e9ia Trekking para um roteiro incr\u00edvel na Serra do Capara\u00f3, com o desafio de subir o Pico da Bandeira. J\u00e1 havia participado de um ou dois passeios bate e volta com eles, mas foi a minha primeira experi\u00eancia em uma viagem de final de semana completo.<\/p>\n<p>O que posso dizer \u00e9 que a equipe est\u00e1 de parab\u00e9ns! Desde o motorista Paulo, extremamente educado, prestativo e bem-humorado, at\u00e9 os guias, que foram impec\u00e1veis: sempre simp\u00e1ticos, atenciosos e cuidadosos com todos do grupo.<\/p>\n\n            <\/div>  \n          <\/div>\n        \n          <div class=\"item item-depoimento item-id-7\">\n\n            <span class=\"item-badge\">\n              <svg xmlns=\"http:\/\/www.w3.org\/2000\/svg\" height=\"24\" viewBox=\"0 0 448 512\">\n                <path fill=\"currentColor\" d=\"M96 224C84.72 224 74.05 226.3 64 229.9V224c0-35.3 28.7-64 64-64c17.67 0 32-14.33 32-32S145.7 96 128 96C57.42 96 0 153.4 0 224v96c0 53.02 42.98 96 96 96s96-42.98 96-96S149 224 96 224zM352 224c-11.28 0-21.95 2.305-32 5.879V224c0-35.3 28.7-64 64-64c17.67 0 32-14.33 32-32s-14.33-32-32-32c-70.58 0-128 57.42-128 128v96c0 53.02 42.98 96 96 96s96-42.98 96-96S405 224 352 224z\"\/>\n              <\/svg>\n            <\/span>\n\n            <div class=\"wrap-user-info\">\n\n              <picture class=\"item-img\">\n                <source srcset=\"https:\/\/www.alcateiatrekking.com.br\/wp-content\/uploads\/2025\/07\/Captura-de-tela-2025-07-01-090800-300x300.png\" media=\"(max-width: 600px)\">\n                <img loading=\"lazy\" decoding=\"async\" src=\"https:\/\/www.alcateiatrekking.com.br\/wp-content\/uploads\/2025\/07\/Captura-de-tela-2025-07-01-090800-587x600.png\" alt=\"\" width=\"150\" height=\"150\">\n              <\/picture>\n\n              <h3 class=\"item-name\">Michelle Xavier<\/h3>\n            <\/div>\n            \n            <div class=\"wrap-content\">        \n              <p>Gostei muito da experi\u00eancia que tive com a empresa nos guiando pelo percurso para as cachoeiras, o atendimento antes, durante e depois, foram \u00f3timos tb! H\u00e1 explica\u00e7\u00e3o de todo roteiro antes, vc pode tirar d\u00favidas, eles enviam as orienta\u00e7\u00f5es, tem v\u00e1rias formas de pagamento, tem o formul\u00e1rio de inscri\u00e7\u00e3o, pol\u00edticas de cancelamento, durante o percurso realiza-se os registros fotograficos da turma e depois disponibiliza-os para o grupo. Achei mt legal o passeio que fizemos para Cabe\u00e7a de Boi, farei outros passeios com a Alcateia! Bom d+!<\/p>\n\n            <\/div>  \n          <\/div>\n        <\/div><\/div>\n\t\t\t\t\t\t<\/div>\n\t\t\t\t<\/div>\n\t\t\t\t\t<\/div>\n\t\t\t\t<\/div>\n\t\t<div class=\"elementor-element elementor-element-e0c25fc e-flex e-con-boxed e-con e-child\" data-id=\"e0c25fc\" data-element_type=\"container\" data-e-type=\"container\" data-settings=\"{&quot;background_background&quot;:&quot;classic&quot;}\">\r\n\t\t\t\t\t<div class=\"e-con-inner\">\r\n\t\t\t\t<div class=\"elementor-element elementor-element-af30c0e elementor-widget__width-inherit elementor-widget elementor-widget-heading\" data-id=\"af30c0e\" data-element_type=\"widget\" data-e-type=\"widget\" data-widget_type=\"heading.default\">\n\t\t\t\t<div class=\"elementor-widget-container\">\n\t\t\t\t\t<h2 class=\"elementor-heading-title elementor-size-default\">\ud83e\udd7e Veja os Roteiros Dispon\u00edveis<\/h2>\t\t\t\t<\/div>\n\t\t\t\t<\/div>\n\t\t\t\t<div class=\"elementor-element elementor-element-27ef57b elementor-widget elementor-widget-shortcode\" data-id=\"27ef57b\" data-element_type=\"widget\" data-e-type=\"widget\" data-widget_type=\"shortcode.default\">\n\t\t\t\t<div class=\"elementor-widget-container\">\n\t\t\t\t\t<ul class=\"products products-container grid has-ccols has-ccols-spacing ccols-xl-3 ccols-lg-3 ccols-md-3 ccols-sm-2 ccols-2 pwidth-lg-3 pwidth-md-3 pwidth-xs-2 pwidth-ls-1\"\r\n\t data-product_layout=\"product-outimage_aq_onimage\" role=\"none\">\r\n<\/ul>\r\n\t\t<div class=\"elementor-shortcode\"><div class=\"wrap-slider-products\"><div class=\"owl-custom-product-slider owl-carousel owl-theme product-slider-bate-volta custom-card-product\">\n    <div class=\"item-product item-id-9935\" >\n      <a class=\"wrap-content\" href=\"https:\/\/www.alcateiatrekking.com.br\/roteiro\/cachoeira-braunas\/\" title=\"Clique aqui e saiba mais sobre o roteiro Cachoeira Bra\u00fanas, PN Serra do Cip\u00f3 \ud83d\ude04\">\n        <div class=\"item item-thumb\">\n          <picture class=\"wrap-thumb\">\n            <source srcset=\"https:\/\/www.alcateiatrekking.com.br\/wp-content\/uploads\/2024\/04\/Braunas4.png\" media=\"(max-width: 400px)\">\n            <source srcset=\"https:\/\/www.alcateiatrekking.com.br\/wp-content\/uploads\/2024\/04\/Braunas4.png\" media=\"(max-width: 600px)\">\n            <img loading=\"lazy\" decoding=\"async\" src=\"https:\/\/www.alcateiatrekking.com.br\/wp-content\/uploads\/2024\/04\/Braunas4.png\" width=\"600\" height=\"450\" alt=\"\">\n          <\/picture>\n          <div class=\"wrap-meta\">\n            <div class=\"item-meta-info info-badges\">\n            <\/div>\n            <div class=\"item-meta-info info-detalhes\">\n                    <span class=\"item item-data\" title=\"S\u00e1bado\">\n                      <img loading=\"lazy\" decoding=\"async\" src=\"https:\/\/www.alcateiatrekking.com.br\/wp-content\/uploads\/2024\/03\/icone-roteiro-agenda.webp\" width=\"16\" height=\"16\" alt=\"\u00cdcone representando um calend\u00e1rio\">\n                      <span><b>Data: <\/b><span class=\"date-start\">25\/04<\/span><\/span>\n                    <\/span>\n                    <span class=\"item item-nivel\">\n                        <img loading=\"lazy\" decoding=\"async\" src=\"https:\/\/www.alcateiatrekking.com.br\/wp-content\/uploads\/2024\/03\/icone-roteiro-desafio.webp\" width=\"16\" height=\"16\" alt=\"\u00cdcone representando uma bandeira\">\n                      <span><b>Desafio: <\/b>22KM \/ N\u00edvel Dif\u00edcil<\/span>\n                    <\/span><\/div><\/div><\/div>\n\n        \n      <div class=\"item item-description\"><h2 class=\"subitem-name\">Cachoeira Bra\u00fanas, PN Serra do Cip\u00f3<\/h2><div class=\"review-widget\">\n\t\t\t\t\t\t<ryviu-widget-total collection=\"1\" product_id=\"9935\" handle=\"cachoeira-braunas\" reviews_data=\"\"><\/ryviu-widget-total>\n\t\t\t\t\t<\/div>\n        <span class=\"subitem price\"><span class=\"woocommerce-Price-amount amount\"><bdi><span class=\"woocommerce-Price-currencySymbol\">&#82;&#36;<\/span>&nbsp;195,00<\/bdi><\/span><\/span>\n      <\/div><\/a>\n    <hr class=\"item-divider\"\/>\n    <div class=\"wrap-actions\">\n        <a class=\"item-btn item-btn-read-more\" href=\"https:\/\/www.alcateiatrekking.com.br\/roteiro\/cachoeira-braunas\/\" title=\"Clique aqui e saiba mais sobre Cachoeira Bra\u00fanas, PN Serra do Cip\u00f3 \ud83d\ude04\">Saiba mais<\/a>\n    <\/div>\n  <\/div>\n  \n    <div class=\"item-product item-id-12772\" >\n      <a class=\"wrap-content\" href=\"https:\/\/www.alcateiatrekking.com.br\/roteiro\/cachoeira-3-barras-e-cachoeira-peixe-cru\/\" title=\"Clique aqui e saiba mais sobre o roteiro Cachoeira 3 Barras e Cachoeira Peixe Cru \ud83d\ude04\">\n        <div class=\"item item-thumb\">\n          <picture class=\"wrap-thumb\">\n            <source srcset=\"https:\/\/www.alcateiatrekking.com.br\/wp-content\/uploads\/2026\/03\/IMG_2220-1-scaled.webp\" media=\"(max-width: 400px)\">\n            <source srcset=\"https:\/\/www.alcateiatrekking.com.br\/wp-content\/uploads\/2026\/03\/IMG_2220-1-scaled.webp\" media=\"(max-width: 600px)\">\n            <img loading=\"lazy\" decoding=\"async\" src=\"https:\/\/www.alcateiatrekking.com.br\/wp-content\/uploads\/2026\/03\/IMG_2220-1-scaled.webp\" width=\"600\" height=\"450\" alt=\"\">\n          <\/picture>\n          <div class=\"wrap-meta\">\n            <div class=\"item-meta-info info-badges\">\n            <\/div>\n            <div class=\"item-meta-info info-detalhes\">\n                    <span class=\"item item-data\" title=\"Domingo \">\n                      <img loading=\"lazy\" decoding=\"async\" src=\"https:\/\/www.alcateiatrekking.com.br\/wp-content\/uploads\/2024\/03\/icone-roteiro-agenda.webp\" width=\"16\" height=\"16\" alt=\"\u00cdcone representando um calend\u00e1rio\">\n                      <span><b>Data: <\/b><span class=\"date-start\">03\/05<\/span><\/span>\n                    <\/span>\n                    <span class=\"item item-nivel\">\n                        <img loading=\"lazy\" decoding=\"async\" src=\"https:\/\/www.alcateiatrekking.com.br\/wp-content\/uploads\/2024\/03\/icone-roteiro-desafio.webp\" width=\"16\" height=\"16\" alt=\"\u00cdcone representando uma bandeira\">\n                      <span><b>Desafio: <\/b>3KM \/ N\u00edvel F\u00e1cil<\/span>\n                    <\/span><\/div><\/div><\/div>\n\n        \n      <div class=\"item item-description\"><h2 class=\"subitem-name\">Cachoeira 3 Barras e Cachoeira Peixe Cru<\/h2><div class=\"review-widget\">\n\t\t\t\t\t\t<ryviu-widget-total collection=\"1\" product_id=\"12772\" handle=\"cachoeira-3-barras-e-cachoeira-peixe-cru\" reviews_data=\"\"><\/ryviu-widget-total>\n\t\t\t\t\t<\/div>\n        <span class=\"subitem price\"><span class=\"woocommerce-Price-amount amount\"><bdi><span class=\"woocommerce-Price-currencySymbol\">&#82;&#36;<\/span>&nbsp;190,00<\/bdi><\/span><\/span>\n      <\/div><\/a>\n    <hr class=\"item-divider\"\/>\n    <div class=\"wrap-actions\">\n        <a class=\"item-btn item-btn-cart\" href=\"https:\/\/www.alcateiatrekking.com.br\/roteiro\/cachoeira-3-barras-e-cachoeira-peixe-cru\/\" title=\"Clique aqui e saiba mais sobre Cachoeira 3 Barras e Cachoeira Peixe Cru \ud83d\ude04\">Saiba mais<\/a>\n    <\/div>\n  <\/div>\n  \n    <div class=\"item-product item-id-9839\" >\n      <a class=\"wrap-content\" href=\"https:\/\/www.alcateiatrekking.com.br\/roteiro\/morro-do-pilar-andorinhoes-nana\/\" title=\"Clique aqui e saiba mais sobre o roteiro Morro do Pilar - Andorinh\u00f5es e Nan\u00e1 \ud83d\ude04\">\n        <div class=\"item item-thumb\">\n          <picture class=\"wrap-thumb\">\n            <source srcset=\"https:\/\/www.alcateiatrekking.com.br\/wp-content\/uploads\/2024\/03\/Morro-do-Pilar8.png\" media=\"(max-width: 400px)\">\n            <source srcset=\"https:\/\/www.alcateiatrekking.com.br\/wp-content\/uploads\/2024\/03\/Morro-do-Pilar8.png\" media=\"(max-width: 600px)\">\n            <img loading=\"lazy\" decoding=\"async\" src=\"https:\/\/www.alcateiatrekking.com.br\/wp-content\/uploads\/2024\/03\/Morro-do-Pilar8.png\" width=\"600\" height=\"450\" alt=\"\">\n          <\/picture>\n          <div class=\"wrap-meta\">\n            <div class=\"item-meta-info info-badges\">\n                  <span class=\"subitem-badge subitem-estoque-baixo\">\n                    <svg xmlns=\"http:\/\/www.w3.org\/2000\/svg\" width=\"21\" height=\"24\" viewBox=\"0 0 21 24\" fill=\"none\">\n                        <path d=\"M15.1641 2.40234C14.1937 3.30469 13.3125 4.25391 12.5344 5.20781C11.2547 3.45094 9.66563 1.66406 7.875 0C3.26953 4.27125 0 9.84375 0 13.2C0 19.1672 4.69687 24 10.5 24C16.3031 24 21 19.1672 21 13.2C21 10.7063 18.5625 5.55469 15.1641 2.40234ZM10.5 21.75C5.95312 21.75 2.25 17.9119 2.25 13.2C2.25 11.0728 4.32422 6.95625 7.87969 3.16406C8.92969 4.26 9.89062 5.4 10.7109 6.53437L12.428 8.89594L14.2739 6.63422C14.5493 6.30023 14.8308 5.97234 15.1177 5.64984C17.2922 8.34375 18.75 11.7375 18.75 13.2C18.75 17.9109 15.0469 21.75 10.5 21.75ZM14.6953 11.3953L12.2869 14.1375C12.2869 14.1375 8.51953 9.32812 8.23828 9C6.24375 11.3859 5.25 12.7781 5.25 14.3625C5.25 17.5453 7.65938 19.5 10.6172 19.5C11.8008 19.5 12.8967 19.1309 13.7873 18.51C15.803 17.0981 16.2773 14.3555 15.1584 12.2147C15.0188 11.9531 14.8641 11.6766 14.6953 11.3953Z\" fill=\"currentColor\"\/>\n                    <\/svg>\n                    <span>\u00daltimas Vagas<\/span>\n                  <\/span>\n            <\/div>\n            <div class=\"item-meta-info info-detalhes\">\n                    <span class=\"item item-data\" title=\"S\u00e1bado\">\n                      <img loading=\"lazy\" decoding=\"async\" src=\"https:\/\/www.alcateiatrekking.com.br\/wp-content\/uploads\/2024\/03\/icone-roteiro-agenda.webp\" width=\"16\" height=\"16\" alt=\"\u00cdcone representando um calend\u00e1rio\">\n                      <span><b>Data: <\/b><span class=\"date-start\">09\/05<\/span><\/span>\n                    <\/span>\n                    <span class=\"item item-nivel\">\n                        <img loading=\"lazy\" decoding=\"async\" src=\"https:\/\/www.alcateiatrekking.com.br\/wp-content\/uploads\/2024\/03\/icone-roteiro-desafio.webp\" width=\"16\" height=\"16\" alt=\"\u00cdcone representando uma bandeira\">\n                      <span><b>Desafio: <\/b>12KM \/ N\u00edvel Moderado \/ Dif\u00edcil<\/span>\n                    <\/span><\/div><\/div><\/div>\n\n        \n      <div class=\"item item-description\"><h2 class=\"subitem-name\">Morro do Pilar - Andorinh\u00f5es e Nan\u00e1<\/h2><div class=\"review-widget\">\n\t\t\t\t\t\t<ryviu-widget-total collection=\"1\" product_id=\"9839\" handle=\"morro-do-pilar-andorinhoes-nana\" reviews_data=\"\"><\/ryviu-widget-total>\n\t\t\t\t\t<\/div>\n        <span class=\"subitem price\"><span class=\"woocommerce-Price-amount amount\"><bdi><span class=\"woocommerce-Price-currencySymbol\">&#82;&#36;<\/span>&nbsp;215,00<\/bdi><\/span><\/span>\n      <\/div><\/a>\n    <hr class=\"item-divider\"\/>\n    <div class=\"wrap-actions\">\n        <a class=\"item-btn item-btn-cart\" href=\"https:\/\/www.alcateiatrekking.com.br\/roteiro\/morro-do-pilar-andorinhoes-nana\/\" title=\"Clique aqui e saiba mais sobre Morro do Pilar - Andorinh\u00f5es e Nan\u00e1 \ud83d\ude04\">Saiba mais<\/a>\n    <\/div>\n  <\/div>\n  \n    <div class=\"item-product item-id-13094\" >\n      <a class=\"wrap-content\" href=\"https:\/\/www.alcateiatrekking.com.br\/roteiro\/festa-do-vinho-catas-altas\/\" title=\"Clique aqui e saiba mais sobre o roteiro Festa do Vinho, Catas Altas \ud83d\ude04\">\n        <div class=\"item item-thumb\">\n          <picture class=\"wrap-thumb\">\n            <source srcset=\"https:\/\/www.alcateiatrekking.com.br\/wp-content\/uploads\/2025\/05\/Imagem-blog_2623f262-58ee-487d-8c6e-d938e668ff21_600x600-1.webp\" media=\"(max-width: 400px)\">\n            <source srcset=\"https:\/\/www.alcateiatrekking.com.br\/wp-content\/uploads\/2025\/05\/Imagem-blog_2623f262-58ee-487d-8c6e-d938e668ff21_600x600-1.webp\" media=\"(max-width: 600px)\">\n            <img loading=\"lazy\" decoding=\"async\" src=\"https:\/\/www.alcateiatrekking.com.br\/wp-content\/uploads\/2025\/05\/Imagem-blog_2623f262-58ee-487d-8c6e-d938e668ff21_600x600-1.webp\" width=\"600\" height=\"450\" alt=\"\">\n          <\/picture>\n          <div class=\"wrap-meta\">\n            <div class=\"item-meta-info info-badges\">\n            <\/div>\n            <div class=\"item-meta-info info-detalhes\">\n                    <span class=\"item item-data\" title=\"S\u00e1bado\">\n                      <img loading=\"lazy\" decoding=\"async\" src=\"https:\/\/www.alcateiatrekking.com.br\/wp-content\/uploads\/2024\/03\/icone-roteiro-agenda.webp\" width=\"16\" height=\"16\" alt=\"\u00cdcone representando um calend\u00e1rio\">\n                      <span><b>Data: <\/b><span class=\"date-start\">16\/05<\/span><\/span>\n                    <\/span><\/div><\/div><\/div>\n\n        \n      <div class=\"item item-description\"><h2 class=\"subitem-name\">Festa do Vinho, Catas Altas<\/h2><div class=\"review-widget\">\n\t\t\t\t\t\t<ryviu-widget-total collection=\"1\" product_id=\"13094\" handle=\"festa-do-vinho-catas-altas\" reviews_data=\"\"><\/ryviu-widget-total>\n\t\t\t\t\t<\/div>\n        <span class=\"subitem price\"><span class=\"woocommerce-Price-amount amount\"><bdi><span class=\"woocommerce-Price-currencySymbol\">&#82;&#36;<\/span>&nbsp;190,00<\/bdi><\/span><\/span>\n      <\/div><\/a>\n    <hr class=\"item-divider\"\/>\n    <div class=\"wrap-actions\">\n        <a class=\"item-btn item-btn-cart\" href=\"https:\/\/www.alcateiatrekking.com.br\/roteiro\/festa-do-vinho-catas-altas\/\" title=\"Clique aqui e saiba mais sobre Festa do Vinho, Catas Altas \ud83d\ude04\">Saiba mais<\/a>\n    <\/div>\n  <\/div>\n  <\/div><\/div><\/div>\n\t\t\t\t\t\t<\/div>\n\t\t\t\t<\/div>\n\t\t\t\t\t<\/div>\n\t\t\t\t<\/div>\n\t\t\t\t<\/div>\n\t\t","protected":false},"excerpt":{"rendered":"<p>N\u00e3o existe maior motiva\u00e7\u00e3o do que ver o relatos de supera\u00e7\u00e3o de nossos participantes. Confira abaixo alguns depoimentos que recebemos ao longo de nossos roteiros. Seus depoimentos s\u00e3o o reflexo do nosso compromisso em proporcionar a melhor experi\u00eancia poss\u00edvel. \ud83d\udc3a\u2764\ufe0f \ud83e\udd7e Veja os Roteiros Dispon\u00edveis<\/p>\n","protected":false},"author":32,"featured_media":0,"parent":0,"menu_order":10,"comment_status":"closed","ping_status":"closed","template":"elementor_theme","meta":{"_acf_changed":false,"inline_featured_image":false,"_exactmetrics_skip_tracking":false,"_exactmetrics_sitenote_active":false,"_exactmetrics_sitenote_note":"","_exactmetrics_sitenote_category":0,"footnotes":""},"class_list":["post-8952","page","type-page","status-publish","hentry"],"acf":[],"yoast_head":"<!-- This site is optimized with the Yoast SEO plugin v27.4 - https:\/\/yoast.com\/product\/yoast-seo-wordpress\/ -->\n<title>Depoimentos dos Participantes &#187; Alcateia Trekking &#187; Ecoturismo, Trilhas , Cachoeiras em BH \/ Minas Gerais<\/title>\n<meta name=\"description\" content=\"N\u00e3o existe maior motiva\u00e7\u00e3o do que ver o relatos de supera\u00e7\u00e3o de nossos participantes. Confira abaixo alguns depoimentos que recebemos ao longo de nossos &#187; Ecoturismo, Trilhas , Cachoeiras em BH \/ Minas Gerais\" \/>\n<meta name=\"robots\" content=\"index, follow, max-snippet:-1, max-image-preview:large, max-video-preview:-1\" \/>\n<link rel=\"canonical\" href=\"https:\/\/www.alcateiatrekking.com.br\/depoimentos-dos-participantes\/\" \/>\n<meta property=\"og:locale\" content=\"pt_BR\" \/>\n<meta property=\"og:type\" content=\"article\" \/>\n<meta property=\"og:title\" content=\"Depoimentos dos Participantes &#187; Alcateia Trekking &#187; Ecoturismo, Trilhas , Cachoeiras em BH \/ Minas Gerais\" \/>\n<meta property=\"og:description\" content=\"N\u00e3o existe maior motiva\u00e7\u00e3o do que ver o relatos de supera\u00e7\u00e3o de nossos participantes. Confira abaixo alguns depoimentos que recebemos ao longo de nossos &#187; Ecoturismo, Trilhas , Cachoeiras em BH \/ Minas Gerais\" \/>\n<meta property=\"og:url\" content=\"https:\/\/www.alcateiatrekking.com.br\/depoimentos-dos-participantes\/\" \/>\n<meta property=\"og:site_name\" content=\"Alcateia Trekking\" \/>\n<meta property=\"article:modified_time\" content=\"2024-02-08T19:46:19+00:00\" \/>\n<meta name=\"twitter:card\" content=\"summary_large_image\" \/>\n<meta name=\"twitter:label1\" content=\"Est. tempo de leitura\" \/>\n\t<meta name=\"twitter:data1\" content=\"1 minuto\" \/>\n<script type=\"application\/ld+json\" class=\"yoast-schema-graph\">{\"@context\":\"https:\\\/\\\/schema.org\",\"@graph\":[{\"@type\":\"WebPage\",\"@id\":\"https:\\\/\\\/www.alcateiatrekking.com.br\\\/depoimentos-dos-participantes\\\/\",\"url\":\"https:\\\/\\\/www.alcateiatrekking.com.br\\\/depoimentos-dos-participantes\\\/\",\"name\":\"Depoimentos dos Participantes &#187; Alcateia Trekking &#187; Ecoturismo, Trilhas , Cachoeiras em BH \\\/ Minas Gerais\",\"isPartOf\":{\"@id\":\"https:\\\/\\\/www.alcateiatrekking.com.br\\\/#website\"},\"datePublished\":\"2024-01-19T03:52:17+00:00\",\"dateModified\":\"2024-02-08T19:46:19+00:00\",\"description\":\"N\u00e3o existe maior motiva\u00e7\u00e3o do que ver o relatos de supera\u00e7\u00e3o de nossos participantes. Confira abaixo alguns depoimentos que recebemos ao longo de nossos &#187; Ecoturismo, Trilhas , Cachoeiras em BH \\\/ Minas Gerais\",\"breadcrumb\":{\"@id\":\"https:\\\/\\\/www.alcateiatrekking.com.br\\\/depoimentos-dos-participantes\\\/#breadcrumb\"},\"inLanguage\":\"pt-BR\",\"potentialAction\":[{\"@type\":\"ReadAction\",\"target\":[\"https:\\\/\\\/www.alcateiatrekking.com.br\\\/depoimentos-dos-participantes\\\/\"]}]},{\"@type\":\"BreadcrumbList\",\"@id\":\"https:\\\/\\\/www.alcateiatrekking.com.br\\\/depoimentos-dos-participantes\\\/#breadcrumb\",\"itemListElement\":[{\"@type\":\"ListItem\",\"position\":1,\"name\":\"In\u00edcio\",\"item\":\"https:\\\/\\\/www.alcateiatrekking.com.br\\\/\"},{\"@type\":\"ListItem\",\"position\":2,\"name\":\"Depoimentos dos Participantes\"}]},{\"@type\":\"WebSite\",\"@id\":\"https:\\\/\\\/www.alcateiatrekking.com.br\\\/#website\",\"url\":\"https:\\\/\\\/www.alcateiatrekking.com.br\\\/\",\"name\":\"Alcateia Trekking\",\"description\":\"Ecoturismo, Trilhas , Cachoeiras em BH \\\/ Minas Gerais\",\"publisher\":{\"@id\":\"https:\\\/\\\/www.alcateiatrekking.com.br\\\/#organization\"},\"alternateName\":\"Alcateia Trekking \\\/ Belo Horizonte\",\"potentialAction\":[{\"@type\":\"SearchAction\",\"target\":{\"@type\":\"EntryPoint\",\"urlTemplate\":\"https:\\\/\\\/www.alcateiatrekking.com.br\\\/?s={search_term_string}\"},\"query-input\":{\"@type\":\"PropertyValueSpecification\",\"valueRequired\":true,\"valueName\":\"search_term_string\"}}],\"inLanguage\":\"pt-BR\"},{\"@type\":\"Organization\",\"@id\":\"https:\\\/\\\/www.alcateiatrekking.com.br\\\/#organization\",\"name\":\"Alcateia Trekking\",\"url\":\"https:\\\/\\\/www.alcateiatrekking.com.br\\\/\",\"logo\":{\"@type\":\"ImageObject\",\"inLanguage\":\"pt-BR\",\"@id\":\"https:\\\/\\\/www.alcateiatrekking.com.br\\\/#\\\/schema\\\/logo\\\/image\\\/\",\"url\":\"https:\\\/\\\/www.alcateiatrekking.com.br\\\/wp-content\\\/uploads\\\/2023\\\/11\\\/logo-alcateia-trekking.svg\",\"contentUrl\":\"https:\\\/\\\/www.alcateiatrekking.com.br\\\/wp-content\\\/uploads\\\/2023\\\/11\\\/logo-alcateia-trekking.svg\",\"width\":623,\"height\":504,\"caption\":\"Alcateia Trekking\"},\"image\":{\"@id\":\"https:\\\/\\\/www.alcateiatrekking.com.br\\\/#\\\/schema\\\/logo\\\/image\\\/\"},\"sameAs\":[\"https:\\\/\\\/www.instagram.com\\\/alcateia_trekking\\\/\"]}]}<\/script>\n<!-- \/ Yoast SEO plugin. -->","yoast_head_json":{"title":"Depoimentos dos Participantes &#187; Alcateia Trekking &#187; Ecoturismo, Trilhas , Cachoeiras em BH \/ Minas Gerais","description":"N\u00e3o existe maior motiva\u00e7\u00e3o do que ver o relatos de supera\u00e7\u00e3o de nossos participantes. Confira abaixo alguns depoimentos que recebemos ao longo de nossos &#187; Ecoturismo, Trilhas , Cachoeiras em BH \/ Minas Gerais","robots":{"index":"index","follow":"follow","max-snippet":"max-snippet:-1","max-image-preview":"max-image-preview:large","max-video-preview":"max-video-preview:-1"},"canonical":"https:\/\/www.alcateiatrekking.com.br\/depoimentos-dos-participantes\/","og_locale":"pt_BR","og_type":"article","og_title":"Depoimentos dos Participantes &#187; Alcateia Trekking &#187; Ecoturismo, Trilhas , Cachoeiras em BH \/ Minas Gerais","og_description":"N\u00e3o existe maior motiva\u00e7\u00e3o do que ver o relatos de supera\u00e7\u00e3o de nossos participantes. Confira abaixo alguns depoimentos que recebemos ao longo de nossos &#187; Ecoturismo, Trilhas , Cachoeiras em BH \/ Minas Gerais","og_url":"https:\/\/www.alcateiatrekking.com.br\/depoimentos-dos-participantes\/","og_site_name":"Alcateia Trekking","article_modified_time":"2024-02-08T19:46:19+00:00","twitter_card":"summary_large_image","twitter_misc":{"Est. tempo de leitura":"1 minuto"},"schema":{"@context":"https:\/\/schema.org","@graph":[{"@type":"WebPage","@id":"https:\/\/www.alcateiatrekking.com.br\/depoimentos-dos-participantes\/","url":"https:\/\/www.alcateiatrekking.com.br\/depoimentos-dos-participantes\/","name":"Depoimentos dos Participantes &#187; Alcateia Trekking &#187; Ecoturismo, Trilhas , Cachoeiras em BH \/ Minas Gerais","isPartOf":{"@id":"https:\/\/www.alcateiatrekking.com.br\/#website"},"datePublished":"2024-01-19T03:52:17+00:00","dateModified":"2024-02-08T19:46:19+00:00","description":"N\u00e3o existe maior motiva\u00e7\u00e3o do que ver o relatos de supera\u00e7\u00e3o de nossos participantes. Confira abaixo alguns depoimentos que recebemos ao longo de nossos &#187; Ecoturismo, Trilhas , Cachoeiras em BH \/ Minas Gerais","breadcrumb":{"@id":"https:\/\/www.alcateiatrekking.com.br\/depoimentos-dos-participantes\/#breadcrumb"},"inLanguage":"pt-BR","potentialAction":[{"@type":"ReadAction","target":["https:\/\/www.alcateiatrekking.com.br\/depoimentos-dos-participantes\/"]}]},{"@type":"BreadcrumbList","@id":"https:\/\/www.alcateiatrekking.com.br\/depoimentos-dos-participantes\/#breadcrumb","itemListElement":[{"@type":"ListItem","position":1,"name":"In\u00edcio","item":"https:\/\/www.alcateiatrekking.com.br\/"},{"@type":"ListItem","position":2,"name":"Depoimentos dos Participantes"}]},{"@type":"WebSite","@id":"https:\/\/www.alcateiatrekking.com.br\/#website","url":"https:\/\/www.alcateiatrekking.com.br\/","name":"Alcateia Trekking","description":"Ecoturismo, Trilhas , Cachoeiras em BH \/ Minas Gerais","publisher":{"@id":"https:\/\/www.alcateiatrekking.com.br\/#organization"},"alternateName":"Alcateia Trekking \/ Belo Horizonte","potentialAction":[{"@type":"SearchAction","target":{"@type":"EntryPoint","urlTemplate":"https:\/\/www.alcateiatrekking.com.br\/?s={search_term_string}"},"query-input":{"@type":"PropertyValueSpecification","valueRequired":true,"valueName":"search_term_string"}}],"inLanguage":"pt-BR"},{"@type":"Organization","@id":"https:\/\/www.alcateiatrekking.com.br\/#organization","name":"Alcateia Trekking","url":"https:\/\/www.alcateiatrekking.com.br\/","logo":{"@type":"ImageObject","inLanguage":"pt-BR","@id":"https:\/\/www.alcateiatrekking.com.br\/#\/schema\/logo\/image\/","url":"https:\/\/www.alcateiatrekking.com.br\/wp-content\/uploads\/2023\/11\/logo-alcateia-trekking.svg","contentUrl":"https:\/\/www.alcateiatrekking.com.br\/wp-content\/uploads\/2023\/11\/logo-alcateia-trekking.svg","width":623,"height":504,"caption":"Alcateia Trekking"},"image":{"@id":"https:\/\/www.alcateiatrekking.com.br\/#\/schema\/logo\/image\/"},"sameAs":["https:\/\/www.instagram.com\/alcateia_trekking\/"]}]}},"_links":{"self":[{"href":"https:\/\/www.alcateiatrekking.com.br\/wp-projeto-api\/wp\/v2\/pages\/8952","targetHints":{"allow":["GET"]}}],"collection":[{"href":"https:\/\/www.alcateiatrekking.com.br\/wp-projeto-api\/wp\/v2\/pages"}],"about":[{"href":"https:\/\/www.alcateiatrekking.com.br\/wp-projeto-api\/wp\/v2\/types\/page"}],"author":[{"embeddable":true,"href":"https:\/\/www.alcateiatrekking.com.br\/wp-projeto-api\/wp\/v2\/users\/32"}],"replies":[{"embeddable":true,"href":"https:\/\/www.alcateiatrekking.com.br\/wp-projeto-api\/wp\/v2\/comments?post=8952"}],"version-history":[{"count":0,"href":"https:\/\/www.alcateiatrekking.com.br\/wp-projeto-api\/wp\/v2\/pages\/8952\/revisions"}],"wp:attachment":[{"href":"https:\/\/www.alcateiatrekking.com.br\/wp-projeto-api\/wp\/v2\/media?parent=8952"}],"curies":[{"name":"wp","href":"https:\/\/api.w.org\/{rel}","templated":true}]}}