{"id":8518,"date":"2024-01-13T20:58:38","date_gmt":"2024-01-13T23:58:38","guid":{"rendered":"https:\/\/alcateiatrekking.com.br\/?page_id=8518"},"modified":"2025-11-13T09:18:05","modified_gmt":"2025-11-13T12:18:05","slug":"sobre-nos","status":"publish","type":"page","link":"https:\/\/www.alcateiatrekking.com.br\/sobre-nos\/","title":{"rendered":"Sobre n\u00f3s"},"content":{"rendered":"\t\t<div data-elementor-type=\"wp-page\" data-elementor-id=\"8518\" class=\"elementor elementor-8518\" data-elementor-post-type=\"page\">\n\t\t\t\t<div class=\"elementor-element elementor-element-64d4408 e-flex e-con-boxed e-con e-parent\" data-id=\"64d4408\" data-element_type=\"container\" data-e-type=\"container\" data-settings=\"{&quot;background_background&quot;:&quot;classic&quot;}\">\r\n\t\t\t\t\t<div class=\"e-con-inner\">\r\n\t\t\t\t<div class=\"elementor-element elementor-element-8ba7600 elementor-icon-list--layout-inline elementor-list-item-link-full_width elementor-widget elementor-widget-icon-list\" data-id=\"8ba7600\" data-element_type=\"widget\" data-e-type=\"widget\" data-widget_type=\"icon-list.default\">\n\t\t\t\t<div class=\"elementor-widget-container\">\n\t\t\t\t\t\t\t<ul class=\"elementor-icon-list-items elementor-inline-items\">\n\t\t\t\t\t\t\t<li class=\"elementor-icon-list-item elementor-inline-item\">\n\t\t\t\t\t\t\t\t\t\t\t<span class=\"elementor-icon-list-icon\">\n\t\t\t\t\t\t\t<svg xmlns=\"http:\/\/www.w3.org\/2000\/svg\" viewBox=\"0 0 384 512\"><path d=\"M88 104C88 95.16 95.16 88 104 88H152C160.8 88 168 95.16 168 104V152C168 160.8 160.8 168 152 168H104C95.16 168 88 160.8 88 152V104zM280 88C288.8 88 296 95.16 296 104V152C296 160.8 288.8 168 280 168H232C223.2 168 216 160.8 216 152V104C216 95.16 223.2 88 232 88H280zM88 232C88 223.2 95.16 216 104 216H152C160.8 216 168 223.2 168 232V280C168 288.8 160.8 296 152 296H104C95.16 296 88 288.8 88 280V232zM280 216C288.8 216 296 223.2 296 232V280C296 288.8 288.8 296 280 296H232C223.2 296 216 288.8 216 280V232C216 223.2 223.2 216 232 216H280zM0 64C0 28.65 28.65 0 64 0H320C355.3 0 384 28.65 384 64V448C384 483.3 355.3 512 320 512H64C28.65 512 0 483.3 0 448V64zM48 64V448C48 456.8 55.16 464 64 464H144V400C144 373.5 165.5 352 192 352C218.5 352 240 373.5 240 400V464H320C328.8 464 336 456.8 336 448V64C336 55.16 328.8 48 320 48H64C55.16 48 48 55.16 48 64z\"><\/path><\/svg>\t\t\t\t\t\t<\/span>\n\t\t\t\t\t\t\t\t\t\t<span class=\"elementor-icon-list-text\">Sobre n\u00f3s<\/span>\n\t\t\t\t\t\t\t\t\t<\/li>\n\t\t\t\t\t\t<\/ul>\n\t\t\t\t\t\t<\/div>\n\t\t\t\t<\/div>\n\t\t\t\t<div class=\"elementor-element elementor-element-fc108c6 elementor-widget elementor-widget-heading\" data-id=\"fc108c6\" data-element_type=\"widget\" data-e-type=\"widget\" data-widget_type=\"heading.default\">\n\t\t\t\t<div class=\"elementor-widget-container\">\n\t\t\t\t\t<h1 class=\"elementor-heading-title elementor-size-default\">Somos a Alcateia Trekking \ud83d\udc3a<\/h1>\t\t\t\t<\/div>\n\t\t\t\t<\/div>\n\t\t\t\t\t<\/div>\n\t\t\t\t<\/div>\n\t\t<div class=\"elementor-element elementor-element-422773b6 e-flex e-con-boxed e-con e-parent\" data-id=\"422773b6\" data-element_type=\"container\" data-e-type=\"container\">\r\n\t\t\t\t\t<div class=\"e-con-inner\">\r\n\t\t\t\t<div class=\"elementor-element elementor-element-63539242 elementor-widget elementor-widget-text-editor\" data-id=\"63539242\" data-element_type=\"widget\" data-e-type=\"widget\" data-widget_type=\"text-editor.default\">\n\t\t\t\t<div class=\"elementor-widget-container\">\n\t\t\t\t\t\t\t\t\t<p><strong>Alcateia Trekking<\/strong> nasceu em 2021, fundada por duas mulheres: m\u00e3e e filha. Desde o in\u00edcio, nosso desejo era compartilhar nossas pr\u00f3prias experi\u00eancias ao ar livre com mais pessoas, permitindo que todos tivessem a oportunidade de se conectar com a natureza. Acreditamos firmemente que a natureza \u00e9 uma fonte inesgot\u00e1vel de inspira\u00e7\u00e3o, cura e desafio.<\/p>\n<p>O nome<strong> &#8220;Alcateia Trekking&#8221;<\/strong> reflete a ess\u00eancia do nosso grupo. Assim como os lobos na alcateia, ningu\u00e9m fica para tr\u00e1s em nossas jornadas. Valorizamos a solidariedade e a supera\u00e7\u00e3o de desafios juntos.<\/p>\n<p>Nossa miss\u00e3o \u00e9 oferecer experi\u00eancias \u00fanicas que permitem que as pessoas se desconectem do mundo cotidiano e se reconectem com a natureza. Acreditamos que todos devem ter a oportunidade de explorar trilhas, superar obst\u00e1culos e mover seus corpos. Em nosso grupo, voc\u00ea encontrar\u00e1 uma comunidade que o incentiva a se desafiar, a crescer e a abra\u00e7ar a aventura.<\/p>\n<p>Nosso compromisso \u00e9 fornecer experi\u00eancias seguras, aut\u00eanticas e inesquec\u00edveis. Seja voc\u00ea um novato em trilhas ou um aventureiro experiente, h\u00e1 um lugar para voc\u00ea na Alcateia Trekking.&nbsp;<\/p>\n<p><span style=\"text-align: var(--text-align);color: var(--porto-body-color);letter-spacing: var(--porto-body-ls,0)\">Junte-se a n\u00f3s em uma jornada de descoberta, supera\u00e7\u00e3o e conex\u00e3o com a natureza.<\/span><\/p>\t\t\t\t\t\t\t\t<\/div>\n\t\t\t\t<\/div>\n\t\t\t\t\t<\/div>\n\t\t\t\t<\/div>\n\t\t<div class=\"elementor-element elementor-element-f7f9cc7 e-flex e-con-boxed e-con e-child\" data-id=\"f7f9cc7\" data-element_type=\"container\" data-e-type=\"container\" data-settings=\"{&quot;background_background&quot;:&quot;classic&quot;}\">\r\n\t\t\t\t\t<div class=\"e-con-inner\">\r\n\t\t\t\t<div class=\"elementor-element elementor-element-e4181a3 elementor-widget__width-inherit elementor-widget elementor-widget-heading\" data-id=\"e4181a3\" data-element_type=\"widget\" data-e-type=\"widget\" data-widget_type=\"heading.default\">\n\t\t\t\t<div class=\"elementor-widget-container\">\n\t\t\t\t\t<h2 class=\"elementor-heading-title elementor-size-default\">\ud83e\udd7e Veja os Roteiros Dispon\u00edveis<\/h2>\t\t\t\t<\/div>\n\t\t\t\t<\/div>\n\t\t\t\t<div class=\"elementor-element elementor-element-f7f2db5 elementor-widget elementor-widget-shortcode\" data-id=\"f7f2db5\" data-element_type=\"widget\" data-e-type=\"widget\" data-widget_type=\"shortcode.default\">\n\t\t\t\t<div class=\"elementor-widget-container\">\n\t\t\t\t\t<ul class=\"products products-container grid has-ccols has-ccols-spacing ccols-xl-3 ccols-lg-3 ccols-md-3 ccols-sm-2 ccols-2 pwidth-lg-3 pwidth-md-3 pwidth-xs-2 pwidth-ls-1\"\r\n\t data-product_layout=\"product-outimage_aq_onimage\" role=\"none\">\r\n<\/ul>\r\n\t\t<div class=\"elementor-shortcode\"><div class=\"wrap-slider-products\"><div class=\"owl-custom-product-slider owl-carousel owl-theme product-slider-bate-volta custom-card-product\">\n    <div class=\"item-product item-id-9935\" >\n      <a class=\"wrap-content\" href=\"https:\/\/www.alcateiatrekking.com.br\/roteiro\/cachoeira-braunas\/\" title=\"Clique aqui e saiba mais sobre o roteiro Cachoeira Bra\u00fanas, PN Serra do Cip\u00f3 \ud83d\ude04\">\n        <div class=\"item item-thumb\">\n          <picture class=\"wrap-thumb\">\n            <source srcset=\"https:\/\/www.alcateiatrekking.com.br\/wp-content\/uploads\/2024\/04\/Braunas4.png\" media=\"(max-width: 400px)\">\n            <source srcset=\"https:\/\/www.alcateiatrekking.com.br\/wp-content\/uploads\/2024\/04\/Braunas4.png\" media=\"(max-width: 600px)\">\n            <img fetchpriority=\"high\" decoding=\"async\" src=\"https:\/\/www.alcateiatrekking.com.br\/wp-content\/uploads\/2024\/04\/Braunas4.png\" width=\"600\" height=\"450\" alt=\"\">\n          <\/picture>\n          <div class=\"wrap-meta\">\n            <div class=\"item-meta-info info-badges\">\n            <\/div>\n            <div class=\"item-meta-info info-detalhes\">\n                    <span class=\"item item-data\" title=\"S\u00e1bado\">\n                      <img decoding=\"async\" src=\"https:\/\/www.alcateiatrekking.com.br\/wp-content\/uploads\/2024\/03\/icone-roteiro-agenda.webp\" width=\"16\" height=\"16\" alt=\"\u00cdcone representando um calend\u00e1rio\">\n                      <span><b>Data: <\/b><span class=\"date-start\">25\/04<\/span><\/span>\n                    <\/span>\n                    <span class=\"item item-nivel\">\n                        <img decoding=\"async\" src=\"https:\/\/www.alcateiatrekking.com.br\/wp-content\/uploads\/2024\/03\/icone-roteiro-desafio.webp\" width=\"16\" height=\"16\" alt=\"\u00cdcone representando uma bandeira\">\n                      <span><b>Desafio: <\/b>22KM \/ N\u00edvel Dif\u00edcil<\/span>\n                    <\/span><\/div><\/div><\/div>\n\n        \n      <div class=\"item item-description\"><h2 class=\"subitem-name\">Cachoeira Bra\u00fanas, PN Serra do Cip\u00f3<\/h2><div class=\"review-widget\">\n\t\t\t\t\t\t<ryviu-widget-total collection=\"1\" product_id=\"9935\" handle=\"cachoeira-braunas\" reviews_data=\"\"><\/ryviu-widget-total>\n\t\t\t\t\t<\/div>\n        <span class=\"subitem price\"><span class=\"woocommerce-Price-amount amount\"><bdi><span class=\"woocommerce-Price-currencySymbol\">&#82;&#36;<\/span>&nbsp;195,00<\/bdi><\/span><\/span>\n      <\/div><\/a>\n    <hr class=\"item-divider\"\/>\n    <div class=\"wrap-actions\">\n        <a class=\"item-btn item-btn-read-more\" href=\"https:\/\/www.alcateiatrekking.com.br\/roteiro\/cachoeira-braunas\/\" title=\"Clique aqui e saiba mais sobre Cachoeira Bra\u00fanas, PN Serra do Cip\u00f3 \ud83d\ude04\">Saiba mais<\/a>\n    <\/div>\n  <\/div>\n  \n    <div class=\"item-product item-id-12772\" >\n      <a class=\"wrap-content\" href=\"https:\/\/www.alcateiatrekking.com.br\/roteiro\/cachoeira-3-barras-e-cachoeira-peixe-cru\/\" title=\"Clique aqui e saiba mais sobre o roteiro Cachoeira 3 Barras e Cachoeira Peixe Cru \ud83d\ude04\">\n        <div class=\"item item-thumb\">\n          <picture class=\"wrap-thumb\">\n            <source srcset=\"https:\/\/www.alcateiatrekking.com.br\/wp-content\/uploads\/2026\/03\/IMG_2220-1-scaled.webp\" media=\"(max-width: 400px)\">\n            <source srcset=\"https:\/\/www.alcateiatrekking.com.br\/wp-content\/uploads\/2026\/03\/IMG_2220-1-scaled.webp\" media=\"(max-width: 600px)\">\n            <img loading=\"lazy\" decoding=\"async\" src=\"https:\/\/www.alcateiatrekking.com.br\/wp-content\/uploads\/2026\/03\/IMG_2220-1-scaled.webp\" width=\"600\" height=\"450\" alt=\"\">\n          <\/picture>\n          <div class=\"wrap-meta\">\n            <div class=\"item-meta-info info-badges\">\n            <\/div>\n            <div class=\"item-meta-info info-detalhes\">\n                    <span class=\"item item-data\" title=\"Domingo \">\n                      <img decoding=\"async\" src=\"https:\/\/www.alcateiatrekking.com.br\/wp-content\/uploads\/2024\/03\/icone-roteiro-agenda.webp\" width=\"16\" height=\"16\" alt=\"\u00cdcone representando um calend\u00e1rio\">\n                      <span><b>Data: <\/b><span class=\"date-start\">03\/05<\/span><\/span>\n                    <\/span>\n                    <span class=\"item item-nivel\">\n                        <img decoding=\"async\" src=\"https:\/\/www.alcateiatrekking.com.br\/wp-content\/uploads\/2024\/03\/icone-roteiro-desafio.webp\" width=\"16\" height=\"16\" alt=\"\u00cdcone representando uma bandeira\">\n                      <span><b>Desafio: <\/b>3KM \/ N\u00edvel F\u00e1cil<\/span>\n                    <\/span><\/div><\/div><\/div>\n\n        \n      <div class=\"item item-description\"><h2 class=\"subitem-name\">Cachoeira 3 Barras e Cachoeira Peixe Cru<\/h2><div class=\"review-widget\">\n\t\t\t\t\t\t<ryviu-widget-total collection=\"1\" product_id=\"12772\" handle=\"cachoeira-3-barras-e-cachoeira-peixe-cru\" reviews_data=\"\"><\/ryviu-widget-total>\n\t\t\t\t\t<\/div>\n        <span class=\"subitem price\"><span class=\"woocommerce-Price-amount amount\"><bdi><span class=\"woocommerce-Price-currencySymbol\">&#82;&#36;<\/span>&nbsp;190,00<\/bdi><\/span><\/span>\n      <\/div><\/a>\n    <hr class=\"item-divider\"\/>\n    <div class=\"wrap-actions\">\n        <a class=\"item-btn item-btn-cart\" href=\"https:\/\/www.alcateiatrekking.com.br\/roteiro\/cachoeira-3-barras-e-cachoeira-peixe-cru\/\" title=\"Clique aqui e saiba mais sobre Cachoeira 3 Barras e Cachoeira Peixe Cru \ud83d\ude04\">Saiba mais<\/a>\n    <\/div>\n  <\/div>\n  \n    <div class=\"item-product item-id-9839\" >\n      <a class=\"wrap-content\" href=\"https:\/\/www.alcateiatrekking.com.br\/roteiro\/morro-do-pilar-andorinhoes-nana\/\" title=\"Clique aqui e saiba mais sobre o roteiro Morro do Pilar - Andorinh\u00f5es e Nan\u00e1 \ud83d\ude04\">\n        <div class=\"item item-thumb\">\n          <picture class=\"wrap-thumb\">\n            <source srcset=\"https:\/\/www.alcateiatrekking.com.br\/wp-content\/uploads\/2024\/03\/Morro-do-Pilar8.png\" media=\"(max-width: 400px)\">\n            <source srcset=\"https:\/\/www.alcateiatrekking.com.br\/wp-content\/uploads\/2024\/03\/Morro-do-Pilar8.png\" media=\"(max-width: 600px)\">\n            <img loading=\"lazy\" decoding=\"async\" src=\"https:\/\/www.alcateiatrekking.com.br\/wp-content\/uploads\/2024\/03\/Morro-do-Pilar8.png\" width=\"600\" height=\"450\" alt=\"\">\n          <\/picture>\n          <div class=\"wrap-meta\">\n            <div class=\"item-meta-info info-badges\">\n                  <span class=\"subitem-badge subitem-estoque-baixo\">\n                    <svg xmlns=\"http:\/\/www.w3.org\/2000\/svg\" width=\"21\" height=\"24\" viewBox=\"0 0 21 24\" fill=\"none\">\n                        <path d=\"M15.1641 2.40234C14.1937 3.30469 13.3125 4.25391 12.5344 5.20781C11.2547 3.45094 9.66563 1.66406 7.875 0C3.26953 4.27125 0 9.84375 0 13.2C0 19.1672 4.69687 24 10.5 24C16.3031 24 21 19.1672 21 13.2C21 10.7063 18.5625 5.55469 15.1641 2.40234ZM10.5 21.75C5.95312 21.75 2.25 17.9119 2.25 13.2C2.25 11.0728 4.32422 6.95625 7.87969 3.16406C8.92969 4.26 9.89062 5.4 10.7109 6.53437L12.428 8.89594L14.2739 6.63422C14.5493 6.30023 14.8308 5.97234 15.1177 5.64984C17.2922 8.34375 18.75 11.7375 18.75 13.2C18.75 17.9109 15.0469 21.75 10.5 21.75ZM14.6953 11.3953L12.2869 14.1375C12.2869 14.1375 8.51953 9.32812 8.23828 9C6.24375 11.3859 5.25 12.7781 5.25 14.3625C5.25 17.5453 7.65938 19.5 10.6172 19.5C11.8008 19.5 12.8967 19.1309 13.7873 18.51C15.803 17.0981 16.2773 14.3555 15.1584 12.2147C15.0188 11.9531 14.8641 11.6766 14.6953 11.3953Z\" fill=\"currentColor\"\/>\n                    <\/svg>\n                    <span>\u00daltimas Vagas<\/span>\n                  <\/span>\n            <\/div>\n            <div class=\"item-meta-info info-detalhes\">\n                    <span class=\"item item-data\" title=\"S\u00e1bado\">\n                      <img decoding=\"async\" src=\"https:\/\/www.alcateiatrekking.com.br\/wp-content\/uploads\/2024\/03\/icone-roteiro-agenda.webp\" width=\"16\" height=\"16\" alt=\"\u00cdcone representando um calend\u00e1rio\">\n                      <span><b>Data: <\/b><span class=\"date-start\">09\/05<\/span><\/span>\n                    <\/span>\n                    <span class=\"item item-nivel\">\n                        <img decoding=\"async\" src=\"https:\/\/www.alcateiatrekking.com.br\/wp-content\/uploads\/2024\/03\/icone-roteiro-desafio.webp\" width=\"16\" height=\"16\" alt=\"\u00cdcone representando uma bandeira\">\n                      <span><b>Desafio: <\/b>12KM \/ N\u00edvel Moderado \/ Dif\u00edcil<\/span>\n                    <\/span><\/div><\/div><\/div>\n\n        \n      <div class=\"item item-description\"><h2 class=\"subitem-name\">Morro do Pilar - Andorinh\u00f5es e Nan\u00e1<\/h2><div class=\"review-widget\">\n\t\t\t\t\t\t<ryviu-widget-total collection=\"1\" product_id=\"9839\" handle=\"morro-do-pilar-andorinhoes-nana\" reviews_data=\"\"><\/ryviu-widget-total>\n\t\t\t\t\t<\/div>\n        <span class=\"subitem price\"><span class=\"woocommerce-Price-amount amount\"><bdi><span class=\"woocommerce-Price-currencySymbol\">&#82;&#36;<\/span>&nbsp;215,00<\/bdi><\/span><\/span>\n      <\/div><\/a>\n    <hr class=\"item-divider\"\/>\n    <div class=\"wrap-actions\">\n        <a class=\"item-btn item-btn-cart\" href=\"https:\/\/www.alcateiatrekking.com.br\/roteiro\/morro-do-pilar-andorinhoes-nana\/\" title=\"Clique aqui e saiba mais sobre Morro do Pilar - Andorinh\u00f5es e Nan\u00e1 \ud83d\ude04\">Saiba mais<\/a>\n    <\/div>\n  <\/div>\n  \n    <div class=\"item-product item-id-13094\" >\n      <a class=\"wrap-content\" href=\"https:\/\/www.alcateiatrekking.com.br\/roteiro\/festa-do-vinho-catas-altas\/\" title=\"Clique aqui e saiba mais sobre o roteiro Festa do Vinho, Catas Altas \ud83d\ude04\">\n        <div class=\"item item-thumb\">\n          <picture class=\"wrap-thumb\">\n            <source srcset=\"https:\/\/www.alcateiatrekking.com.br\/wp-content\/uploads\/2025\/05\/Imagem-blog_2623f262-58ee-487d-8c6e-d938e668ff21_600x600-1.webp\" media=\"(max-width: 400px)\">\n            <source srcset=\"https:\/\/www.alcateiatrekking.com.br\/wp-content\/uploads\/2025\/05\/Imagem-blog_2623f262-58ee-487d-8c6e-d938e668ff21_600x600-1.webp\" media=\"(max-width: 600px)\">\n            <img loading=\"lazy\" decoding=\"async\" src=\"https:\/\/www.alcateiatrekking.com.br\/wp-content\/uploads\/2025\/05\/Imagem-blog_2623f262-58ee-487d-8c6e-d938e668ff21_600x600-1.webp\" width=\"600\" height=\"450\" alt=\"\">\n          <\/picture>\n          <div class=\"wrap-meta\">\n            <div class=\"item-meta-info info-badges\">\n            <\/div>\n            <div class=\"item-meta-info info-detalhes\">\n                    <span class=\"item item-data\" title=\"S\u00e1bado\">\n                      <img decoding=\"async\" src=\"https:\/\/www.alcateiatrekking.com.br\/wp-content\/uploads\/2024\/03\/icone-roteiro-agenda.webp\" width=\"16\" height=\"16\" alt=\"\u00cdcone representando um calend\u00e1rio\">\n                      <span><b>Data: <\/b><span class=\"date-start\">16\/05<\/span><\/span>\n                    <\/span><\/div><\/div><\/div>\n\n        \n      <div class=\"item item-description\"><h2 class=\"subitem-name\">Festa do Vinho, Catas Altas<\/h2><div class=\"review-widget\">\n\t\t\t\t\t\t<ryviu-widget-total collection=\"1\" product_id=\"13094\" handle=\"festa-do-vinho-catas-altas\" reviews_data=\"\"><\/ryviu-widget-total>\n\t\t\t\t\t<\/div>\n        <span class=\"subitem price\"><span class=\"woocommerce-Price-amount amount\"><bdi><span class=\"woocommerce-Price-currencySymbol\">&#82;&#36;<\/span>&nbsp;190,00<\/bdi><\/span><\/span>\n      <\/div><\/a>\n    <hr class=\"item-divider\"\/>\n    <div class=\"wrap-actions\">\n        <a class=\"item-btn item-btn-cart\" href=\"https:\/\/www.alcateiatrekking.com.br\/roteiro\/festa-do-vinho-catas-altas\/\" title=\"Clique aqui e saiba mais sobre Festa do Vinho, Catas Altas \ud83d\ude04\">Saiba mais<\/a>\n    <\/div>\n  <\/div>\n  <\/div><\/div><\/div>\n\t\t\t\t\t\t<\/div>\n\t\t\t\t<\/div>\n\t\t\t\t\t<\/div>\n\t\t\t\t<\/div>\n\t\t<div class=\"elementor-element elementor-element-aa41058 e-flex e-con-boxed e-con e-parent\" data-id=\"aa41058\" data-element_type=\"container\" data-e-type=\"container\">\r\n\t\t\t\t\t<div class=\"e-con-inner\">\r\n\t\t\t\t<div class=\"elementor-element elementor-element-1d946ad elementor-widget elementor-widget-image\" data-id=\"1d946ad\" data-element_type=\"widget\" data-e-type=\"widget\" data-widget_type=\"image.default\">\n\t\t\t\t<div class=\"elementor-widget-container\">\n\t\t\t\t\t\t\t\t\t\t\t\t\t\t\t<img decoding=\"async\" src=\"https:\/\/www.alcateiatrekking.com.br\/wp-content\/uploads\/elementor\/thumbs\/IMG_6613-scaled-rdvtebu877gram4igwzeoz7gyu8kn76wdy3doj5xfs.jpeg\" title=\"IMG_6613\" alt=\"IMG_6613\" loading=\"lazy\" \/>\t\t\t\t\t\t\t\t\t\t\t\t\t\t\t<\/div>\n\t\t\t\t<\/div>\n\t\t\t\t\t<\/div>\n\t\t\t\t<\/div>\n\t\t\t\t<\/div>\n\t\t","protected":false},"excerpt":{"rendered":"<p>Sobre n\u00f3s Somos a Alcateia Trekking \ud83d\udc3a Alcateia Trekking nasceu em 2021, fundada por duas mulheres: m\u00e3e e filha. Desde o in\u00edcio, nosso desejo era compartilhar nossas pr\u00f3prias experi\u00eancias ao ar livre com mais pessoas, permitindo que todos tivessem a oportunidade de se conectar com a natureza. Acreditamos firmemente que a natureza \u00e9 uma fonte [&hellip;]<\/p>\n","protected":false},"author":32,"featured_media":9394,"parent":0,"menu_order":3,"comment_status":"closed","ping_status":"closed","template":"elementor_theme","meta":{"_acf_changed":false,"inline_featured_image":false,"_exactmetrics_skip_tracking":false,"_exactmetrics_sitenote_active":false,"_exactmetrics_sitenote_note":"","_exactmetrics_sitenote_category":0,"footnotes":""},"class_list":["post-8518","page","type-page","status-publish","has-post-thumbnail","hentry"],"acf":[],"yoast_head":"<!-- This site is optimized with the Yoast SEO plugin v27.4 - https:\/\/yoast.com\/product\/yoast-seo-wordpress\/ -->\n<title>Sobre n\u00f3s &#187; Alcateia Trekking &#187; Ecoturismo, Trilhas , Cachoeiras em BH \/ Minas Gerais<\/title>\n<meta name=\"description\" content=\"Sobre n\u00f3s Somos a Alcateia Trekking \ud83d\udc3a Alcateia Trekking nasceu em 2021, fundada por duas mulheres: m\u00e3e e filha. Desde o in\u00edcio, nosso desejo era &#187; Ecoturismo, Trilhas , Cachoeiras em BH \/ Minas Gerais\" \/>\n<meta name=\"robots\" content=\"index, follow, max-snippet:-1, max-image-preview:large, max-video-preview:-1\" \/>\n<link rel=\"canonical\" href=\"https:\/\/www.alcateiatrekking.com.br\/sobre-nos\/\" \/>\n<meta property=\"og:locale\" content=\"pt_BR\" \/>\n<meta property=\"og:type\" content=\"article\" \/>\n<meta property=\"og:title\" content=\"Sobre n\u00f3s &#187; Alcateia Trekking &#187; Ecoturismo, Trilhas , Cachoeiras em BH \/ Minas Gerais\" \/>\n<meta property=\"og:description\" content=\"Sobre n\u00f3s Somos a Alcateia Trekking \ud83d\udc3a Alcateia Trekking nasceu em 2021, fundada por duas mulheres: m\u00e3e e filha. Desde o in\u00edcio, nosso desejo era &#187; Ecoturismo, Trilhas , Cachoeiras em BH \/ Minas Gerais\" \/>\n<meta property=\"og:url\" content=\"https:\/\/www.alcateiatrekking.com.br\/sobre-nos\/\" \/>\n<meta property=\"og:site_name\" content=\"Alcateia Trekking\" \/>\n<meta property=\"article:modified_time\" content=\"2025-11-13T12:18:05+00:00\" \/>\n<meta property=\"og:image\" content=\"https:\/\/www.alcateiatrekking.com.br\/wp-content\/uploads\/2024\/02\/Aniversario-Alcateia-Trekking-600x600.webp\" \/>\n\t<meta property=\"og:image:width\" content=\"1080\" \/>\n\t<meta property=\"og:image:height\" content=\"1080\" \/>\n\t<meta property=\"og:image:type\" content=\"image\/webp\" \/>\n<meta name=\"twitter:card\" content=\"summary_large_image\" \/>\n<meta name=\"twitter:label1\" content=\"Est. tempo de leitura\" \/>\n\t<meta name=\"twitter:data1\" content=\"2 minutos\" \/>\n<script type=\"application\/ld+json\" class=\"yoast-schema-graph\">{\"@context\":\"https:\\\/\\\/schema.org\",\"@graph\":[{\"@type\":\"WebPage\",\"@id\":\"https:\\\/\\\/www.alcateiatrekking.com.br\\\/sobre-nos\\\/\",\"url\":\"https:\\\/\\\/www.alcateiatrekking.com.br\\\/sobre-nos\\\/\",\"name\":\"Sobre n\u00f3s &#187; Alcateia Trekking &#187; Ecoturismo, Trilhas , Cachoeiras em BH \\\/ Minas Gerais\",\"isPartOf\":{\"@id\":\"https:\\\/\\\/www.alcateiatrekking.com.br\\\/#website\"},\"primaryImageOfPage\":{\"@id\":\"https:\\\/\\\/www.alcateiatrekking.com.br\\\/sobre-nos\\\/#primaryimage\"},\"image\":{\"@id\":\"https:\\\/\\\/www.alcateiatrekking.com.br\\\/sobre-nos\\\/#primaryimage\"},\"thumbnailUrl\":\"https:\\\/\\\/www.alcateiatrekking.com.br\\\/wp-content\\\/uploads\\\/2024\\\/02\\\/Aniversario-Alcateia-Trekking-600x600.webp\",\"datePublished\":\"2024-01-13T23:58:38+00:00\",\"dateModified\":\"2025-11-13T12:18:05+00:00\",\"description\":\"Sobre n\u00f3s Somos a Alcateia Trekking \ud83d\udc3a Alcateia Trekking nasceu em 2021, fundada por duas mulheres: m\u00e3e e filha. Desde o in\u00edcio, nosso desejo era &#187; Ecoturismo, Trilhas , Cachoeiras em BH \\\/ Minas Gerais\",\"breadcrumb\":{\"@id\":\"https:\\\/\\\/www.alcateiatrekking.com.br\\\/sobre-nos\\\/#breadcrumb\"},\"inLanguage\":\"pt-BR\",\"potentialAction\":[{\"@type\":\"ReadAction\",\"target\":[\"https:\\\/\\\/www.alcateiatrekking.com.br\\\/sobre-nos\\\/\"]}]},{\"@type\":\"ImageObject\",\"inLanguage\":\"pt-BR\",\"@id\":\"https:\\\/\\\/www.alcateiatrekking.com.br\\\/sobre-nos\\\/#primaryimage\",\"url\":\"https:\\\/\\\/www.alcateiatrekking.com.br\\\/wp-content\\\/uploads\\\/2024\\\/02\\\/Aniversario-Alcateia-Trekking-600x600.webp\",\"contentUrl\":\"https:\\\/\\\/www.alcateiatrekking.com.br\\\/wp-content\\\/uploads\\\/2024\\\/02\\\/Aniversario-Alcateia-Trekking-600x600.webp\",\"width\":1080,\"height\":1080},{\"@type\":\"BreadcrumbList\",\"@id\":\"https:\\\/\\\/www.alcateiatrekking.com.br\\\/sobre-nos\\\/#breadcrumb\",\"itemListElement\":[{\"@type\":\"ListItem\",\"position\":1,\"name\":\"In\u00edcio\",\"item\":\"https:\\\/\\\/www.alcateiatrekking.com.br\\\/\"},{\"@type\":\"ListItem\",\"position\":2,\"name\":\"Sobre n\u00f3s\"}]},{\"@type\":\"WebSite\",\"@id\":\"https:\\\/\\\/www.alcateiatrekking.com.br\\\/#website\",\"url\":\"https:\\\/\\\/www.alcateiatrekking.com.br\\\/\",\"name\":\"Alcateia Trekking\",\"description\":\"Ecoturismo, Trilhas , Cachoeiras em BH \\\/ Minas Gerais\",\"publisher\":{\"@id\":\"https:\\\/\\\/www.alcateiatrekking.com.br\\\/#organization\"},\"alternateName\":\"Alcateia Trekking \\\/ Belo Horizonte\",\"potentialAction\":[{\"@type\":\"SearchAction\",\"target\":{\"@type\":\"EntryPoint\",\"urlTemplate\":\"https:\\\/\\\/www.alcateiatrekking.com.br\\\/?s={search_term_string}\"},\"query-input\":{\"@type\":\"PropertyValueSpecification\",\"valueRequired\":true,\"valueName\":\"search_term_string\"}}],\"inLanguage\":\"pt-BR\"},{\"@type\":\"Organization\",\"@id\":\"https:\\\/\\\/www.alcateiatrekking.com.br\\\/#organization\",\"name\":\"Alcateia Trekking\",\"url\":\"https:\\\/\\\/www.alcateiatrekking.com.br\\\/\",\"logo\":{\"@type\":\"ImageObject\",\"inLanguage\":\"pt-BR\",\"@id\":\"https:\\\/\\\/www.alcateiatrekking.com.br\\\/#\\\/schema\\\/logo\\\/image\\\/\",\"url\":\"https:\\\/\\\/www.alcateiatrekking.com.br\\\/wp-content\\\/uploads\\\/2023\\\/11\\\/logo-alcateia-trekking.svg\",\"contentUrl\":\"https:\\\/\\\/www.alcateiatrekking.com.br\\\/wp-content\\\/uploads\\\/2023\\\/11\\\/logo-alcateia-trekking.svg\",\"width\":623,\"height\":504,\"caption\":\"Alcateia Trekking\"},\"image\":{\"@id\":\"https:\\\/\\\/www.alcateiatrekking.com.br\\\/#\\\/schema\\\/logo\\\/image\\\/\"},\"sameAs\":[\"https:\\\/\\\/www.instagram.com\\\/alcateia_trekking\\\/\"]}]}<\/script>\n<!-- \/ Yoast SEO plugin. -->","yoast_head_json":{"title":"Sobre n\u00f3s &#187; Alcateia Trekking &#187; Ecoturismo, Trilhas , Cachoeiras em BH \/ Minas Gerais","description":"Sobre n\u00f3s Somos a Alcateia Trekking \ud83d\udc3a Alcateia Trekking nasceu em 2021, fundada por duas mulheres: m\u00e3e e filha. Desde o in\u00edcio, nosso desejo era &#187; Ecoturismo, Trilhas , Cachoeiras em BH \/ Minas Gerais","robots":{"index":"index","follow":"follow","max-snippet":"max-snippet:-1","max-image-preview":"max-image-preview:large","max-video-preview":"max-video-preview:-1"},"canonical":"https:\/\/www.alcateiatrekking.com.br\/sobre-nos\/","og_locale":"pt_BR","og_type":"article","og_title":"Sobre n\u00f3s &#187; Alcateia Trekking &#187; Ecoturismo, Trilhas , Cachoeiras em BH \/ Minas Gerais","og_description":"Sobre n\u00f3s Somos a Alcateia Trekking \ud83d\udc3a Alcateia Trekking nasceu em 2021, fundada por duas mulheres: m\u00e3e e filha. Desde o in\u00edcio, nosso desejo era &#187; Ecoturismo, Trilhas , Cachoeiras em BH \/ Minas Gerais","og_url":"https:\/\/www.alcateiatrekking.com.br\/sobre-nos\/","og_site_name":"Alcateia Trekking","article_modified_time":"2025-11-13T12:18:05+00:00","og_image":[{"width":1080,"height":1080,"url":"https:\/\/www.alcateiatrekking.com.br\/wp-content\/uploads\/2024\/02\/Aniversario-Alcateia-Trekking-600x600.webp","type":"image\/webp"}],"twitter_card":"summary_large_image","twitter_misc":{"Est. tempo de leitura":"2 minutos"},"schema":{"@context":"https:\/\/schema.org","@graph":[{"@type":"WebPage","@id":"https:\/\/www.alcateiatrekking.com.br\/sobre-nos\/","url":"https:\/\/www.alcateiatrekking.com.br\/sobre-nos\/","name":"Sobre n\u00f3s &#187; Alcateia Trekking &#187; Ecoturismo, Trilhas , Cachoeiras em BH \/ Minas Gerais","isPartOf":{"@id":"https:\/\/www.alcateiatrekking.com.br\/#website"},"primaryImageOfPage":{"@id":"https:\/\/www.alcateiatrekking.com.br\/sobre-nos\/#primaryimage"},"image":{"@id":"https:\/\/www.alcateiatrekking.com.br\/sobre-nos\/#primaryimage"},"thumbnailUrl":"https:\/\/www.alcateiatrekking.com.br\/wp-content\/uploads\/2024\/02\/Aniversario-Alcateia-Trekking-600x600.webp","datePublished":"2024-01-13T23:58:38+00:00","dateModified":"2025-11-13T12:18:05+00:00","description":"Sobre n\u00f3s Somos a Alcateia Trekking \ud83d\udc3a Alcateia Trekking nasceu em 2021, fundada por duas mulheres: m\u00e3e e filha. Desde o in\u00edcio, nosso desejo era &#187; Ecoturismo, Trilhas , Cachoeiras em BH \/ Minas Gerais","breadcrumb":{"@id":"https:\/\/www.alcateiatrekking.com.br\/sobre-nos\/#breadcrumb"},"inLanguage":"pt-BR","potentialAction":[{"@type":"ReadAction","target":["https:\/\/www.alcateiatrekking.com.br\/sobre-nos\/"]}]},{"@type":"ImageObject","inLanguage":"pt-BR","@id":"https:\/\/www.alcateiatrekking.com.br\/sobre-nos\/#primaryimage","url":"https:\/\/www.alcateiatrekking.com.br\/wp-content\/uploads\/2024\/02\/Aniversario-Alcateia-Trekking-600x600.webp","contentUrl":"https:\/\/www.alcateiatrekking.com.br\/wp-content\/uploads\/2024\/02\/Aniversario-Alcateia-Trekking-600x600.webp","width":1080,"height":1080},{"@type":"BreadcrumbList","@id":"https:\/\/www.alcateiatrekking.com.br\/sobre-nos\/#breadcrumb","itemListElement":[{"@type":"ListItem","position":1,"name":"In\u00edcio","item":"https:\/\/www.alcateiatrekking.com.br\/"},{"@type":"ListItem","position":2,"name":"Sobre n\u00f3s"}]},{"@type":"WebSite","@id":"https:\/\/www.alcateiatrekking.com.br\/#website","url":"https:\/\/www.alcateiatrekking.com.br\/","name":"Alcateia Trekking","description":"Ecoturismo, Trilhas , Cachoeiras em BH \/ Minas Gerais","publisher":{"@id":"https:\/\/www.alcateiatrekking.com.br\/#organization"},"alternateName":"Alcateia Trekking \/ Belo Horizonte","potentialAction":[{"@type":"SearchAction","target":{"@type":"EntryPoint","urlTemplate":"https:\/\/www.alcateiatrekking.com.br\/?s={search_term_string}"},"query-input":{"@type":"PropertyValueSpecification","valueRequired":true,"valueName":"search_term_string"}}],"inLanguage":"pt-BR"},{"@type":"Organization","@id":"https:\/\/www.alcateiatrekking.com.br\/#organization","name":"Alcateia Trekking","url":"https:\/\/www.alcateiatrekking.com.br\/","logo":{"@type":"ImageObject","inLanguage":"pt-BR","@id":"https:\/\/www.alcateiatrekking.com.br\/#\/schema\/logo\/image\/","url":"https:\/\/www.alcateiatrekking.com.br\/wp-content\/uploads\/2023\/11\/logo-alcateia-trekking.svg","contentUrl":"https:\/\/www.alcateiatrekking.com.br\/wp-content\/uploads\/2023\/11\/logo-alcateia-trekking.svg","width":623,"height":504,"caption":"Alcateia Trekking"},"image":{"@id":"https:\/\/www.alcateiatrekking.com.br\/#\/schema\/logo\/image\/"},"sameAs":["https:\/\/www.instagram.com\/alcateia_trekking\/"]}]}},"_links":{"self":[{"href":"https:\/\/www.alcateiatrekking.com.br\/wp-projeto-api\/wp\/v2\/pages\/8518","targetHints":{"allow":["GET"]}}],"collection":[{"href":"https:\/\/www.alcateiatrekking.com.br\/wp-projeto-api\/wp\/v2\/pages"}],"about":[{"href":"https:\/\/www.alcateiatrekking.com.br\/wp-projeto-api\/wp\/v2\/types\/page"}],"author":[{"embeddable":true,"href":"https:\/\/www.alcateiatrekking.com.br\/wp-projeto-api\/wp\/v2\/users\/32"}],"replies":[{"embeddable":true,"href":"https:\/\/www.alcateiatrekking.com.br\/wp-projeto-api\/wp\/v2\/comments?post=8518"}],"version-history":[{"count":7,"href":"https:\/\/www.alcateiatrekking.com.br\/wp-projeto-api\/wp\/v2\/pages\/8518\/revisions"}],"predecessor-version":[{"id":12110,"href":"https:\/\/www.alcateiatrekking.com.br\/wp-projeto-api\/wp\/v2\/pages\/8518\/revisions\/12110"}],"wp:featuredmedia":[{"embeddable":true,"href":"https:\/\/www.alcateiatrekking.com.br\/wp-projeto-api\/wp\/v2\/media\/9394"}],"wp:attachment":[{"href":"https:\/\/www.alcateiatrekking.com.br\/wp-projeto-api\/wp\/v2\/media?parent=8518"}],"curies":[{"name":"wp","href":"https:\/\/api.w.org\/{rel}","templated":true}]}}