{"id":11,"date":"2020-04-18T03:40:43","date_gmt":"2020-04-18T03:40:43","guid":{"rendered":"http:\/\/sw-themes.com\/porto_dummy\/?page_id=11"},"modified":"2025-01-11T09:06:04","modified_gmt":"2025-01-11T12:06:04","slug":"blog","status":"publish","type":"page","link":"https:\/\/www.alcateiatrekking.com.br\/blog\/","title":{"rendered":"Blog"},"content":{"rendered":"<ul>\n<li>\n<\/li>\n<\/ul>\n<article>\n\t\t<a href=\"https:\/\/www.alcateiatrekking.com.br\/dicas\/3-dicas-especiais-que-voce-precisa-saber-na-sua-1o-trilha\/\">   <img fetchpriority=\"high\" decoding=\"async\" width=\"450\" height=\"231\" src=\"https:\/\/www.alcateiatrekking.com.br\/wp-content\/uploads\/2023\/12\/dica_primeira_trilha-450x231.webp\" alt=\"\" \/><br \/>\n\t\t\t  <\/a><br \/>\n\t\t05dez5 de dezembro de 2023\t<\/p>\n<h4><a href=\"https:\/\/www.alcateiatrekking.com.br\/dicas\/3-dicas-especiais-que-voce-precisa-saber-na-sua-1o-trilha\/\"><br \/>\n\t\t3 dicas especiais que voc\u00ea precisa saber na sua 1\u00ba Trilha\t<\/a><\/h4>\n<p>\nDescubra o Mundo das Trilhas! ?\u200d\u2642\ufe0f? Supere Seus Medos e explore a natureza! ?<br \/>\nSe voc\u00ea est\u00e1 em d\u00favida sobre come\u00e7ar&#8230;  <a href=\"https:\/\/www.alcateiatrekking.com.br\/dicas\/3-dicas-especiais-que-voce-precisa-saber-na-sua-1o-trilha\/\">saiba mais <\/a><\/p>\n<\/article>\n<article>\n\t\t<a href=\"https:\/\/www.alcateiatrekking.com.br\/dicas\/dicas-de-vestuario-para-trilhas\/\">   <img decoding=\"async\" width=\"450\" height=\"231\" src=\"https:\/\/www.alcateiatrekking.com.br\/wp-content\/uploads\/2023\/12\/dicas-de-vestuario-450x231.webp\" alt=\"Teste de Texto alternativo\" \/><br \/>\n\t\t\t  <\/a><br \/>\n\t\t05dez5 de dezembro de 2023\t<\/p>\n<h4><a href=\"https:\/\/www.alcateiatrekking.com.br\/dicas\/dicas-de-vestuario-para-trilhas\/\"><br \/>\n\t\tDicas de Vestu\u00e1rio para trilhas\t<\/a><\/h4>\n<p>\nO \u00f3bvio precisa ser dito. ??\u200d??<br \/>\nDiariamente, recebemos mensagens de pessoas que desejam iniciar no mundo das trilhas, mas n\u00e3o sabem&#8230;  <a href=\"https:\/\/www.alcateiatrekking.com.br\/dicas\/dicas-de-vestuario-para-trilhas\/\">saiba mais <\/a><\/p>\n<\/article>\n<article>\n\t\t<a href=\"https:\/\/www.alcateiatrekking.com.br\/dicas\/o-que-levar-na-minha-mochila-para-uma-trilha-bate-volta\/\">   <img decoding=\"async\" width=\"450\" height=\"231\" src=\"https:\/\/www.alcateiatrekking.com.br\/wp-content\/uploads\/2023\/12\/dica-o-que-levar-na-mochila-para-trilha-bate-volta-450x231.webp\" alt=\"\" \/><br \/>\n\t\t\t  <\/a><br \/>\n\t\t05dez5 de dezembro de 2023\t<\/p>\n<h4><a href=\"https:\/\/www.alcateiatrekking.com.br\/dicas\/o-que-levar-na-minha-mochila-para-uma-trilha-bate-volta\/\"><br \/>\n\t\tO que levar na minha mochila para uma trilha bate-volta ?\t<\/a><\/h4>\n<p>\n?Levar alimentos adequados para a trilha \u00e9 importante para garantir que voc\u00ea tenha energia suficiente para se manter durante toda&#8230;  <a href=\"https:\/\/www.alcateiatrekking.com.br\/dicas\/o-que-levar-na-minha-mochila-para-uma-trilha-bate-volta\/\">saiba mais <\/a><\/p>\n<\/article>\n","protected":false},"excerpt":{"rendered":"<p>05dez5 de dezembro de 2023 3 dicas especiais que voc\u00ea precisa saber na sua 1\u00ba Trilha Descubra o Mundo das Trilhas! ?\u200d\u2642\ufe0f? Supere Seus Medos e explore a natureza! ? Se voc\u00ea est\u00e1 em d\u00favida sobre come\u00e7ar&#8230; saiba mais 05dez5 de dezembro de 2023 Dicas de Vestu\u00e1rio para trilhas O \u00f3bvio precisa ser dito. ??\u200d?? [&hellip;]<\/p>\n","protected":false},"author":32,"featured_media":0,"parent":0,"menu_order":4,"comment_status":"closed","ping_status":"closed","template":"","meta":{"_acf_changed":false,"inline_featured_image":false,"_exactmetrics_skip_tracking":false,"_exactmetrics_sitenote_active":false,"_exactmetrics_sitenote_note":"","_exactmetrics_sitenote_category":0,"footnotes":""},"class_list":["post-11","page","type-page","status-publish","hentry"],"acf":[],"yoast_head":"<!-- This site is optimized with the Yoast SEO plugin v27.4 - https:\/\/yoast.com\/product\/yoast-seo-wordpress\/ -->\n<title>Blog &#187; Alcateia Trekking &#187; Ecoturismo, Trilhas , Cachoeiras em BH \/ Minas Gerais<\/title>\n<meta name=\"description\" content=\"05dez5 de dezembro de 2023 3 dicas especiais que voc\u00ea precisa saber na sua 1\u00ba Trilha Descubra o Mundo das Trilhas! ?\u200d\u2642\ufe0f? Supere Seus Medos e explore a &#187; Ecoturismo, Trilhas , Cachoeiras em BH \/ Minas Gerais\" \/>\n<meta name=\"robots\" content=\"index, follow, max-snippet:-1, max-image-preview:large, max-video-preview:-1\" \/>\n<link rel=\"canonical\" href=\"https:\/\/www.alcateiatrekking.com.br\/blog\/\" \/>\n<meta property=\"og:locale\" content=\"pt_BR\" \/>\n<meta property=\"og:type\" content=\"article\" \/>\n<meta property=\"og:title\" content=\"Blog &#187; Alcateia Trekking &#187; Ecoturismo, Trilhas , Cachoeiras em BH \/ Minas Gerais\" \/>\n<meta property=\"og:description\" content=\"05dez5 de dezembro de 2023 3 dicas especiais que voc\u00ea precisa saber na sua 1\u00ba Trilha Descubra o Mundo das Trilhas! ?\u200d\u2642\ufe0f? Supere Seus Medos e explore a &#187; Ecoturismo, Trilhas , Cachoeiras em BH \/ Minas Gerais\" \/>\n<meta property=\"og:url\" content=\"https:\/\/www.alcateiatrekking.com.br\/blog\/\" \/>\n<meta property=\"og:site_name\" content=\"Alcateia Trekking\" \/>\n<meta property=\"article:modified_time\" content=\"2025-01-11T12:06:04+00:00\" \/>\n<meta property=\"og:image\" content=\"https:\/\/www.alcateiatrekking.com.br\/wp-content\/uploads\/2023\/12\/dica_primeira_trilha-450x231.webp\" \/>\n<meta name=\"twitter:card\" content=\"summary_large_image\" \/>\n<meta name=\"twitter:label1\" content=\"Est. tempo de leitura\" \/>\n\t<meta name=\"twitter:data1\" content=\"2 minutos\" \/>\n<script type=\"application\/ld+json\" class=\"yoast-schema-graph\">{\"@context\":\"https:\\\/\\\/schema.org\",\"@graph\":[{\"@type\":\"WebPage\",\"@id\":\"https:\\\/\\\/www.alcateiatrekking.com.br\\\/blog\\\/\",\"url\":\"https:\\\/\\\/www.alcateiatrekking.com.br\\\/blog\\\/\",\"name\":\"Blog &#187; Alcateia Trekking &#187; Ecoturismo, Trilhas , Cachoeiras em BH \\\/ Minas Gerais\",\"isPartOf\":{\"@id\":\"https:\\\/\\\/www.alcateiatrekking.com.br\\\/#website\"},\"primaryImageOfPage\":{\"@id\":\"https:\\\/\\\/www.alcateiatrekking.com.br\\\/blog\\\/#primaryimage\"},\"image\":{\"@id\":\"https:\\\/\\\/www.alcateiatrekking.com.br\\\/blog\\\/#primaryimage\"},\"thumbnailUrl\":\"https:\\\/\\\/www.alcateiatrekking.com.br\\\/wp-content\\\/uploads\\\/2023\\\/12\\\/dica_primeira_trilha-450x231.webp\",\"datePublished\":\"2020-04-18T03:40:43+00:00\",\"dateModified\":\"2025-01-11T12:06:04+00:00\",\"description\":\"05dez5 de dezembro de 2023 3 dicas especiais que voc\u00ea precisa saber na sua 1\u00ba Trilha Descubra o Mundo das Trilhas! ?\u200d\u2642\ufe0f? Supere Seus Medos e explore a &#187; Ecoturismo, Trilhas , Cachoeiras em BH \\\/ Minas Gerais\",\"breadcrumb\":{\"@id\":\"https:\\\/\\\/www.alcateiatrekking.com.br\\\/blog\\\/#breadcrumb\"},\"inLanguage\":\"pt-BR\",\"potentialAction\":[{\"@type\":\"ReadAction\",\"target\":[\"https:\\\/\\\/www.alcateiatrekking.com.br\\\/blog\\\/\"]}]},{\"@type\":\"ImageObject\",\"inLanguage\":\"pt-BR\",\"@id\":\"https:\\\/\\\/www.alcateiatrekking.com.br\\\/blog\\\/#primaryimage\",\"url\":\"https:\\\/\\\/www.alcateiatrekking.com.br\\\/wp-content\\\/uploads\\\/2023\\\/12\\\/dica_primeira_trilha-450x231.webp\",\"contentUrl\":\"https:\\\/\\\/www.alcateiatrekking.com.br\\\/wp-content\\\/uploads\\\/2023\\\/12\\\/dica_primeira_trilha-450x231.webp\"},{\"@type\":\"BreadcrumbList\",\"@id\":\"https:\\\/\\\/www.alcateiatrekking.com.br\\\/blog\\\/#breadcrumb\",\"itemListElement\":[{\"@type\":\"ListItem\",\"position\":1,\"name\":\"In\u00edcio\",\"item\":\"https:\\\/\\\/www.alcateiatrekking.com.br\\\/\"},{\"@type\":\"ListItem\",\"position\":2,\"name\":\"Blog\"}]},{\"@type\":\"WebSite\",\"@id\":\"https:\\\/\\\/www.alcateiatrekking.com.br\\\/#website\",\"url\":\"https:\\\/\\\/www.alcateiatrekking.com.br\\\/\",\"name\":\"Alcateia Trekking\",\"description\":\"Ecoturismo, Trilhas , Cachoeiras em BH \\\/ Minas Gerais\",\"publisher\":{\"@id\":\"https:\\\/\\\/www.alcateiatrekking.com.br\\\/#organization\"},\"alternateName\":\"Alcateia Trekking \\\/ Belo Horizonte\",\"potentialAction\":[{\"@type\":\"SearchAction\",\"target\":{\"@type\":\"EntryPoint\",\"urlTemplate\":\"https:\\\/\\\/www.alcateiatrekking.com.br\\\/?s={search_term_string}\"},\"query-input\":{\"@type\":\"PropertyValueSpecification\",\"valueRequired\":true,\"valueName\":\"search_term_string\"}}],\"inLanguage\":\"pt-BR\"},{\"@type\":\"Organization\",\"@id\":\"https:\\\/\\\/www.alcateiatrekking.com.br\\\/#organization\",\"name\":\"Alcateia Trekking\",\"url\":\"https:\\\/\\\/www.alcateiatrekking.com.br\\\/\",\"logo\":{\"@type\":\"ImageObject\",\"inLanguage\":\"pt-BR\",\"@id\":\"https:\\\/\\\/www.alcateiatrekking.com.br\\\/#\\\/schema\\\/logo\\\/image\\\/\",\"url\":\"https:\\\/\\\/www.alcateiatrekking.com.br\\\/wp-content\\\/uploads\\\/2023\\\/11\\\/logo-alcateia-trekking.svg\",\"contentUrl\":\"https:\\\/\\\/www.alcateiatrekking.com.br\\\/wp-content\\\/uploads\\\/2023\\\/11\\\/logo-alcateia-trekking.svg\",\"width\":623,\"height\":504,\"caption\":\"Alcateia Trekking\"},\"image\":{\"@id\":\"https:\\\/\\\/www.alcateiatrekking.com.br\\\/#\\\/schema\\\/logo\\\/image\\\/\"},\"sameAs\":[\"https:\\\/\\\/www.instagram.com\\\/alcateia_trekking\\\/\"]}]}<\/script>\n<!-- \/ Yoast SEO plugin. -->","yoast_head_json":{"title":"Blog &#187; Alcateia Trekking &#187; Ecoturismo, Trilhas , Cachoeiras em BH \/ Minas Gerais","description":"05dez5 de dezembro de 2023 3 dicas especiais que voc\u00ea precisa saber na sua 1\u00ba Trilha Descubra o Mundo das Trilhas! ?\u200d\u2642\ufe0f? Supere Seus Medos e explore a &#187; Ecoturismo, Trilhas , Cachoeiras em BH \/ Minas Gerais","robots":{"index":"index","follow":"follow","max-snippet":"max-snippet:-1","max-image-preview":"max-image-preview:large","max-video-preview":"max-video-preview:-1"},"canonical":"https:\/\/www.alcateiatrekking.com.br\/blog\/","og_locale":"pt_BR","og_type":"article","og_title":"Blog &#187; Alcateia Trekking &#187; Ecoturismo, Trilhas , Cachoeiras em BH \/ Minas Gerais","og_description":"05dez5 de dezembro de 2023 3 dicas especiais que voc\u00ea precisa saber na sua 1\u00ba Trilha Descubra o Mundo das Trilhas! ?\u200d\u2642\ufe0f? Supere Seus Medos e explore a &#187; Ecoturismo, Trilhas , Cachoeiras em BH \/ Minas Gerais","og_url":"https:\/\/www.alcateiatrekking.com.br\/blog\/","og_site_name":"Alcateia Trekking","article_modified_time":"2025-01-11T12:06:04+00:00","og_image":[{"url":"https:\/\/www.alcateiatrekking.com.br\/wp-content\/uploads\/2023\/12\/dica_primeira_trilha-450x231.webp","type":"","width":"","height":""}],"twitter_card":"summary_large_image","twitter_misc":{"Est. tempo de leitura":"2 minutos"},"schema":{"@context":"https:\/\/schema.org","@graph":[{"@type":"WebPage","@id":"https:\/\/www.alcateiatrekking.com.br\/blog\/","url":"https:\/\/www.alcateiatrekking.com.br\/blog\/","name":"Blog &#187; Alcateia Trekking &#187; Ecoturismo, Trilhas , Cachoeiras em BH \/ Minas Gerais","isPartOf":{"@id":"https:\/\/www.alcateiatrekking.com.br\/#website"},"primaryImageOfPage":{"@id":"https:\/\/www.alcateiatrekking.com.br\/blog\/#primaryimage"},"image":{"@id":"https:\/\/www.alcateiatrekking.com.br\/blog\/#primaryimage"},"thumbnailUrl":"https:\/\/www.alcateiatrekking.com.br\/wp-content\/uploads\/2023\/12\/dica_primeira_trilha-450x231.webp","datePublished":"2020-04-18T03:40:43+00:00","dateModified":"2025-01-11T12:06:04+00:00","description":"05dez5 de dezembro de 2023 3 dicas especiais que voc\u00ea precisa saber na sua 1\u00ba Trilha Descubra o Mundo das Trilhas! ?\u200d\u2642\ufe0f? Supere Seus Medos e explore a &#187; Ecoturismo, Trilhas , Cachoeiras em BH \/ Minas Gerais","breadcrumb":{"@id":"https:\/\/www.alcateiatrekking.com.br\/blog\/#breadcrumb"},"inLanguage":"pt-BR","potentialAction":[{"@type":"ReadAction","target":["https:\/\/www.alcateiatrekking.com.br\/blog\/"]}]},{"@type":"ImageObject","inLanguage":"pt-BR","@id":"https:\/\/www.alcateiatrekking.com.br\/blog\/#primaryimage","url":"https:\/\/www.alcateiatrekking.com.br\/wp-content\/uploads\/2023\/12\/dica_primeira_trilha-450x231.webp","contentUrl":"https:\/\/www.alcateiatrekking.com.br\/wp-content\/uploads\/2023\/12\/dica_primeira_trilha-450x231.webp"},{"@type":"BreadcrumbList","@id":"https:\/\/www.alcateiatrekking.com.br\/blog\/#breadcrumb","itemListElement":[{"@type":"ListItem","position":1,"name":"In\u00edcio","item":"https:\/\/www.alcateiatrekking.com.br\/"},{"@type":"ListItem","position":2,"name":"Blog"}]},{"@type":"WebSite","@id":"https:\/\/www.alcateiatrekking.com.br\/#website","url":"https:\/\/www.alcateiatrekking.com.br\/","name":"Alcateia Trekking","description":"Ecoturismo, Trilhas , Cachoeiras em BH \/ Minas Gerais","publisher":{"@id":"https:\/\/www.alcateiatrekking.com.br\/#organization"},"alternateName":"Alcateia Trekking \/ Belo Horizonte","potentialAction":[{"@type":"SearchAction","target":{"@type":"EntryPoint","urlTemplate":"https:\/\/www.alcateiatrekking.com.br\/?s={search_term_string}"},"query-input":{"@type":"PropertyValueSpecification","valueRequired":true,"valueName":"search_term_string"}}],"inLanguage":"pt-BR"},{"@type":"Organization","@id":"https:\/\/www.alcateiatrekking.com.br\/#organization","name":"Alcateia Trekking","url":"https:\/\/www.alcateiatrekking.com.br\/","logo":{"@type":"ImageObject","inLanguage":"pt-BR","@id":"https:\/\/www.alcateiatrekking.com.br\/#\/schema\/logo\/image\/","url":"https:\/\/www.alcateiatrekking.com.br\/wp-content\/uploads\/2023\/11\/logo-alcateia-trekking.svg","contentUrl":"https:\/\/www.alcateiatrekking.com.br\/wp-content\/uploads\/2023\/11\/logo-alcateia-trekking.svg","width":623,"height":504,"caption":"Alcateia Trekking"},"image":{"@id":"https:\/\/www.alcateiatrekking.com.br\/#\/schema\/logo\/image\/"},"sameAs":["https:\/\/www.instagram.com\/alcateia_trekking\/"]}]}},"_links":{"self":[{"href":"https:\/\/www.alcateiatrekking.com.br\/wp-projeto-api\/wp\/v2\/pages\/11","targetHints":{"allow":["GET"]}}],"collection":[{"href":"https:\/\/www.alcateiatrekking.com.br\/wp-projeto-api\/wp\/v2\/pages"}],"about":[{"href":"https:\/\/www.alcateiatrekking.com.br\/wp-projeto-api\/wp\/v2\/types\/page"}],"author":[{"embeddable":true,"href":"https:\/\/www.alcateiatrekking.com.br\/wp-projeto-api\/wp\/v2\/users\/32"}],"replies":[{"embeddable":true,"href":"https:\/\/www.alcateiatrekking.com.br\/wp-projeto-api\/wp\/v2\/comments?post=11"}],"version-history":[{"count":1,"href":"https:\/\/www.alcateiatrekking.com.br\/wp-projeto-api\/wp\/v2\/pages\/11\/revisions"}],"predecessor-version":[{"id":10778,"href":"https:\/\/www.alcateiatrekking.com.br\/wp-projeto-api\/wp\/v2\/pages\/11\/revisions\/10778"}],"wp:attachment":[{"href":"https:\/\/www.alcateiatrekking.com.br\/wp-projeto-api\/wp\/v2\/media?parent=11"}],"curies":[{"name":"wp","href":"https:\/\/api.w.org\/{rel}","templated":true}]}}